{"id":2328,"date":"2026-04-08T10:47:56","date_gmt":"2026-04-08T10:47:56","guid":{"rendered":"https:\/\/bomuldsfabriken.no\/?post_type=arrangement&#038;p=2328"},"modified":"2026-04-08T10:49:26","modified_gmt":"2026-04-08T10:49:26","slug":"kunstklubbens-varutstilling","status":"publish","type":"arrangement","link":"https:\/\/bomuldsfabriken.no\/en\/arrangement\/kunstklubbens-varutstilling\/","title":{"rendered":"Kunstklubbens v\u00e5rutstilling"},"content":{"rendered":"<p>Bomuldsfabriken Kunstklubb er et gratis tilbud for de som g\u00e5r i 5.\u20137. trinn i Arendal. Hver torsdag mellom kl. 16:30\u201318:00 m\u00f8tes vi i v\u00e5rt kunstverksted. Her jobber vi med ulike, kreative prosjekter under veiledning fra b\u00e5de v\u00e5rt formidlingsteam og innleide, profesjonelle kunstnere. Vi ser p\u00e5 kunst og snakker om kunst, b\u00e5de i kunsthallens skiftende utstillinger og i den faste samlingen p\u00e5 Bomuldsfabriken.<\/p>\n\n\n\n<p><strong>Torsdag 16. april vil vi presentere et utvalg av det vi har laget gjennom \u00e5ret som har g\u00e5tt. Det blir avslutningsseremoni og enkel bevertning, og vi \u00f8nsker sm\u00e5 og store hjertelig velkommen!<\/strong><\/p>\n\n\n\n<p>Bomuldsfabriken Kunsthall er utrolig glad og stolt over \u00e5 ha en egen kunstklubb for barn og unge! Bomuldsfabriken Kunstklubb er gjort mulig med midler fra Arendal kommunes \u00f8kte satsning p\u00e5 barn og unge.<\/p>\n\n\n\n<p>Ps. Opptak for nye deltakere skjer hver h\u00f8st. Utlysning av p\u00e5melding kommer i juni m\u00e5ned, og svar kan forventes i l\u00f8pet av august. Deltakelsen varer b\u00e5de for h\u00f8sten og den p\u00e5f\u00f8lgende v\u00e5ren (september\u2013april).\u00a0 Utlysning legges ut p\u00e5 v\u00e5r hjemmeside og SoMe. Vil du ha beskjed n\u00e5r utlysningen for neste \u00e5r offentliggj\u00f8res?\u00a0<a href=\"https:\/\/bomuldsfabriken.no\/en\/nyhetsbrev\/\">Meld deg p\u00e5 v\u00e5rt nyhetsbrev.<\/a><\/p>","protected":false},"featured_media":2329,"template":"","meta":{"_acf_changed":true},"class_list":["post-2328","arrangement","type-arrangement","status-publish","has-post-thumbnail","hentry"],"acf":[],"yoast_head":"<!-- This site is optimized with the Yoast SEO plugin v27.5 - https:\/\/yoast.com\/product\/yoast-seo-wordpress\/ -->\n<title>Kunstklubbens v\u00e5rutstilling - Bomuldsfabriken<\/title>\n<meta name=\"robots\" content=\"index, follow, max-snippet:-1, max-image-preview:large, max-video-preview:-1\" \/>\n<link rel=\"canonical\" href=\"https:\/\/bomuldsfabriken.no\/en\/arrangement\/kunstklubbens-varutstilling\/\" \/>\n<meta property=\"og:locale\" content=\"en_GB\" \/>\n<meta property=\"og:type\" content=\"article\" \/>\n<meta property=\"og:title\" content=\"Kunstklubbens v\u00e5rutstilling - Bomuldsfabriken\" \/>\n<meta property=\"og:description\" content=\"Bomuldsfabriken Kunstklubb er et gratis tilbud for de som g\u00e5r i 5.\u20137. trinn i Arendal. Hver torsdag mellom kl. 16:30\u201318:00 m\u00f8tes vi i v\u00e5rt kunstverksted.\" \/>\n<meta property=\"og:url\" content=\"https:\/\/bomuldsfabriken.no\/en\/arrangement\/kunstklubbens-varutstilling\/\" \/>\n<meta property=\"og:site_name\" content=\"Bomuldsfabriken\" \/>\n<meta property=\"article:publisher\" content=\"https:\/\/www.facebook.com\/Bomuldsfabriken\/\" \/>\n<meta property=\"article:modified_time\" content=\"2026-04-08T10:49:26+00:00\" \/>\n<meta property=\"og:image\" content=\"https:\/\/bomuldsfabriken.no\/wp-content\/uploads\/2026\/04\/Banner-utstilling-Kunstklubben-2026-2000x1250-px.jpg\" \/>\n\t<meta property=\"og:image:width\" content=\"2000\" \/>\n\t<meta property=\"og:image:height\" content=\"1250\" \/>\n\t<meta property=\"og:image:type\" content=\"image\/jpeg\" \/>\n<meta name=\"twitter:card\" content=\"summary_large_image\" \/>\n<meta name=\"twitter:site\" content=\"@bomuldsfabriken\" \/>\n<meta name=\"twitter:label1\" content=\"Estimated reading time\" \/>\n\t<meta name=\"twitter:data1\" content=\"2 minutes\" \/>\n<script type=\"application\/ld+json\" class=\"yoast-schema-graph\">{\"@context\":\"https:\\\/\\\/schema.org\",\"@graph\":[{\"@type\":\"WebPage\",\"@id\":\"https:\\\/\\\/bomuldsfabriken.no\\\/arrangement\\\/kunstklubbens-varutstilling\\\/\",\"url\":\"https:\\\/\\\/bomuldsfabriken.no\\\/arrangement\\\/kunstklubbens-varutstilling\\\/\",\"name\":\"Kunstklubbens v\u00e5rutstilling - Bomuldsfabriken\",\"isPartOf\":{\"@id\":\"https:\\\/\\\/bomuldsfabriken.no\\\/#website\"},\"primaryImageOfPage\":{\"@id\":\"https:\\\/\\\/bomuldsfabriken.no\\\/arrangement\\\/kunstklubbens-varutstilling\\\/#primaryimage\"},\"image\":{\"@id\":\"https:\\\/\\\/bomuldsfabriken.no\\\/arrangement\\\/kunstklubbens-varutstilling\\\/#primaryimage\"},\"thumbnailUrl\":\"https:\\\/\\\/bomuldsfabriken.no\\\/wp-content\\\/uploads\\\/2026\\\/04\\\/Banner-utstilling-Kunstklubben-2026-2000x1250-px.jpg\",\"datePublished\":\"2026-04-08T10:47:56+00:00\",\"dateModified\":\"2026-04-08T10:49:26+00:00\",\"breadcrumb\":{\"@id\":\"https:\\\/\\\/bomuldsfabriken.no\\\/arrangement\\\/kunstklubbens-varutstilling\\\/#breadcrumb\"},\"inLanguage\":\"en-GB\",\"potentialAction\":[{\"@type\":\"ReadAction\",\"target\":[\"https:\\\/\\\/bomuldsfabriken.no\\\/arrangement\\\/kunstklubbens-varutstilling\\\/\"]}]},{\"@type\":\"ImageObject\",\"inLanguage\":\"en-GB\",\"@id\":\"https:\\\/\\\/bomuldsfabriken.no\\\/arrangement\\\/kunstklubbens-varutstilling\\\/#primaryimage\",\"url\":\"https:\\\/\\\/bomuldsfabriken.no\\\/wp-content\\\/uploads\\\/2026\\\/04\\\/Banner-utstilling-Kunstklubben-2026-2000x1250-px.jpg\",\"contentUrl\":\"https:\\\/\\\/bomuldsfabriken.no\\\/wp-content\\\/uploads\\\/2026\\\/04\\\/Banner-utstilling-Kunstklubben-2026-2000x1250-px.jpg\",\"width\":2000,\"height\":1250},{\"@type\":\"BreadcrumbList\",\"@id\":\"https:\\\/\\\/bomuldsfabriken.no\\\/arrangement\\\/kunstklubbens-varutstilling\\\/#breadcrumb\",\"itemListElement\":[{\"@type\":\"ListItem\",\"position\":1,\"name\":\"Home\",\"item\":\"https:\\\/\\\/bomuldsfabriken.no\\\/\"},{\"@type\":\"ListItem\",\"position\":2,\"name\":\"Kunstklubbens v\u00e5rutstilling\"}]},{\"@type\":\"WebSite\",\"@id\":\"https:\\\/\\\/bomuldsfabriken.no\\\/#website\",\"url\":\"https:\\\/\\\/bomuldsfabriken.no\\\/\",\"name\":\"Bomuldsfabriken\",\"description\":\"Kunsthallen i Arendal \u2013 Bomuldsfabriken\",\"publisher\":{\"@id\":\"https:\\\/\\\/bomuldsfabriken.no\\\/#organization\"},\"potentialAction\":[{\"@type\":\"SearchAction\",\"target\":{\"@type\":\"EntryPoint\",\"urlTemplate\":\"https:\\\/\\\/bomuldsfabriken.no\\\/?s={search_term_string}\"},\"query-input\":{\"@type\":\"PropertyValueSpecification\",\"valueRequired\":true,\"valueName\":\"search_term_string\"}}],\"inLanguage\":\"en-GB\"},{\"@type\":\"Organization\",\"@id\":\"https:\\\/\\\/bomuldsfabriken.no\\\/#organization\",\"name\":\"Bomuldsfabriken\",\"url\":\"https:\\\/\\\/bomuldsfabriken.no\\\/\",\"logo\":{\"@type\":\"ImageObject\",\"inLanguage\":\"en-GB\",\"@id\":\"https:\\\/\\\/bomuldsfabriken.no\\\/#\\\/schema\\\/logo\\\/image\\\/\",\"url\":\"https:\\\/\\\/bomuldsfabriken.no\\\/wp-content\\\/uploads\\\/2025\\\/06\\\/bomlog.svg\",\"contentUrl\":\"https:\\\/\\\/bomuldsfabriken.no\\\/wp-content\\\/uploads\\\/2025\\\/06\\\/bomlog.svg\",\"caption\":\"Bomuldsfabriken\"},\"image\":{\"@id\":\"https:\\\/\\\/bomuldsfabriken.no\\\/#\\\/schema\\\/logo\\\/image\\\/\"},\"sameAs\":[\"https:\\\/\\\/www.facebook.com\\\/Bomuldsfabriken\\\/\",\"https:\\\/\\\/x.com\\\/bomuldsfabriken\",\"https:\\\/\\\/www.instagram.com\\\/bomuldsfabriken\"]}]}<\/script>\n<!-- \/ Yoast SEO plugin. -->","yoast_head_json":{"title":"Kunstklubbens v\u00e5rutstilling - Bomuldsfabriken","robots":{"index":"index","follow":"follow","max-snippet":"max-snippet:-1","max-image-preview":"max-image-preview:large","max-video-preview":"max-video-preview:-1"},"canonical":"https:\/\/bomuldsfabriken.no\/en\/arrangement\/kunstklubbens-varutstilling\/","og_locale":"en_GB","og_type":"article","og_title":"Kunstklubbens v\u00e5rutstilling - Bomuldsfabriken","og_description":"Bomuldsfabriken Kunstklubb er et gratis tilbud for de som g\u00e5r i 5.\u20137. trinn i Arendal. Hver torsdag mellom kl. 16:30\u201318:00 m\u00f8tes vi i v\u00e5rt kunstverksted.","og_url":"https:\/\/bomuldsfabriken.no\/en\/arrangement\/kunstklubbens-varutstilling\/","og_site_name":"Bomuldsfabriken","article_publisher":"https:\/\/www.facebook.com\/Bomuldsfabriken\/","article_modified_time":"2026-04-08T10:49:26+00:00","og_image":[{"width":2000,"height":1250,"url":"https:\/\/bomuldsfabriken.no\/wp-content\/uploads\/2026\/04\/Banner-utstilling-Kunstklubben-2026-2000x1250-px.jpg","type":"image\/jpeg"}],"twitter_card":"summary_large_image","twitter_site":"@bomuldsfabriken","twitter_misc":{"Estimated reading time":"2 minutes"},"schema":{"@context":"https:\/\/schema.org","@graph":[{"@type":"WebPage","@id":"https:\/\/bomuldsfabriken.no\/arrangement\/kunstklubbens-varutstilling\/","url":"https:\/\/bomuldsfabriken.no\/arrangement\/kunstklubbens-varutstilling\/","name":"Kunstklubbens v\u00e5rutstilling - Bomuldsfabriken","isPartOf":{"@id":"https:\/\/bomuldsfabriken.no\/#website"},"primaryImageOfPage":{"@id":"https:\/\/bomuldsfabriken.no\/arrangement\/kunstklubbens-varutstilling\/#primaryimage"},"image":{"@id":"https:\/\/bomuldsfabriken.no\/arrangement\/kunstklubbens-varutstilling\/#primaryimage"},"thumbnailUrl":"https:\/\/bomuldsfabriken.no\/wp-content\/uploads\/2026\/04\/Banner-utstilling-Kunstklubben-2026-2000x1250-px.jpg","datePublished":"2026-04-08T10:47:56+00:00","dateModified":"2026-04-08T10:49:26+00:00","breadcrumb":{"@id":"https:\/\/bomuldsfabriken.no\/arrangement\/kunstklubbens-varutstilling\/#breadcrumb"},"inLanguage":"en-GB","potentialAction":[{"@type":"ReadAction","target":["https:\/\/bomuldsfabriken.no\/arrangement\/kunstklubbens-varutstilling\/"]}]},{"@type":"ImageObject","inLanguage":"en-GB","@id":"https:\/\/bomuldsfabriken.no\/arrangement\/kunstklubbens-varutstilling\/#primaryimage","url":"https:\/\/bomuldsfabriken.no\/wp-content\/uploads\/2026\/04\/Banner-utstilling-Kunstklubben-2026-2000x1250-px.jpg","contentUrl":"https:\/\/bomuldsfabriken.no\/wp-content\/uploads\/2026\/04\/Banner-utstilling-Kunstklubben-2026-2000x1250-px.jpg","width":2000,"height":1250},{"@type":"BreadcrumbList","@id":"https:\/\/bomuldsfabriken.no\/arrangement\/kunstklubbens-varutstilling\/#breadcrumb","itemListElement":[{"@type":"ListItem","position":1,"name":"Home","item":"https:\/\/bomuldsfabriken.no\/"},{"@type":"ListItem","position":2,"name":"Kunstklubbens v\u00e5rutstilling"}]},{"@type":"WebSite","@id":"https:\/\/bomuldsfabriken.no\/#website","url":"https:\/\/bomuldsfabriken.no\/","name":"Bomuldsfabriken","description":"Kunsthallen i Arendal \u2013 Bomuldsfabriken","publisher":{"@id":"https:\/\/bomuldsfabriken.no\/#organization"},"potentialAction":[{"@type":"SearchAction","target":{"@type":"EntryPoint","urlTemplate":"https:\/\/bomuldsfabriken.no\/?s={search_term_string}"},"query-input":{"@type":"PropertyValueSpecification","valueRequired":true,"valueName":"search_term_string"}}],"inLanguage":"en-GB"},{"@type":"Organization","@id":"https:\/\/bomuldsfabriken.no\/#organization","name":"Bomuldsfabriken","url":"https:\/\/bomuldsfabriken.no\/","logo":{"@type":"ImageObject","inLanguage":"en-GB","@id":"https:\/\/bomuldsfabriken.no\/#\/schema\/logo\/image\/","url":"https:\/\/bomuldsfabriken.no\/wp-content\/uploads\/2025\/06\/bomlog.svg","contentUrl":"https:\/\/bomuldsfabriken.no\/wp-content\/uploads\/2025\/06\/bomlog.svg","caption":"Bomuldsfabriken"},"image":{"@id":"https:\/\/bomuldsfabriken.no\/#\/schema\/logo\/image\/"},"sameAs":["https:\/\/www.facebook.com\/Bomuldsfabriken\/","https:\/\/x.com\/bomuldsfabriken","https:\/\/www.instagram.com\/bomuldsfabriken"]}]}},"_links":{"self":[{"href":"https:\/\/bomuldsfabriken.no\/en\/wp-json\/wp\/v2\/arrangement\/2328","targetHints":{"allow":["GET"]}}],"collection":[{"href":"https:\/\/bomuldsfabriken.no\/en\/wp-json\/wp\/v2\/arrangement"}],"about":[{"href":"https:\/\/bomuldsfabriken.no\/en\/wp-json\/wp\/v2\/types\/arrangement"}],"wp:featuredmedia":[{"embeddable":true,"href":"https:\/\/bomuldsfabriken.no\/en\/wp-json\/wp\/v2\/media\/2329"}],"wp:attachment":[{"href":"https:\/\/bomuldsfabriken.no\/en\/wp-json\/wp\/v2\/media?parent=2328"}],"curies":[{"name":"wp","href":"https:\/\/api.w.org\/{rel}","templated":true}]}}