{"id":451,"date":"2025-03-07T10:13:30","date_gmt":"2025-03-07T10:13:30","guid":{"rendered":"http:\/\/bomuldification.test\/kunst\/kunstnersamtale-yttredal-og-gali\/"},"modified":"2025-07-04T09:47:02","modified_gmt":"2025-07-04T09:47:02","slug":"kunstnersamtale-yttredal-og-gali","status":"publish","type":"arrangement","link":"https:\/\/bomuldsfabriken.no\/en\/arrangement\/kunstnersamtale-yttredal-og-gali\/","title":{"rendered":"Kunstnersamtale: Yttredal og Gali \u2013 13. mar."},"content":{"rendered":"<p>Velkommen til kunstnersamtale mellom Calina Pandele Yttredal og Andr\u00e9 Gali om utstillingen <em>V\u00e5kne opp til en ny verden<\/em>.<\/p>\n<p><strong>Sted:<\/strong> Bomuldsfabriken Kunsthall, 3. etasje<br \/>\n<strong>Dato:<\/strong> 13. mars, kl. 18:00\u201319:00<br \/>\n<em>Arrangementet er gratis og \u00e5pnet for alle.<br \/>\nBaren \u00e5pner kl. 17:30.<\/em><\/p>\n<p>Calina Pandele Yttredal og Andr\u00e9 Gali har hatt en p\u00e5g\u00e5ende dialog om Yttredals kunst siden Gali ble invitert til \u00e5 kuraterer hennes utstilling <em>I verden<\/em> p\u00e5 Galleri R\u00f8ed Jel\u00f8y, h\u00f8sten 2021. S\u00e6rlig har samtalen dreid seg om hvordan Yttredal uttrykker utfordringer og problemstillinger knyttet til naturen og klimakrisen, samt de ulike teknikkene og mediene Yttredal benytter seg av. I samtalen p\u00e5 Bomuldsfabriken vil de diskutere noen store linjer i Yttredals kunstnerskap, installasjoner i offentlig rom, ber\u00f8re temaer som farge, lys, natur, mytologi og historie, samt det lokale mot det globale \u2013 menneskets eksistensielle utfordringer knyttet til en virkelighet i rask endring, st\u00e5r sentralt.<\/p>\n<p>Utstillingen <em>V\u00e5kne opp til en ny verden<\/em> vises i Bomuldsfabrikens 3. etg. Rommet og utstillingskonseptet er tilknyttet Kunstarena Torbj\u00f8rnsbu gruver.<\/p>\n<figure><\/figure>\n<p><strong>Calina Pandele Yttredals <\/strong>kunstnerskap spenner over et vidt spekter av teknikker og medier, og hun har en omfattende produksjon innen tegning, maleri, grafikk, skulptur, installasjoner og offentlige utsmykkinger. Hun har oppn\u00e5dd nasjonal og internasjonal annerkjennelse for sine arbeider, med utstillinger i Kunstnerforbundet, Tegneforbundet, RAM Galleri, Kunsthall Oslo, KH\u00c5K Kunsthall, Galleri Brandstrup, Kunstmuseet Kube. Hun har ogs\u00e5 hatt visninger blant annet i New York, Paris, Rio de Janeiro, Osaka, Helsinki.\u00a0Yttredal har mottat Kultur-og n\u00e6ringprisen, og er representert i flere offentlige og private samlinger, som Dronning Sonjas kunstsamling, Museet for samtidskunst Bucuresti, Romania (MNAC) og Petter Olsens samling. Hun er ogs\u00e5 faglitter\u00e6r forfatter, med en rekke utgivelser bak seg, blant annet p\u00e5 Gyldendal forlag og Fagbokforlaget, benyttet blant annet som pensum i \u00a0h\u00f8gskolesektoren.<\/p>\n<p><strong>Andr\u00e9 Gali <\/strong>er kurator formidling i KORO. F\u00f8r det jobbet han i Oslo kommunes kunstsamling (2021-2023) og Oslobiennalen (2020-2021). Han har jobbet som ansvarlig for publikasjoner og teoriutvikling i Norwegian Crafts (2010-2020) og var medstifter og ansvarlig redakt\u00f8r for Kunstforum (2009-2015). Gali har bidratt til en rekke publikasjoner om kunsth\u00e5ndverk, samtidskunst og kunst i offentlig rom. Han har bidratt som kritiker til tidsskrifter som Art Agenda, The Journal of Modern Craft, Art Jewelry Forum, Kunstkritikk og Kunsth\u00e5ndverk. I 2020 kuraterte han sammen med Bj\u00f8rn Hatterud kunstprosjektet <em>Nordnorsk L\u00e6rdom<\/em> p\u00e5 Institutt for L\u00e6rerutdanning og Pedagogikk (ILP) p\u00e5 Universitetet i Troms\u00f8, p\u00e5 oppdrag for KORO. Gali har en mastergrad i teatervitenskap fra Universitetet i Oslo (2006). Han er styremedlem i Contemporary Art Stavanger og RAM Galleri og sitter i redaksjonsr\u00e5det i tidsskriftet Kunsth\u00e5ndverk.<\/p>","protected":false},"featured_media":61,"template":"","meta":{"_acf_changed":true},"class_list":["post-451","arrangement","type-arrangement","status-publish","has-post-thumbnail","hentry"],"acf":[],"yoast_head":"<!-- This site is optimized with the Yoast SEO plugin v27.5 - https:\/\/yoast.com\/product\/yoast-seo-wordpress\/ -->\n<title>Kunstnersamtale: Yttredal og Gali \u2013 13. mar. - Bomuldsfabriken<\/title>\n<meta name=\"robots\" content=\"index, follow, max-snippet:-1, max-image-preview:large, max-video-preview:-1\" \/>\n<link rel=\"canonical\" href=\"https:\/\/bomuldsfabriken.no\/en\/arrangement\/kunstnersamtale-yttredal-og-gali\/\" \/>\n<meta property=\"og:locale\" content=\"en_GB\" \/>\n<meta property=\"og:type\" content=\"article\" \/>\n<meta property=\"og:title\" content=\"Kunstnersamtale: Yttredal og Gali \u2013 13. mar. - Bomuldsfabriken\" \/>\n<meta property=\"og:description\" content=\"Velkommen til kunstnersamtale mellom Calina Pandele Yttredal og Andr\u00e9 Gali om utstillingen V\u00e5kne opp til en ny verden. Sted: Bomuldsfabriken Kunsthall, 3. etasje Dato: 13.\" \/>\n<meta property=\"og:url\" content=\"https:\/\/bomuldsfabriken.no\/en\/arrangement\/kunstnersamtale-yttredal-og-gali\/\" \/>\n<meta property=\"og:site_name\" content=\"Bomuldsfabriken\" \/>\n<meta property=\"article:publisher\" content=\"https:\/\/www.facebook.com\/Bomuldsfabriken\/\" \/>\n<meta property=\"article:modified_time\" content=\"2025-07-04T09:47:02+00:00\" \/>\n<meta property=\"og:image\" content=\"https:\/\/bomuldsfabriken.no\/wp-content\/uploads\/2025\/06\/IMG_4373-hjemmeside-kunstnersamtale-Calina-1920x1080-1.jpg\" \/>\n\t<meta property=\"og:image:width\" content=\"1920\" \/>\n\t<meta property=\"og:image:height\" content=\"1080\" \/>\n\t<meta property=\"og:image:type\" content=\"image\/jpeg\" \/>\n<meta name=\"twitter:card\" content=\"summary_large_image\" \/>\n<meta name=\"twitter:site\" content=\"@bomuldsfabriken\" \/>\n<meta name=\"twitter:label1\" content=\"Estimated reading time\" \/>\n\t<meta name=\"twitter:data1\" content=\"2 minutes\" \/>\n<script type=\"application\/ld+json\" class=\"yoast-schema-graph\">{\"@context\":\"https:\\\/\\\/schema.org\",\"@graph\":[{\"@type\":\"WebPage\",\"@id\":\"https:\\\/\\\/bomuldsfabriken.no\\\/arrangement\\\/kunstnersamtale-yttredal-og-gali\\\/\",\"url\":\"https:\\\/\\\/bomuldsfabriken.no\\\/arrangement\\\/kunstnersamtale-yttredal-og-gali\\\/\",\"name\":\"Kunstnersamtale: Yttredal og Gali \u2013 13. mar. - Bomuldsfabriken\",\"isPartOf\":{\"@id\":\"https:\\\/\\\/bomuldsfabriken.no\\\/#website\"},\"primaryImageOfPage\":{\"@id\":\"https:\\\/\\\/bomuldsfabriken.no\\\/arrangement\\\/kunstnersamtale-yttredal-og-gali\\\/#primaryimage\"},\"image\":{\"@id\":\"https:\\\/\\\/bomuldsfabriken.no\\\/arrangement\\\/kunstnersamtale-yttredal-og-gali\\\/#primaryimage\"},\"thumbnailUrl\":\"https:\\\/\\\/bomuldsfabriken.no\\\/wp-content\\\/uploads\\\/2025\\\/06\\\/IMG_4373-hjemmeside-kunstnersamtale-Calina-1920x1080-1.jpg\",\"datePublished\":\"2025-03-07T10:13:30+00:00\",\"dateModified\":\"2025-07-04T09:47:02+00:00\",\"breadcrumb\":{\"@id\":\"https:\\\/\\\/bomuldsfabriken.no\\\/arrangement\\\/kunstnersamtale-yttredal-og-gali\\\/#breadcrumb\"},\"inLanguage\":\"en-GB\",\"potentialAction\":[{\"@type\":\"ReadAction\",\"target\":[\"https:\\\/\\\/bomuldsfabriken.no\\\/arrangement\\\/kunstnersamtale-yttredal-og-gali\\\/\"]}]},{\"@type\":\"ImageObject\",\"inLanguage\":\"en-GB\",\"@id\":\"https:\\\/\\\/bomuldsfabriken.no\\\/arrangement\\\/kunstnersamtale-yttredal-og-gali\\\/#primaryimage\",\"url\":\"https:\\\/\\\/bomuldsfabriken.no\\\/wp-content\\\/uploads\\\/2025\\\/06\\\/IMG_4373-hjemmeside-kunstnersamtale-Calina-1920x1080-1.jpg\",\"contentUrl\":\"https:\\\/\\\/bomuldsfabriken.no\\\/wp-content\\\/uploads\\\/2025\\\/06\\\/IMG_4373-hjemmeside-kunstnersamtale-Calina-1920x1080-1.jpg\",\"width\":1920,\"height\":1080},{\"@type\":\"BreadcrumbList\",\"@id\":\"https:\\\/\\\/bomuldsfabriken.no\\\/arrangement\\\/kunstnersamtale-yttredal-og-gali\\\/#breadcrumb\",\"itemListElement\":[{\"@type\":\"ListItem\",\"position\":1,\"name\":\"Home\",\"item\":\"https:\\\/\\\/bomuldsfabriken.no\\\/\"},{\"@type\":\"ListItem\",\"position\":2,\"name\":\"Kunstnersamtale: Yttredal og Gali \u2013 13. mar.\"}]},{\"@type\":\"WebSite\",\"@id\":\"https:\\\/\\\/bomuldsfabriken.no\\\/#website\",\"url\":\"https:\\\/\\\/bomuldsfabriken.no\\\/\",\"name\":\"Bomuldsfabriken\",\"description\":\"Kunsthallen i Arendal \u2013 Bomuldsfabriken\",\"publisher\":{\"@id\":\"https:\\\/\\\/bomuldsfabriken.no\\\/#organization\"},\"potentialAction\":[{\"@type\":\"SearchAction\",\"target\":{\"@type\":\"EntryPoint\",\"urlTemplate\":\"https:\\\/\\\/bomuldsfabriken.no\\\/?s={search_term_string}\"},\"query-input\":{\"@type\":\"PropertyValueSpecification\",\"valueRequired\":true,\"valueName\":\"search_term_string\"}}],\"inLanguage\":\"en-GB\"},{\"@type\":\"Organization\",\"@id\":\"https:\\\/\\\/bomuldsfabriken.no\\\/#organization\",\"name\":\"Bomuldsfabriken\",\"url\":\"https:\\\/\\\/bomuldsfabriken.no\\\/\",\"logo\":{\"@type\":\"ImageObject\",\"inLanguage\":\"en-GB\",\"@id\":\"https:\\\/\\\/bomuldsfabriken.no\\\/#\\\/schema\\\/logo\\\/image\\\/\",\"url\":\"https:\\\/\\\/bomuldsfabriken.no\\\/wp-content\\\/uploads\\\/2025\\\/06\\\/bomlog.svg\",\"contentUrl\":\"https:\\\/\\\/bomuldsfabriken.no\\\/wp-content\\\/uploads\\\/2025\\\/06\\\/bomlog.svg\",\"caption\":\"Bomuldsfabriken\"},\"image\":{\"@id\":\"https:\\\/\\\/bomuldsfabriken.no\\\/#\\\/schema\\\/logo\\\/image\\\/\"},\"sameAs\":[\"https:\\\/\\\/www.facebook.com\\\/Bomuldsfabriken\\\/\",\"https:\\\/\\\/x.com\\\/bomuldsfabriken\",\"https:\\\/\\\/www.instagram.com\\\/bomuldsfabriken\"]}]}<\/script>\n<!-- \/ Yoast SEO plugin. -->","yoast_head_json":{"title":"Kunstnersamtale: Yttredal og Gali \u2013 13. mar. - Bomuldsfabriken","robots":{"index":"index","follow":"follow","max-snippet":"max-snippet:-1","max-image-preview":"max-image-preview:large","max-video-preview":"max-video-preview:-1"},"canonical":"https:\/\/bomuldsfabriken.no\/en\/arrangement\/kunstnersamtale-yttredal-og-gali\/","og_locale":"en_GB","og_type":"article","og_title":"Kunstnersamtale: Yttredal og Gali \u2013 13. mar. - Bomuldsfabriken","og_description":"Velkommen til kunstnersamtale mellom Calina Pandele Yttredal og Andr\u00e9 Gali om utstillingen V\u00e5kne opp til en ny verden. Sted: Bomuldsfabriken Kunsthall, 3. etasje Dato: 13.","og_url":"https:\/\/bomuldsfabriken.no\/en\/arrangement\/kunstnersamtale-yttredal-og-gali\/","og_site_name":"Bomuldsfabriken","article_publisher":"https:\/\/www.facebook.com\/Bomuldsfabriken\/","article_modified_time":"2025-07-04T09:47:02+00:00","og_image":[{"width":1920,"height":1080,"url":"https:\/\/bomuldsfabriken.no\/wp-content\/uploads\/2025\/06\/IMG_4373-hjemmeside-kunstnersamtale-Calina-1920x1080-1.jpg","type":"image\/jpeg"}],"twitter_card":"summary_large_image","twitter_site":"@bomuldsfabriken","twitter_misc":{"Estimated reading time":"2 minutes"},"schema":{"@context":"https:\/\/schema.org","@graph":[{"@type":"WebPage","@id":"https:\/\/bomuldsfabriken.no\/arrangement\/kunstnersamtale-yttredal-og-gali\/","url":"https:\/\/bomuldsfabriken.no\/arrangement\/kunstnersamtale-yttredal-og-gali\/","name":"Kunstnersamtale: Yttredal og Gali \u2013 13. mar. - Bomuldsfabriken","isPartOf":{"@id":"https:\/\/bomuldsfabriken.no\/#website"},"primaryImageOfPage":{"@id":"https:\/\/bomuldsfabriken.no\/arrangement\/kunstnersamtale-yttredal-og-gali\/#primaryimage"},"image":{"@id":"https:\/\/bomuldsfabriken.no\/arrangement\/kunstnersamtale-yttredal-og-gali\/#primaryimage"},"thumbnailUrl":"https:\/\/bomuldsfabriken.no\/wp-content\/uploads\/2025\/06\/IMG_4373-hjemmeside-kunstnersamtale-Calina-1920x1080-1.jpg","datePublished":"2025-03-07T10:13:30+00:00","dateModified":"2025-07-04T09:47:02+00:00","breadcrumb":{"@id":"https:\/\/bomuldsfabriken.no\/arrangement\/kunstnersamtale-yttredal-og-gali\/#breadcrumb"},"inLanguage":"en-GB","potentialAction":[{"@type":"ReadAction","target":["https:\/\/bomuldsfabriken.no\/arrangement\/kunstnersamtale-yttredal-og-gali\/"]}]},{"@type":"ImageObject","inLanguage":"en-GB","@id":"https:\/\/bomuldsfabriken.no\/arrangement\/kunstnersamtale-yttredal-og-gali\/#primaryimage","url":"https:\/\/bomuldsfabriken.no\/wp-content\/uploads\/2025\/06\/IMG_4373-hjemmeside-kunstnersamtale-Calina-1920x1080-1.jpg","contentUrl":"https:\/\/bomuldsfabriken.no\/wp-content\/uploads\/2025\/06\/IMG_4373-hjemmeside-kunstnersamtale-Calina-1920x1080-1.jpg","width":1920,"height":1080},{"@type":"BreadcrumbList","@id":"https:\/\/bomuldsfabriken.no\/arrangement\/kunstnersamtale-yttredal-og-gali\/#breadcrumb","itemListElement":[{"@type":"ListItem","position":1,"name":"Home","item":"https:\/\/bomuldsfabriken.no\/"},{"@type":"ListItem","position":2,"name":"Kunstnersamtale: Yttredal og Gali \u2013 13. mar."}]},{"@type":"WebSite","@id":"https:\/\/bomuldsfabriken.no\/#website","url":"https:\/\/bomuldsfabriken.no\/","name":"Bomuldsfabriken","description":"Kunsthallen i Arendal \u2013 Bomuldsfabriken","publisher":{"@id":"https:\/\/bomuldsfabriken.no\/#organization"},"potentialAction":[{"@type":"SearchAction","target":{"@type":"EntryPoint","urlTemplate":"https:\/\/bomuldsfabriken.no\/?s={search_term_string}"},"query-input":{"@type":"PropertyValueSpecification","valueRequired":true,"valueName":"search_term_string"}}],"inLanguage":"en-GB"},{"@type":"Organization","@id":"https:\/\/bomuldsfabriken.no\/#organization","name":"Bomuldsfabriken","url":"https:\/\/bomuldsfabriken.no\/","logo":{"@type":"ImageObject","inLanguage":"en-GB","@id":"https:\/\/bomuldsfabriken.no\/#\/schema\/logo\/image\/","url":"https:\/\/bomuldsfabriken.no\/wp-content\/uploads\/2025\/06\/bomlog.svg","contentUrl":"https:\/\/bomuldsfabriken.no\/wp-content\/uploads\/2025\/06\/bomlog.svg","caption":"Bomuldsfabriken"},"image":{"@id":"https:\/\/bomuldsfabriken.no\/#\/schema\/logo\/image\/"},"sameAs":["https:\/\/www.facebook.com\/Bomuldsfabriken\/","https:\/\/x.com\/bomuldsfabriken","https:\/\/www.instagram.com\/bomuldsfabriken"]}]}},"_links":{"self":[{"href":"https:\/\/bomuldsfabriken.no\/en\/wp-json\/wp\/v2\/arrangement\/451","targetHints":{"allow":["GET"]}}],"collection":[{"href":"https:\/\/bomuldsfabriken.no\/en\/wp-json\/wp\/v2\/arrangement"}],"about":[{"href":"https:\/\/bomuldsfabriken.no\/en\/wp-json\/wp\/v2\/types\/arrangement"}],"wp:featuredmedia":[{"embeddable":true,"href":"https:\/\/bomuldsfabriken.no\/en\/wp-json\/wp\/v2\/media\/61"}],"wp:attachment":[{"href":"https:\/\/bomuldsfabriken.no\/en\/wp-json\/wp\/v2\/media?parent=451"}],"curies":[{"name":"wp","href":"https:\/\/api.w.org\/{rel}","templated":true}]}}