{"id":470,"date":"2024-09-02T14:01:30","date_gmt":"2024-09-02T14:01:30","guid":{"rendered":"http:\/\/bomuldification.test\/kunst\/kammerkonsert-prokofjev-dvorak\/"},"modified":"2025-06-26T18:42:52","modified_gmt":"2025-06-26T18:42:52","slug":"kammerkonsert-prokofjev-dvorak","status":"publish","type":"arrangement","link":"https:\/\/bomuldsfabriken.no\/en\/arrangement\/kammerkonsert-prokofjev-dvorak\/","title":{"rendered":"Kammerkonsert med Prokofjev og\u00a0Dvo\u0159\u00e1k: 13. okt."},"content":{"rendered":"<figure class=\"wp-block-image size-large\"><img loading=\"lazy\" decoding=\"async\" width=\"1280\" height=\"720\" src=\"https:\/\/bomuldsfabriken.no\/wp-content\/uploads\/2024\/09\/SoMe-KSOs-hjemmeside-kammermusikkserie-BF_3-1280x720.jpg\" alt=\"\" class=\"wp-image-5070\" srcset=\"https:\/\/bomuldsfabriken.no\/wp-content\/uploads\/2024\/09\/SoMe-KSOs-hjemmeside-kammermusikkserie-BF_3-1280x720.jpg 1280w, https:\/\/bomuldsfabriken.no\/wp-content\/uploads\/2024\/09\/SoMe-KSOs-hjemmeside-kammermusikkserie-BF_3-1024x576.jpg 1024w, https:\/\/bomuldsfabriken.no\/wp-content\/uploads\/2024\/09\/SoMe-KSOs-hjemmeside-kammermusikkserie-BF_3-768x432.jpg 768w, https:\/\/bomuldsfabriken.no\/wp-content\/uploads\/2024\/09\/SoMe-KSOs-hjemmeside-kammermusikkserie-BF_3-1536x864.jpg 1536w, https:\/\/bomuldsfabriken.no\/wp-content\/uploads\/2024\/09\/SoMe-KSOs-hjemmeside-kammermusikkserie-BF_3.jpg 1920w\" sizes=\"auto, (max-width: 1280px) 100vw, 1280px\" \/><\/figure>\n<p>Hjertelig velkommen til kammermusikkonsert med Kristiansand Symfoniorkester s\u00f8ndag 13. oktober kl. 13.00 p\u00e5 Bomuldsfabriken Kunsthall. Konserten vil finne sted blant maleriene i Harald Lyche sin utstilling <em>Maleriets poetikk<\/em>.<\/p>\n<p>Konserten arrangeres i samarbeid med Kristiansand Symfoniorkester (KSO) og er del av KSOs kammermusikkserie. Vi har gleden av \u00e5 gjeste en strykekvartett som skal fremf\u00f8re musikk av Sergej Prokofjev og&nbsp;Anton\u00edn&nbsp;Dvo\u0159\u00e1k.<\/p>\n<p>Konserten varer cirka en time. Billettene koster kr. 250,- og kan kj\u00f8pes her: <a href=\"https:\/\/bomuldsfabrikenkunsthall.ticketco.events\/no\/nb\/e\/kammerkonsert_bomuldsfabriken_h2024\">https:\/\/bomuldsfabrikenkunsthall.ticketco.events\/no\/nb\/e\/kammerkonsert_bomuldsfabriken_h2024<\/a><\/p>\n<p><strong>Medvirkende musikere:<\/strong><\/p>\n<p>Daniel Perek, <em>fiolin<\/em><br \/>Yuka Sato, <em>fiolin<\/em><br \/>Piotr Slowik, <em>bratsj<\/em><br \/>Maarten Jansen, <em>cello<\/em><\/p>\n<p><strong>Program:<\/strong><\/p>\n<p><strong>Sergej Prokofjev<\/strong> (1891\u20131953):<strong>&nbsp;<\/strong>Strykekvartett i B \u2013 moll, op. 50, nr. 1 (Varighet: 23`)&nbsp;&nbsp;&nbsp;&nbsp;<\/p>\n<p>1. Allegro&nbsp;<br \/>2. Andante molto<br \/>3. Andante<\/p>\n<p><strong>Anton\u00edn Dvo\u0159\u00e1k<\/strong> (1841\u20131904): Strykekvartett i G-dur, op. 106, nr. 13 (Varighet: 35`)&nbsp;&nbsp;<\/p>\n<p>1. Allegro moderato<br \/>2. Adagio ma non troppo<br \/>3. Molto vivace<br \/>4. Finale<\/p>","protected":false},"featured_media":98,"template":"","meta":{"_acf_changed":true},"class_list":["post-470","arrangement","type-arrangement","status-publish","has-post-thumbnail","hentry"],"acf":[],"yoast_head":"<!-- This site is optimized with the Yoast SEO plugin v27.5 - https:\/\/yoast.com\/product\/yoast-seo-wordpress\/ -->\n<title>Kammerkonsert med Prokofjev og\u00a0Dvo\u0159\u00e1k: 13. okt. - Bomuldsfabriken<\/title>\n<meta name=\"robots\" content=\"index, follow, max-snippet:-1, max-image-preview:large, max-video-preview:-1\" \/>\n<link rel=\"canonical\" href=\"https:\/\/bomuldsfabriken.no\/en\/arrangement\/kammerkonsert-prokofjev-dvorak\/\" \/>\n<meta property=\"og:locale\" content=\"en_GB\" \/>\n<meta property=\"og:type\" content=\"article\" \/>\n<meta property=\"og:title\" content=\"Kammerkonsert med Prokofjev og\u00a0Dvo\u0159\u00e1k: 13. okt. - Bomuldsfabriken\" \/>\n<meta property=\"og:description\" content=\"Hjertelig velkommen til kammermusikkonsert med Kristiansand Symfoniorkester s\u00f8ndag 13. oktober kl. 13.00 p\u00e5 Bomuldsfabriken Kunsthall. Konserten vil finne sted blant maleriene i Harald Lyche sin\" \/>\n<meta property=\"og:url\" content=\"https:\/\/bomuldsfabriken.no\/en\/arrangement\/kammerkonsert-prokofjev-dvorak\/\" \/>\n<meta property=\"og:site_name\" content=\"Bomuldsfabriken\" \/>\n<meta property=\"article:publisher\" content=\"https:\/\/www.facebook.com\/Bomuldsfabriken\/\" \/>\n<meta property=\"article:modified_time\" content=\"2025-06-26T18:42:52+00:00\" \/>\n<meta property=\"og:image\" content=\"https:\/\/bomuldsfabriken.no\/wp-content\/uploads\/2025\/06\/SoMe-KSOs-kammermusikkserie-BF_2.jpg\" \/>\n\t<meta property=\"og:image:width\" content=\"1920\" \/>\n\t<meta property=\"og:image:height\" content=\"1080\" \/>\n\t<meta property=\"og:image:type\" content=\"image\/jpeg\" \/>\n<meta name=\"twitter:card\" content=\"summary_large_image\" \/>\n<meta name=\"twitter:site\" content=\"@bomuldsfabriken\" \/>\n<meta name=\"twitter:label1\" content=\"Estimated reading time\" \/>\n\t<meta name=\"twitter:data1\" content=\"1 minute\" \/>\n<script type=\"application\/ld+json\" class=\"yoast-schema-graph\">{\"@context\":\"https:\\\/\\\/schema.org\",\"@graph\":[{\"@type\":\"WebPage\",\"@id\":\"https:\\\/\\\/bomuldsfabriken.no\\\/arrangement\\\/kammerkonsert-prokofjev-dvorak\\\/\",\"url\":\"https:\\\/\\\/bomuldsfabriken.no\\\/arrangement\\\/kammerkonsert-prokofjev-dvorak\\\/\",\"name\":\"Kammerkonsert med Prokofjev og\u00a0Dvo\u0159\u00e1k: 13. okt. - Bomuldsfabriken\",\"isPartOf\":{\"@id\":\"https:\\\/\\\/bomuldsfabriken.no\\\/#website\"},\"primaryImageOfPage\":{\"@id\":\"https:\\\/\\\/bomuldsfabriken.no\\\/arrangement\\\/kammerkonsert-prokofjev-dvorak\\\/#primaryimage\"},\"image\":{\"@id\":\"https:\\\/\\\/bomuldsfabriken.no\\\/arrangement\\\/kammerkonsert-prokofjev-dvorak\\\/#primaryimage\"},\"thumbnailUrl\":\"https:\\\/\\\/bomuldsfabriken.no\\\/wp-content\\\/uploads\\\/2025\\\/06\\\/SoMe-KSOs-kammermusikkserie-BF_2.jpg\",\"datePublished\":\"2024-09-02T14:01:30+00:00\",\"dateModified\":\"2025-06-26T18:42:52+00:00\",\"breadcrumb\":{\"@id\":\"https:\\\/\\\/bomuldsfabriken.no\\\/arrangement\\\/kammerkonsert-prokofjev-dvorak\\\/#breadcrumb\"},\"inLanguage\":\"en-GB\",\"potentialAction\":[{\"@type\":\"ReadAction\",\"target\":[\"https:\\\/\\\/bomuldsfabriken.no\\\/arrangement\\\/kammerkonsert-prokofjev-dvorak\\\/\"]}]},{\"@type\":\"ImageObject\",\"inLanguage\":\"en-GB\",\"@id\":\"https:\\\/\\\/bomuldsfabriken.no\\\/arrangement\\\/kammerkonsert-prokofjev-dvorak\\\/#primaryimage\",\"url\":\"https:\\\/\\\/bomuldsfabriken.no\\\/wp-content\\\/uploads\\\/2025\\\/06\\\/SoMe-KSOs-kammermusikkserie-BF_2.jpg\",\"contentUrl\":\"https:\\\/\\\/bomuldsfabriken.no\\\/wp-content\\\/uploads\\\/2025\\\/06\\\/SoMe-KSOs-kammermusikkserie-BF_2.jpg\",\"width\":1920,\"height\":1080},{\"@type\":\"BreadcrumbList\",\"@id\":\"https:\\\/\\\/bomuldsfabriken.no\\\/arrangement\\\/kammerkonsert-prokofjev-dvorak\\\/#breadcrumb\",\"itemListElement\":[{\"@type\":\"ListItem\",\"position\":1,\"name\":\"Home\",\"item\":\"https:\\\/\\\/bomuldsfabriken.no\\\/\"},{\"@type\":\"ListItem\",\"position\":2,\"name\":\"Kammerkonsert med Prokofjev og\u00a0Dvo\u0159\u00e1k: 13. okt.\"}]},{\"@type\":\"WebSite\",\"@id\":\"https:\\\/\\\/bomuldsfabriken.no\\\/#website\",\"url\":\"https:\\\/\\\/bomuldsfabriken.no\\\/\",\"name\":\"Bomuldsfabriken\",\"description\":\"Kunsthallen i Arendal \u2013 Bomuldsfabriken\",\"publisher\":{\"@id\":\"https:\\\/\\\/bomuldsfabriken.no\\\/#organization\"},\"potentialAction\":[{\"@type\":\"SearchAction\",\"target\":{\"@type\":\"EntryPoint\",\"urlTemplate\":\"https:\\\/\\\/bomuldsfabriken.no\\\/?s={search_term_string}\"},\"query-input\":{\"@type\":\"PropertyValueSpecification\",\"valueRequired\":true,\"valueName\":\"search_term_string\"}}],\"inLanguage\":\"en-GB\"},{\"@type\":\"Organization\",\"@id\":\"https:\\\/\\\/bomuldsfabriken.no\\\/#organization\",\"name\":\"Bomuldsfabriken\",\"url\":\"https:\\\/\\\/bomuldsfabriken.no\\\/\",\"logo\":{\"@type\":\"ImageObject\",\"inLanguage\":\"en-GB\",\"@id\":\"https:\\\/\\\/bomuldsfabriken.no\\\/#\\\/schema\\\/logo\\\/image\\\/\",\"url\":\"https:\\\/\\\/bomuldsfabriken.no\\\/wp-content\\\/uploads\\\/2025\\\/06\\\/bomlog.svg\",\"contentUrl\":\"https:\\\/\\\/bomuldsfabriken.no\\\/wp-content\\\/uploads\\\/2025\\\/06\\\/bomlog.svg\",\"caption\":\"Bomuldsfabriken\"},\"image\":{\"@id\":\"https:\\\/\\\/bomuldsfabriken.no\\\/#\\\/schema\\\/logo\\\/image\\\/\"},\"sameAs\":[\"https:\\\/\\\/www.facebook.com\\\/Bomuldsfabriken\\\/\",\"https:\\\/\\\/x.com\\\/bomuldsfabriken\",\"https:\\\/\\\/www.instagram.com\\\/bomuldsfabriken\"]}]}<\/script>\n<!-- \/ Yoast SEO plugin. -->","yoast_head_json":{"title":"Kammerkonsert med Prokofjev og\u00a0Dvo\u0159\u00e1k: 13. okt. - Bomuldsfabriken","robots":{"index":"index","follow":"follow","max-snippet":"max-snippet:-1","max-image-preview":"max-image-preview:large","max-video-preview":"max-video-preview:-1"},"canonical":"https:\/\/bomuldsfabriken.no\/en\/arrangement\/kammerkonsert-prokofjev-dvorak\/","og_locale":"en_GB","og_type":"article","og_title":"Kammerkonsert med Prokofjev og\u00a0Dvo\u0159\u00e1k: 13. okt. - Bomuldsfabriken","og_description":"Hjertelig velkommen til kammermusikkonsert med Kristiansand Symfoniorkester s\u00f8ndag 13. oktober kl. 13.00 p\u00e5 Bomuldsfabriken Kunsthall. Konserten vil finne sted blant maleriene i Harald Lyche sin","og_url":"https:\/\/bomuldsfabriken.no\/en\/arrangement\/kammerkonsert-prokofjev-dvorak\/","og_site_name":"Bomuldsfabriken","article_publisher":"https:\/\/www.facebook.com\/Bomuldsfabriken\/","article_modified_time":"2025-06-26T18:42:52+00:00","og_image":[{"width":1920,"height":1080,"url":"https:\/\/bomuldsfabriken.no\/wp-content\/uploads\/2025\/06\/SoMe-KSOs-kammermusikkserie-BF_2.jpg","type":"image\/jpeg"}],"twitter_card":"summary_large_image","twitter_site":"@bomuldsfabriken","twitter_misc":{"Estimated reading time":"1 minute"},"schema":{"@context":"https:\/\/schema.org","@graph":[{"@type":"WebPage","@id":"https:\/\/bomuldsfabriken.no\/arrangement\/kammerkonsert-prokofjev-dvorak\/","url":"https:\/\/bomuldsfabriken.no\/arrangement\/kammerkonsert-prokofjev-dvorak\/","name":"Kammerkonsert med Prokofjev og\u00a0Dvo\u0159\u00e1k: 13. okt. - Bomuldsfabriken","isPartOf":{"@id":"https:\/\/bomuldsfabriken.no\/#website"},"primaryImageOfPage":{"@id":"https:\/\/bomuldsfabriken.no\/arrangement\/kammerkonsert-prokofjev-dvorak\/#primaryimage"},"image":{"@id":"https:\/\/bomuldsfabriken.no\/arrangement\/kammerkonsert-prokofjev-dvorak\/#primaryimage"},"thumbnailUrl":"https:\/\/bomuldsfabriken.no\/wp-content\/uploads\/2025\/06\/SoMe-KSOs-kammermusikkserie-BF_2.jpg","datePublished":"2024-09-02T14:01:30+00:00","dateModified":"2025-06-26T18:42:52+00:00","breadcrumb":{"@id":"https:\/\/bomuldsfabriken.no\/arrangement\/kammerkonsert-prokofjev-dvorak\/#breadcrumb"},"inLanguage":"en-GB","potentialAction":[{"@type":"ReadAction","target":["https:\/\/bomuldsfabriken.no\/arrangement\/kammerkonsert-prokofjev-dvorak\/"]}]},{"@type":"ImageObject","inLanguage":"en-GB","@id":"https:\/\/bomuldsfabriken.no\/arrangement\/kammerkonsert-prokofjev-dvorak\/#primaryimage","url":"https:\/\/bomuldsfabriken.no\/wp-content\/uploads\/2025\/06\/SoMe-KSOs-kammermusikkserie-BF_2.jpg","contentUrl":"https:\/\/bomuldsfabriken.no\/wp-content\/uploads\/2025\/06\/SoMe-KSOs-kammermusikkserie-BF_2.jpg","width":1920,"height":1080},{"@type":"BreadcrumbList","@id":"https:\/\/bomuldsfabriken.no\/arrangement\/kammerkonsert-prokofjev-dvorak\/#breadcrumb","itemListElement":[{"@type":"ListItem","position":1,"name":"Home","item":"https:\/\/bomuldsfabriken.no\/"},{"@type":"ListItem","position":2,"name":"Kammerkonsert med Prokofjev og\u00a0Dvo\u0159\u00e1k: 13. okt."}]},{"@type":"WebSite","@id":"https:\/\/bomuldsfabriken.no\/#website","url":"https:\/\/bomuldsfabriken.no\/","name":"Bomuldsfabriken","description":"Kunsthallen i Arendal \u2013 Bomuldsfabriken","publisher":{"@id":"https:\/\/bomuldsfabriken.no\/#organization"},"potentialAction":[{"@type":"SearchAction","target":{"@type":"EntryPoint","urlTemplate":"https:\/\/bomuldsfabriken.no\/?s={search_term_string}"},"query-input":{"@type":"PropertyValueSpecification","valueRequired":true,"valueName":"search_term_string"}}],"inLanguage":"en-GB"},{"@type":"Organization","@id":"https:\/\/bomuldsfabriken.no\/#organization","name":"Bomuldsfabriken","url":"https:\/\/bomuldsfabriken.no\/","logo":{"@type":"ImageObject","inLanguage":"en-GB","@id":"https:\/\/bomuldsfabriken.no\/#\/schema\/logo\/image\/","url":"https:\/\/bomuldsfabriken.no\/wp-content\/uploads\/2025\/06\/bomlog.svg","contentUrl":"https:\/\/bomuldsfabriken.no\/wp-content\/uploads\/2025\/06\/bomlog.svg","caption":"Bomuldsfabriken"},"image":{"@id":"https:\/\/bomuldsfabriken.no\/#\/schema\/logo\/image\/"},"sameAs":["https:\/\/www.facebook.com\/Bomuldsfabriken\/","https:\/\/x.com\/bomuldsfabriken","https:\/\/www.instagram.com\/bomuldsfabriken"]}]}},"_links":{"self":[{"href":"https:\/\/bomuldsfabriken.no\/en\/wp-json\/wp\/v2\/arrangement\/470","targetHints":{"allow":["GET"]}}],"collection":[{"href":"https:\/\/bomuldsfabriken.no\/en\/wp-json\/wp\/v2\/arrangement"}],"about":[{"href":"https:\/\/bomuldsfabriken.no\/en\/wp-json\/wp\/v2\/types\/arrangement"}],"wp:featuredmedia":[{"embeddable":true,"href":"https:\/\/bomuldsfabriken.no\/en\/wp-json\/wp\/v2\/media\/98"}],"wp:attachment":[{"href":"https:\/\/bomuldsfabriken.no\/en\/wp-json\/wp\/v2\/media?parent=470"}],"curies":[{"name":"wp","href":"https:\/\/api.w.org\/{rel}","templated":true}]}}