{"id":473,"date":"2024-06-26T11:49:20","date_gmt":"2024-06-26T11:49:20","guid":{"rendered":"http:\/\/bomuldification.test\/kunst\/kunstvevgarn\/"},"modified":"2025-06-26T20:42:47","modified_gmt":"2025-06-26T20:42:47","slug":"kunstvevgarn","status":"publish","type":"arrangement","link":"https:\/\/bomuldsfabriken.no\/en\/arrangement\/kunstvevgarn\/","title":{"rendered":"Hoelfeldt Lund Kunstvevgarn 75 \u00e5r (Grimstad) 03. jul.\u201327. jul."},"content":{"rendered":"<figure class=\"wp-block-image size-large\"><img loading=\"lazy\" decoding=\"async\" width=\"1280\" height=\"720\" src=\"https:\/\/bomuldsfabriken.no\/wp-content\/uploads\/2024\/06\/Per-og-mor-med-killinger-1280x720.jpg\" alt=\"\" class=\"wp-image-4932\" srcset=\"https:\/\/bomuldsfabriken.no\/wp-content\/uploads\/2024\/06\/Per-og-mor-med-killinger-1280x720.jpg 1280w, https:\/\/bomuldsfabriken.no\/wp-content\/uploads\/2024\/06\/Per-og-mor-med-killinger-1024x576.jpg 1024w, https:\/\/bomuldsfabriken.no\/wp-content\/uploads\/2024\/06\/Per-og-mor-med-killinger-768x432.jpg 768w, https:\/\/bomuldsfabriken.no\/wp-content\/uploads\/2024\/06\/Per-og-mor-med-killinger-1536x864.jpg 1536w, https:\/\/bomuldsfabriken.no\/wp-content\/uploads\/2024\/06\/Per-og-mor-med-killinger.jpg 1920w\" sizes=\"auto, (max-width: 1280px) 100vw, 1280px\" \/><figcaption class=\"wp-element-caption\"><em>Per jr. og Lily Holm med sp\u00e6lsaukillinger<\/em><\/figcaption><\/figure>\n<p>Hoelfeldt Lund Kunstvevgarn 75 \u00e5r (NB! Grimstad) \u2013 gruppeutstilling<\/p>\n<p>Bes\u00f8ksadresse: Arnevigveien 32, 4887 Grimstad<br \/>Utstillingsperiode: 03. juli\u201327. juli 2024<br \/>Onsdager 10:00\u201316:00, torsdag\u2013l\u00f8rdag 12:00\u201316:00<\/p>\n<p><strong>Deltakende kunstnere:<\/strong><br \/><em>Ann Cathrin November H\u00f8ibo, Agnes og Vebj\u00f8rn Guttormsgaard, Brit Fuglevaag, Brita Been, Lily Holm, Ragnhild Monsen, Sissel Blystad, Unn S\u00f8nju, Wenche Hoelfeldt Lund<\/em><\/p>\n<p><em><a href=\"https:\/\/bomuldsfabriken.no\/bomuld_program\/kunstvevgarn\/#english-info_\">English info<\/a><\/em><\/p>\n<p>\/\/\/\/\/\/\/\/\/\/\/\/\/\/\/\/\/\/\/\/\/\/\/\/\/\/\/\/\/\/\/\/\/\/\/\/\/\/\/\/\/\/\/\/\/\/\/\/\/\/\/\/\/\/\/\/\/\/\/\/\/\/\/\/\/\/\/\/\/\/\/\/\/\/<\/p>\n<p>Med et kompromissl\u00f8st krav til kvalitet, dedikasjon til faget og respekt for sp\u00e6lsauen, har Hoelfeldt Lund gjennom 75 \u00e5r spunnet garn for Europas ledende tekstilkunstnere og institusjoner, som slott, r\u00e5dhus og operaer. Sp\u00e6lsauen, som nesten var g\u00e5tt ut av tiden, skulle bli brakt tilbake til tekstilkunsten av Else Hallings oppdagelser, i samarbeid med blant annet Norsk Kunstvevgarn. Den dag i dag er det ikke vanskelig \u00e5 spore Hoelfeldt Lunds p\u00e5virkning p\u00e5 moderne norsk tekstilkunsthistorie.<\/p>\n<p>Utstillingen er et samarbeid mellom Per Hoelfeldt Lund og Bomuldsfabriken Kunsthall.<\/p>\n<h3 class=\"wp-block-heading\">Tekst fra utstillingspamfletten<\/h3>\n<p>\u00abGarn er ikke bare garn\u00bb, skriver Helen Engelstad i 1956, og fortsetter: \u00abDet er en sannhet som alle der arbeider med strikking, veving og broderi har f\u00e5tt sanne.\u00bb<a href=\"#_ftn1\" id=\"_ftnref1\">[1]<\/a> Garnet, sier professor ved SIFO, Ingunn Grimstad Klepp, er \u00aben av menneskehetens st\u00f8rste oppfinnelser.\u00bb<a href=\"#_ftn2\" id=\"_ftnref2\">[2]<\/a> Garnet kler oss, varmer oss, lukter og lever. I vikingskipenes seil var sp\u00e6lsaugarnet grunnstoffet som lot de seile over Atlanterhavet, og hjemme har garnet v\u00e6rt byggesteinen i vakker billedvev. I Norge g\u00e5r vevkunsten helt tilbake til steinalderen.<a href=\"#_ftn3\" id=\"_ftnref3\">[3]<\/a><\/p>\n<p>Garnet m\u00e5 foredles og tas vare p\u00e5. I 1956 skrev Else Halling: \u00abHvis norsk billedvev skal ha kunstnerisk kvalitet og et s\u00e6rpreg som setter den i en klasse for seg, m\u00e5 materialet (\u2026) v\u00e6re i orden.\u00bb<a href=\"#_ftn4\" id=\"_ftnref4\">[4]<\/a>&nbsp;Hun fortsatte:<\/p>\n<p><em>\u00abTakket v\u00e6re et energisk arbeid og en omhyggelig sortering av ullen er det lykkes Per Hoelfeldt Lund og frue ved deres husflidspinneri p\u00e5 S\u00f8rlandet \u00e5 fremstille et meget godt garn for disse form\u00e5l og for andre prydtekstiler.\u00bb<a href=\"#_ftn5\" id=\"_ftnref5\"><strong>[5]<\/strong><\/a><\/em><\/p>\n<p>Lenge var kunnskapen om hvordan den eldre vevkunsten ble til, tapt for oss. I dag vet vi at billedvevene var lagd med ull fra sp\u00e6lsau. Den franske dikteren Charles Baudelaire (f. 1821), mente at det skj\u00f8nne inneholder et evig og uforanderlig element, og et relativt element som kan v\u00e6re moten, moralen eller lidenskapen. Kanskje tilb\u00f8d Norsk Kunstvevgarn med sp\u00e6lsauullen en taktil fornemmelse av nettopp dette evige, og kunstnerne fylte veven med samtidens rytme, klang og fargepalletter. Sp\u00e6lsauen, som nesten var g\u00e5tt ut av tiden, skulle bli brakt tilbake til tekstilkunsten av Else Hallings oppdagelser, i samarbeid med Norsk Kunstvevgarn. Og den dag i dag er det ikke vanskelig \u00e5 spore Per sr., Per jr., Lilys og Wenches innflytelse. Den unge tekstilkunstneren Ask Bj\u00f8rlo sier at han \u00abanser deres garn som noen av de fineste garnene.\u00bb<a href=\"#_ftn6\" id=\"_ftnref6\">[6]<\/a> Brita Been forteller at for henne \u00abble m\u00f8tet med ryegarnet kj\u00e6rlighet ved f\u00f8rste blikk.\u00bb Hun fortsetter: \u00abAlle mine tepper, med unntak av det aller f\u00f8rste, er siden vevet med dette garnet.\u00bb<a href=\"#_ftn7\" id=\"_ftnref7\">[7]<\/a> I H\u00e5konshallen, i Stortingets vandrehall og i seilet til Saga Oseberg ruver Norsk Kunstvevgarns materialer. Og har du en ekstra flott billedvev p\u00e5 veggen hjemme, kan du kjenne p\u00e5 det og du skal ikke se bort ifra at det er vevd med garn fra Arnevik g\u00e5rd.<\/p>\n<p>Denne teksten er skrevet i samarbeid med Per Hoelfeldt Lund jr., og forteller en liten flik av historien til Norsk Kunstvevgarn.<\/p>\n<figure><\/figure>\n<hr class=\"wp-block-separator has-alpha-channel-opacity\"\/>\n<p class=\"has-small-font-size\"><a href=\"#_ftnref1\" id=\"_ftn1\">[1]<\/a> Engelstad, Helen et al. <em>Garn er ikke bare garn: Utstillingen av norsk ull: Avl, sortering, kvalitet. <\/em>Oslo: Statens kvinnelige industriskole, 1956, 1.<br \/><a href=\"#_ftnref2\" id=\"_ftn2\">[2]<\/a> www.snl.no\/garn<br \/><a href=\"#_ftnref3\" id=\"_ftn3\">[3]<\/a> Engelstad, Helen. <em>Vevkunst.<\/em> Oslo: Mittet &amp; Co, 1953, 105.<br \/><a href=\"#_ftnref4\" id=\"_ftn4\">[4]<\/a> Engelstad et al., <em>Garn er ikke bare garn, <\/em>22.<br \/><a href=\"#_ftnref5\" id=\"_ftn5\">[5]<\/a> Ibid, 23.<br \/><a href=\"#_ftnref6\" id=\"_ftn6\">[6]<\/a> Bj\u00f8rlo, Ask. Melding til undertegnede, 2024.<br \/><a href=\"#_ftnref7\" id=\"_ftn7\">[7]<\/a> Been, Brita. <em>Skriftlig uttalelse i anledning NKVs jubileum<\/em>, 2024.<\/p>\n<figure><\/figure>\n<figure><\/figure>\n<h2 class=\"wp-block-heading\" id=\"english-info_\">English<\/h2>\n<p>Hoelfeldt Lund Kunstvevgarn 75 Years (NB! Grimstad) \u2013 group exhibition<\/p>\n<p>Bes\u00f8ksadresse: Arnevigveien 32, 4887 Grimstad<br \/>Exhibition: 03. July\u201327. July 2024<br \/>Wednesdays 10:00\u201316:00, Thursday\u2013Saturday 12:00\u201316:00<\/p>\n<p><strong>Textile works by:<\/strong><br \/><em>Ann Cathrin November H\u00f8ibo, Agnes og Vebj\u00f8rn Guttormsgaard, Brit Fuglevaag, Brita Been, Lily Holm, Ragnhild Monsen, Sissel Blystad, Unn S\u00f8nju, Wenche Hoelfeldt Lund<\/em><\/p>\n<p>\/\/\/\/\/\/\/\/\/\/\/\/\/\/\/\/\/\/\/\/\/\/\/\/\/\/\/\/\/\/\/\/\/\/\/\/\/\/\/\/\/\/\/\/\/\/\/\/\/\/\/\/\/\/\/\/\/\/\/\/\/\/\/\/\/\/\/\/\/\/\/\/\/\/<\/p>\n<p>With an uncompromising demand for quality, dedication to the trade and respect for the <em>sp\u00e6lsau<\/em> <em>(Old Norwegian Short Tail Landrace)<\/em>, Hoelfeldt Lund has, for 75 years, spun yarn for Europe&#8217;s leading textile artists and institutions, such as castles, town halls and operas. The sp\u00e6lsau, which had almost gone out of time, was to be brought back to textile art by Else Halling&#8217;s discoveries, in collaboration with, among others, <em>Norsk Kunstvevgarn<\/em> <em>(Norwegian Art Yarn)<\/em>. To this day, it is not difficult to trace Hoelfeldt Lund&#8217;s influence on modern Norwegian textile art history.<\/p>\n<p>The exhibition is a collaboration between Per Hoelfeldt Lund and Bomuldsfabriken Kunsthall.<\/p>\n<h3 class=\"wp-block-heading\">Text from the exhibition pamphlet<\/h3>\n<p>&#8220;Yarn is not just yarn&#8221;, writes Helen Engelstad in 1956, and continues: &#8220;It is a truth that everyone who works with knitting, weaving and embroidery has found to be true.&#8221;[1] Yarn, says professor at SIFO, Ingunn Grimstad Klepp, is &#8220;one of mankind&#8217;s greatest inventions.&#8221;[2] Yarn dresses us, warms us, smells and lives. In the sails of the Viking ships, the sp\u00e6lsau yarn was the main material that allowed them to sail across the Atlantic, and domestic vice the yarn has been the key material of beautiful tapestries. In Norway, the art of weaving goes all the way back to the Stone Age.[3] <\/p>\n<p>The sp\u00e6lsau yarn must be refined and handled with precision. In 1956, Else Halling wrote: &#8220;If Norwegian tapestry is to have artistic quality and a distinctive character that sets it in a class of its own, the material (&#8230;) must be in order.&#8221;[4]&nbsp;She continued: <\/p>\n<p><em>&#8220;Thanks to energetic work and a careful sorting of the sp\u00e6lsau wool, Per Hoelfeldt Lund and his wife have succeeded in producing a very good yarn for these purposes and for other decorative textiles at their household spinning mill in Southern Norway.&#8221;<\/em>[5] <\/p>\n<p>For a long time, the knowledge of how the older art of weaving was created was lost to us. Today we know that the tapestries were made with wool from the sp\u00e6lsau. The French poet Charles Baudelaire (b. 1821) believed that the <em>beautiful <\/em>contains an eternal and unchanging element, and a relative element that can be fashion, morality or passion. Perhaps Norsk Kunstvevgarn with the wool of the sp\u00e6lsau offered a tactile sensation of precisely this eternal, and the artists filled the weave with contemporary rhythm, sound and color palettes. The sp\u00e6lsau, which had almost gone out of time, was to be brought back to textile art by Else Halling&#8217;s discoveries, in collaboration with Norsk Kunstvevgarn. And to this day it is not difficult to trace the influence of Per Sr., Per Jr., Lily and Wenche. The young textile artist Ask Bj\u00f8rlo says that he &#8220;considers their yarns to be some of the finest yarns.&#8221;[6] Brita Been says that for her &#8220;the encounter with the sp\u00e6lsau yarn was love at first sight.&#8221; She continues: &#8220;All my carpets, with the exception of the very first one, have since been woven with this yarn.&#8221;[7] In <em>H\u00e5konshallen<\/em>, in the Norwegian Parliaments walking hall and in the sail of the viking ship <em>Saga Oseberg<\/em>, Norsk Kunstvevgarn&#8217;s materials tower over. And if you have an extra-beautiful tapestry on the wall at home, you can touch it and you should not ignore the fact that it could been woven with yarn from Norsk Kunstvevgarn at Arnevik g\u00e5rd (Arnevik farm). <\/p>\n<p>This text was written in collaboration with Per Hoelfeldt Lund jr., and tells a small part of the history of Norsk Kunstvevgarn.<\/p>\n<figure><\/figure>\n<hr class=\"wp-block-separator has-alpha-channel-opacity\"\/>\n<p class=\"has-small-font-size\"><a href=\"#_ftnref1\" id=\"_ftn1\">[1]<\/a> Engelstad, Helen et al. <em>Garn er ikke bare garn: Utstillingen av norsk ull: Avl, sortering, kvalitet. <\/em>Oslo: Statens kvinnelige industriskole, 1956, 1.<br \/><a href=\"#_ftnref2\" id=\"_ftn2\">[2]<\/a> www.snl.no\/garn<br \/><a href=\"#_ftnref3\" id=\"_ftn3\">[3]<\/a> Engelstad, Helen. <em>Vevkunst.<\/em> Oslo: Mittet &amp; Co, 1953, 105.<br \/><a href=\"#_ftnref4\" id=\"_ftn4\">[4]<\/a> Engelstad et al., <em>Garn er ikke bare garn, <\/em>22.<br \/><a href=\"#_ftnref5\" id=\"_ftn5\">[5]<\/a> Ibid, 23.<br \/><a href=\"#_ftnref6\" id=\"_ftn6\">[6]<\/a> Bj\u00f8rlo, Ask. Melding til undertegnede, 2024.<br \/><a href=\"#_ftnref7\" id=\"_ftn7\">[7]<\/a> Been, Brita. <em>Skriftlig uttalelse i anledning NKVs jubileum<\/em>, 2024.<\/p>\n","protected":false},"featured_media":104,"template":"","meta":{"_acf_changed":true},"class_list":["post-473","arrangement","type-arrangement","status-publish","has-post-thumbnail","hentry"],"acf":[],"yoast_head":"<!-- This site is optimized with the Yoast SEO plugin v27.4 - https:\/\/yoast.com\/product\/yoast-seo-wordpress\/ -->\n<title>Hoelfeldt Lund Kunstvevgarn 75 \u00e5r (Grimstad) 03. jul.\u201327. jul. - Bomuldsfabriken<\/title>\n<meta name=\"robots\" content=\"index, follow, max-snippet:-1, max-image-preview:large, max-video-preview:-1\" \/>\n<link rel=\"canonical\" href=\"https:\/\/bomuldsfabriken.no\/en\/arrangement\/kunstvevgarn\/\" \/>\n<meta property=\"og:locale\" content=\"en_GB\" \/>\n<meta property=\"og:type\" content=\"article\" \/>\n<meta property=\"og:title\" content=\"Hoelfeldt Lund Kunstvevgarn 75 \u00e5r (Grimstad) 03. jul.\u201327. jul. - Bomuldsfabriken\" \/>\n<meta property=\"og:description\" content=\"Per jr. og Lily Holm med sp\u00e6lsaukillinger Hoelfeldt Lund Kunstvevgarn 75 \u00e5r (NB! Grimstad) \u2013 gruppeutstilling Bes\u00f8ksadresse: Arnevigveien 32, 4887 GrimstadUtstillingsperiode: 03. juli\u201327. juli 2024Onsdager\" \/>\n<meta property=\"og:url\" content=\"https:\/\/bomuldsfabriken.no\/en\/arrangement\/kunstvevgarn\/\" \/>\n<meta property=\"og:site_name\" content=\"Bomuldsfabriken\" \/>\n<meta property=\"article:publisher\" content=\"https:\/\/www.facebook.com\/Bomuldsfabriken\/\" \/>\n<meta property=\"article:modified_time\" content=\"2025-06-26T20:42:47+00:00\" \/>\n<meta property=\"og:image\" content=\"https:\/\/bomuldsfabriken.no\/wp-content\/uploads\/2025\/06\/Per-og-mor-med-killinger.jpg\" \/>\n\t<meta property=\"og:image:width\" content=\"1920\" \/>\n\t<meta property=\"og:image:height\" content=\"1080\" \/>\n\t<meta property=\"og:image:type\" content=\"image\/jpeg\" \/>\n<meta name=\"twitter:card\" content=\"summary_large_image\" \/>\n<meta name=\"twitter:site\" content=\"@bomuldsfabriken\" \/>\n<meta name=\"twitter:label1\" content=\"Estimated reading time\" \/>\n\t<meta name=\"twitter:data1\" content=\"6 minutes\" \/>\n<script type=\"application\/ld+json\" class=\"yoast-schema-graph\">{\"@context\":\"https:\\\/\\\/schema.org\",\"@graph\":[{\"@type\":\"WebPage\",\"@id\":\"https:\\\/\\\/bomuldsfabriken.no\\\/arrangement\\\/kunstvevgarn\\\/\",\"url\":\"https:\\\/\\\/bomuldsfabriken.no\\\/arrangement\\\/kunstvevgarn\\\/\",\"name\":\"Hoelfeldt Lund Kunstvevgarn 75 \u00e5r (Grimstad) 03. jul.\u201327. jul. - Bomuldsfabriken\",\"isPartOf\":{\"@id\":\"https:\\\/\\\/bomuldsfabriken.no\\\/#website\"},\"primaryImageOfPage\":{\"@id\":\"https:\\\/\\\/bomuldsfabriken.no\\\/arrangement\\\/kunstvevgarn\\\/#primaryimage\"},\"image\":{\"@id\":\"https:\\\/\\\/bomuldsfabriken.no\\\/arrangement\\\/kunstvevgarn\\\/#primaryimage\"},\"thumbnailUrl\":\"https:\\\/\\\/bomuldsfabriken.no\\\/wp-content\\\/uploads\\\/2025\\\/06\\\/Per-og-mor-med-killinger.jpg\",\"datePublished\":\"2024-06-26T11:49:20+00:00\",\"dateModified\":\"2025-06-26T20:42:47+00:00\",\"breadcrumb\":{\"@id\":\"https:\\\/\\\/bomuldsfabriken.no\\\/arrangement\\\/kunstvevgarn\\\/#breadcrumb\"},\"inLanguage\":\"en-GB\",\"potentialAction\":[{\"@type\":\"ReadAction\",\"target\":[\"https:\\\/\\\/bomuldsfabriken.no\\\/arrangement\\\/kunstvevgarn\\\/\"]}]},{\"@type\":\"ImageObject\",\"inLanguage\":\"en-GB\",\"@id\":\"https:\\\/\\\/bomuldsfabriken.no\\\/arrangement\\\/kunstvevgarn\\\/#primaryimage\",\"url\":\"https:\\\/\\\/bomuldsfabriken.no\\\/wp-content\\\/uploads\\\/2025\\\/06\\\/Per-og-mor-med-killinger.jpg\",\"contentUrl\":\"https:\\\/\\\/bomuldsfabriken.no\\\/wp-content\\\/uploads\\\/2025\\\/06\\\/Per-og-mor-med-killinger.jpg\",\"width\":1920,\"height\":1080},{\"@type\":\"BreadcrumbList\",\"@id\":\"https:\\\/\\\/bomuldsfabriken.no\\\/arrangement\\\/kunstvevgarn\\\/#breadcrumb\",\"itemListElement\":[{\"@type\":\"ListItem\",\"position\":1,\"name\":\"Home\",\"item\":\"https:\\\/\\\/bomuldsfabriken.no\\\/\"},{\"@type\":\"ListItem\",\"position\":2,\"name\":\"Hoelfeldt Lund Kunstvevgarn 75 \u00e5r (Grimstad) 03. jul.\u201327. jul.\"}]},{\"@type\":\"WebSite\",\"@id\":\"https:\\\/\\\/bomuldsfabriken.no\\\/#website\",\"url\":\"https:\\\/\\\/bomuldsfabriken.no\\\/\",\"name\":\"Bomuldsfabriken\",\"description\":\"Kunsthallen i Arendal \u2013 Bomuldsfabriken\",\"publisher\":{\"@id\":\"https:\\\/\\\/bomuldsfabriken.no\\\/#organization\"},\"potentialAction\":[{\"@type\":\"SearchAction\",\"target\":{\"@type\":\"EntryPoint\",\"urlTemplate\":\"https:\\\/\\\/bomuldsfabriken.no\\\/?s={search_term_string}\"},\"query-input\":{\"@type\":\"PropertyValueSpecification\",\"valueRequired\":true,\"valueName\":\"search_term_string\"}}],\"inLanguage\":\"en-GB\"},{\"@type\":\"Organization\",\"@id\":\"https:\\\/\\\/bomuldsfabriken.no\\\/#organization\",\"name\":\"Bomuldsfabriken\",\"url\":\"https:\\\/\\\/bomuldsfabriken.no\\\/\",\"logo\":{\"@type\":\"ImageObject\",\"inLanguage\":\"en-GB\",\"@id\":\"https:\\\/\\\/bomuldsfabriken.no\\\/#\\\/schema\\\/logo\\\/image\\\/\",\"url\":\"https:\\\/\\\/bomuldsfabriken.no\\\/wp-content\\\/uploads\\\/2025\\\/06\\\/bomlog.svg\",\"contentUrl\":\"https:\\\/\\\/bomuldsfabriken.no\\\/wp-content\\\/uploads\\\/2025\\\/06\\\/bomlog.svg\",\"caption\":\"Bomuldsfabriken\"},\"image\":{\"@id\":\"https:\\\/\\\/bomuldsfabriken.no\\\/#\\\/schema\\\/logo\\\/image\\\/\"},\"sameAs\":[\"https:\\\/\\\/www.facebook.com\\\/Bomuldsfabriken\\\/\",\"https:\\\/\\\/x.com\\\/bomuldsfabriken\",\"https:\\\/\\\/www.instagram.com\\\/bomuldsfabriken\"]}]}<\/script>\n<!-- \/ Yoast SEO plugin. -->","yoast_head_json":{"title":"Hoelfeldt Lund Kunstvevgarn 75 \u00e5r (Grimstad) 03. jul.\u201327. jul. - Bomuldsfabriken","robots":{"index":"index","follow":"follow","max-snippet":"max-snippet:-1","max-image-preview":"max-image-preview:large","max-video-preview":"max-video-preview:-1"},"canonical":"https:\/\/bomuldsfabriken.no\/en\/arrangement\/kunstvevgarn\/","og_locale":"en_GB","og_type":"article","og_title":"Hoelfeldt Lund Kunstvevgarn 75 \u00e5r (Grimstad) 03. jul.\u201327. jul. - Bomuldsfabriken","og_description":"Per jr. og Lily Holm med sp\u00e6lsaukillinger Hoelfeldt Lund Kunstvevgarn 75 \u00e5r (NB! Grimstad) \u2013 gruppeutstilling Bes\u00f8ksadresse: Arnevigveien 32, 4887 GrimstadUtstillingsperiode: 03. juli\u201327. juli 2024Onsdager","og_url":"https:\/\/bomuldsfabriken.no\/en\/arrangement\/kunstvevgarn\/","og_site_name":"Bomuldsfabriken","article_publisher":"https:\/\/www.facebook.com\/Bomuldsfabriken\/","article_modified_time":"2025-06-26T20:42:47+00:00","og_image":[{"width":1920,"height":1080,"url":"https:\/\/bomuldsfabriken.no\/wp-content\/uploads\/2025\/06\/Per-og-mor-med-killinger.jpg","type":"image\/jpeg"}],"twitter_card":"summary_large_image","twitter_site":"@bomuldsfabriken","twitter_misc":{"Estimated reading time":"6 minutes"},"schema":{"@context":"https:\/\/schema.org","@graph":[{"@type":"WebPage","@id":"https:\/\/bomuldsfabriken.no\/arrangement\/kunstvevgarn\/","url":"https:\/\/bomuldsfabriken.no\/arrangement\/kunstvevgarn\/","name":"Hoelfeldt Lund Kunstvevgarn 75 \u00e5r (Grimstad) 03. jul.\u201327. jul. - Bomuldsfabriken","isPartOf":{"@id":"https:\/\/bomuldsfabriken.no\/#website"},"primaryImageOfPage":{"@id":"https:\/\/bomuldsfabriken.no\/arrangement\/kunstvevgarn\/#primaryimage"},"image":{"@id":"https:\/\/bomuldsfabriken.no\/arrangement\/kunstvevgarn\/#primaryimage"},"thumbnailUrl":"https:\/\/bomuldsfabriken.no\/wp-content\/uploads\/2025\/06\/Per-og-mor-med-killinger.jpg","datePublished":"2024-06-26T11:49:20+00:00","dateModified":"2025-06-26T20:42:47+00:00","breadcrumb":{"@id":"https:\/\/bomuldsfabriken.no\/arrangement\/kunstvevgarn\/#breadcrumb"},"inLanguage":"en-GB","potentialAction":[{"@type":"ReadAction","target":["https:\/\/bomuldsfabriken.no\/arrangement\/kunstvevgarn\/"]}]},{"@type":"ImageObject","inLanguage":"en-GB","@id":"https:\/\/bomuldsfabriken.no\/arrangement\/kunstvevgarn\/#primaryimage","url":"https:\/\/bomuldsfabriken.no\/wp-content\/uploads\/2025\/06\/Per-og-mor-med-killinger.jpg","contentUrl":"https:\/\/bomuldsfabriken.no\/wp-content\/uploads\/2025\/06\/Per-og-mor-med-killinger.jpg","width":1920,"height":1080},{"@type":"BreadcrumbList","@id":"https:\/\/bomuldsfabriken.no\/arrangement\/kunstvevgarn\/#breadcrumb","itemListElement":[{"@type":"ListItem","position":1,"name":"Home","item":"https:\/\/bomuldsfabriken.no\/"},{"@type":"ListItem","position":2,"name":"Hoelfeldt Lund Kunstvevgarn 75 \u00e5r (Grimstad) 03. jul.\u201327. jul."}]},{"@type":"WebSite","@id":"https:\/\/bomuldsfabriken.no\/#website","url":"https:\/\/bomuldsfabriken.no\/","name":"Bomuldsfabriken","description":"Kunsthallen i Arendal \u2013 Bomuldsfabriken","publisher":{"@id":"https:\/\/bomuldsfabriken.no\/#organization"},"potentialAction":[{"@type":"SearchAction","target":{"@type":"EntryPoint","urlTemplate":"https:\/\/bomuldsfabriken.no\/?s={search_term_string}"},"query-input":{"@type":"PropertyValueSpecification","valueRequired":true,"valueName":"search_term_string"}}],"inLanguage":"en-GB"},{"@type":"Organization","@id":"https:\/\/bomuldsfabriken.no\/#organization","name":"Bomuldsfabriken","url":"https:\/\/bomuldsfabriken.no\/","logo":{"@type":"ImageObject","inLanguage":"en-GB","@id":"https:\/\/bomuldsfabriken.no\/#\/schema\/logo\/image\/","url":"https:\/\/bomuldsfabriken.no\/wp-content\/uploads\/2025\/06\/bomlog.svg","contentUrl":"https:\/\/bomuldsfabriken.no\/wp-content\/uploads\/2025\/06\/bomlog.svg","caption":"Bomuldsfabriken"},"image":{"@id":"https:\/\/bomuldsfabriken.no\/#\/schema\/logo\/image\/"},"sameAs":["https:\/\/www.facebook.com\/Bomuldsfabriken\/","https:\/\/x.com\/bomuldsfabriken","https:\/\/www.instagram.com\/bomuldsfabriken"]}]}},"_links":{"self":[{"href":"https:\/\/bomuldsfabriken.no\/en\/wp-json\/wp\/v2\/arrangement\/473","targetHints":{"allow":["GET"]}}],"collection":[{"href":"https:\/\/bomuldsfabriken.no\/en\/wp-json\/wp\/v2\/arrangement"}],"about":[{"href":"https:\/\/bomuldsfabriken.no\/en\/wp-json\/wp\/v2\/types\/arrangement"}],"wp:featuredmedia":[{"embeddable":true,"href":"https:\/\/bomuldsfabriken.no\/en\/wp-json\/wp\/v2\/media\/104"}],"wp:attachment":[{"href":"https:\/\/bomuldsfabriken.no\/en\/wp-json\/wp\/v2\/media?parent=473"}],"curies":[{"name":"wp","href":"https:\/\/api.w.org\/{rel}","templated":true}]}}