{"id":486,"date":"2024-04-22T09:22:38","date_gmt":"2024-04-22T09:22:38","guid":{"rendered":"http:\/\/bomuldification.test\/kunst\/kunstnerpresentasjon-askefoss\/"},"modified":"2025-06-26T20:42:47","modified_gmt":"2025-06-26T20:42:47","slug":"kunstnerpresentasjon-askefoss","status":"publish","type":"arrangement","link":"https:\/\/bomuldsfabriken.no\/en\/arrangement\/kunstnerpresentasjon-askefoss\/","title":{"rendered":"Kunstnerpresentasjon: Bj\u00f8rn Askefoss 16. juni kl. 13:00"},"content":{"rendered":"<figure class=\"wp-block-image size-full\"><img loading=\"lazy\" decoding=\"async\" width=\"972\" height=\"592\" src=\"https:\/\/bomuldsfabriken.no\/wp-content\/uploads\/2024\/04\/Askefoss_presentasjon.jpg\" alt=\"\" class=\"wp-image-4755\" srcset=\"https:\/\/bomuldsfabriken.no\/wp-content\/uploads\/2024\/04\/Askefoss_presentasjon.jpg 972w, https:\/\/bomuldsfabriken.no\/wp-content\/uploads\/2024\/04\/Askefoss_presentasjon-768x468.jpg 768w\" sizes=\"auto, (max-width: 972px) 100vw, 972px\" \/><\/figure>\n<p>Velkommen til kunstnerpresentasjon med Bj\u00f8rn Askefoss!\u00a0<\/p>\n<p>S\u00f8ndag 16.05.24 kl. 13:00-14:30<br \/>Bomuldsfabriken Kunsthall, 3. etg.<br \/>Enkel servering. Gratis inngang.<\/p>\n<p>Kunstkritiker Lotte Sandberg skrev i Aftenposten om Askefoss\u00b4 lydinstallasjon \u00abSilent Music\u00bb; \u00abDuse fotografier av steder i Paris skifter i takt med betrakterens bevegelser i rommet. Fra h\u00f8yttalerne i Haugar Vestfold Kunstmuseums \u00e5ttekantede rom str\u00f8mmer \u00abbylyd\u00bb. Lydsporet i Bj\u00f8rn Askefoss\u00b4 installasjon har r\u00f8tter i den eksperimentelle musikkens bruk av omgivelseslyder og bidrar til verkets omsluttende opplevelse av urban kompleksitet,- et av h\u00f8ydepunktene i utstillingen \u00abByliv\u00bb-storbyens puls i kunsten\u00bb. Sandbergs kritikk av lydinstallasjonen \u00abSilent Music\u00bb redegj\u00f8r presist for det kunstneriske slektskap til 60-tallets eksperimentelle lydkunst og konseptkunst. I installasjonen er stillhet, i en abstrakt betydning, et sentralt tema.<\/p>\n<p>Bj\u00f8rn Askefoss er utdannet skulpt\u00f8r ved Statens Kunstakademi i Oslo, har Kunsthistorie fra Universitetet i Oslo, og Mastergrad fra University of Birmingham, UK. Han har en lang rekke utstillinger bak seg i inn- og utland. Askefoss er en av pion\u00e9rene innen lydkunst her til lands. Den gangen fantes det ikke kulturell infrastruktur for lydkunst og han s\u00f8kte \u00e5 utvide sitt spr\u00e5k innen lyd ved \u00e5 opps\u00f8ke lydmilj\u00f8ene ved NOTAM i Oslo, senere ved IRCAM Centre Pompidou i Paris, DIEM i \u00c5rhus, og CCRMA ved Stanford University, US og sist ved University of Birmingham, UK. Et sjelssettende m\u00f8te var da Askefoss m\u00f8tte kunstneren Lawrence Weiner og fikk anledning til \u00e5 samtale med ham om det faglige. Askefoss ble da klar over lydkunstens selvf\u00f8lgelige tilh\u00f8righet til billedkunstfeltet, og at urbane lyder i kunstrommet f\u00f8lgelig kan defineres som \u00abNonsite\u00bb, med andre ord et bilde, en metafor for \u00abSite\u00bb. <\/p>\n<p>Askefoss\u00b4 arbeide beveget seg i de tidligere \u00e5r gradvis mot dette mantra: \u00abJeg har ingenting \u00e5 si, sier det, og kaller det poesi\u00bb. I senere arbeider forekommer det lyd, bilde og tekst i hans verker. Askefoss fors\u00f8ker \u00e5 stille sammen simultane virkeligheter, implisitt en referanse til stillhet. Lydens natur gj\u00f8r at rommet hvor kunsten vises blir en integrert del av verket. Stillhet kommer naturlig inn som b\u00e5de en dempning av subjektivitet, og ogs\u00e5 dempning av tilh\u00f8righet til deler av kunsthistorien, eller kanskje ikke? Aleatorisk komposisjon, glitch, og fokus p\u00e5 mellommenneskelige forhold som kultur, universelle overganger og meningsbygging, samt geologisk struktur og konkrete offentlige urbane rom manifesteres som estetisk tilfang i kunstrommet. <\/p>\n<p>Da mange av hans tidligere verker var stedsspesifikke og rombaserte, \u00f8nsker Askefoss \u00e5 vise kunst i en form \u00abskreddersydd\u00bb for presentasjon ved Bomuldsfabriken Kunsthall. To nye arbeider utformet for anledningen som en fire kapitlers Odyss\u00e9, alts\u00e5 diffusert lydkunst med tilh\u00f8rende video etc, venter de fremm\u00f8tte. Kapittel tre inneholder et kunstnerisk samarbeide med kollega Fanni Sara Istenes i form av vokal lydkunst. Presentasjonen, som har f\u00e5tt tittelen \u00abCulture Walk\u00bb, varer i tre kvarter pluss p\u00e5f\u00f8lgende dialog og sp\u00f8rsm\u00e5l. Med dette fors\u00f8ker Askefoss \u00e5 gjenskape og \u00e5 formidle stemninger, ideer og erfaringer fra tidligere arbeider, og samtidig presentere visjoner til nyere verk.<\/p>\n<figure><\/figure>\n<figure><\/figure>\n<figure><\/figure>","protected":false},"featured_media":130,"template":"","meta":{"_acf_changed":true},"class_list":["post-486","arrangement","type-arrangement","status-publish","has-post-thumbnail","hentry"],"acf":[],"yoast_head":"<!-- This site is optimized with the Yoast SEO plugin v27.5 - https:\/\/yoast.com\/product\/yoast-seo-wordpress\/ -->\n<title>Kunstnerpresentasjon: Bj\u00f8rn Askefoss 16. juni kl. 13:00 - Bomuldsfabriken<\/title>\n<meta name=\"robots\" content=\"index, follow, max-snippet:-1, max-image-preview:large, max-video-preview:-1\" \/>\n<link rel=\"canonical\" href=\"https:\/\/bomuldsfabriken.no\/en\/arrangement\/kunstnerpresentasjon-askefoss\/\" \/>\n<meta property=\"og:locale\" content=\"en_GB\" \/>\n<meta property=\"og:type\" content=\"article\" \/>\n<meta property=\"og:title\" content=\"Kunstnerpresentasjon: Bj\u00f8rn Askefoss 16. juni kl. 13:00 - Bomuldsfabriken\" \/>\n<meta property=\"og:description\" content=\"Velkommen til kunstnerpresentasjon med Bj\u00f8rn Askefoss!\u00a0 S\u00f8ndag 16.05.24 kl. 13:00-14:30Bomuldsfabriken Kunsthall, 3. etg.Enkel servering. Gratis inngang. Kunstkritiker Lotte Sandberg skrev i Aftenposten om Askefoss\u00b4 lydinstallasjon\" \/>\n<meta property=\"og:url\" content=\"https:\/\/bomuldsfabriken.no\/en\/arrangement\/kunstnerpresentasjon-askefoss\/\" \/>\n<meta property=\"og:site_name\" content=\"Bomuldsfabriken\" \/>\n<meta property=\"article:publisher\" content=\"https:\/\/www.facebook.com\/Bomuldsfabriken\/\" \/>\n<meta property=\"article:modified_time\" content=\"2025-06-26T20:42:47+00:00\" \/>\n<meta property=\"og:image\" content=\"https:\/\/bomuldsfabriken.no\/wp-content\/uploads\/2025\/06\/Askefoss_presentasjon_hjemmeside-BF-1920x1080-1.jpg\" \/>\n\t<meta property=\"og:image:width\" content=\"1920\" \/>\n\t<meta property=\"og:image:height\" content=\"1080\" \/>\n\t<meta property=\"og:image:type\" content=\"image\/jpeg\" \/>\n<meta name=\"twitter:card\" content=\"summary_large_image\" \/>\n<meta name=\"twitter:site\" content=\"@bomuldsfabriken\" \/>\n<meta name=\"twitter:label1\" content=\"Estimated reading time\" \/>\n\t<meta name=\"twitter:data1\" content=\"2 minutes\" \/>\n<script type=\"application\/ld+json\" class=\"yoast-schema-graph\">{\"@context\":\"https:\\\/\\\/schema.org\",\"@graph\":[{\"@type\":\"WebPage\",\"@id\":\"https:\\\/\\\/bomuldsfabriken.no\\\/arrangement\\\/kunstnerpresentasjon-askefoss\\\/\",\"url\":\"https:\\\/\\\/bomuldsfabriken.no\\\/arrangement\\\/kunstnerpresentasjon-askefoss\\\/\",\"name\":\"Kunstnerpresentasjon: Bj\u00f8rn Askefoss 16. juni kl. 13:00 - Bomuldsfabriken\",\"isPartOf\":{\"@id\":\"https:\\\/\\\/bomuldsfabriken.no\\\/#website\"},\"primaryImageOfPage\":{\"@id\":\"https:\\\/\\\/bomuldsfabriken.no\\\/arrangement\\\/kunstnerpresentasjon-askefoss\\\/#primaryimage\"},\"image\":{\"@id\":\"https:\\\/\\\/bomuldsfabriken.no\\\/arrangement\\\/kunstnerpresentasjon-askefoss\\\/#primaryimage\"},\"thumbnailUrl\":\"https:\\\/\\\/bomuldsfabriken.no\\\/wp-content\\\/uploads\\\/2025\\\/06\\\/Askefoss_presentasjon_hjemmeside-BF-1920x1080-1.jpg\",\"datePublished\":\"2024-04-22T09:22:38+00:00\",\"dateModified\":\"2025-06-26T20:42:47+00:00\",\"breadcrumb\":{\"@id\":\"https:\\\/\\\/bomuldsfabriken.no\\\/arrangement\\\/kunstnerpresentasjon-askefoss\\\/#breadcrumb\"},\"inLanguage\":\"en-GB\",\"potentialAction\":[{\"@type\":\"ReadAction\",\"target\":[\"https:\\\/\\\/bomuldsfabriken.no\\\/arrangement\\\/kunstnerpresentasjon-askefoss\\\/\"]}]},{\"@type\":\"ImageObject\",\"inLanguage\":\"en-GB\",\"@id\":\"https:\\\/\\\/bomuldsfabriken.no\\\/arrangement\\\/kunstnerpresentasjon-askefoss\\\/#primaryimage\",\"url\":\"https:\\\/\\\/bomuldsfabriken.no\\\/wp-content\\\/uploads\\\/2025\\\/06\\\/Askefoss_presentasjon_hjemmeside-BF-1920x1080-1.jpg\",\"contentUrl\":\"https:\\\/\\\/bomuldsfabriken.no\\\/wp-content\\\/uploads\\\/2025\\\/06\\\/Askefoss_presentasjon_hjemmeside-BF-1920x1080-1.jpg\",\"width\":1920,\"height\":1080},{\"@type\":\"BreadcrumbList\",\"@id\":\"https:\\\/\\\/bomuldsfabriken.no\\\/arrangement\\\/kunstnerpresentasjon-askefoss\\\/#breadcrumb\",\"itemListElement\":[{\"@type\":\"ListItem\",\"position\":1,\"name\":\"Home\",\"item\":\"https:\\\/\\\/bomuldsfabriken.no\\\/\"},{\"@type\":\"ListItem\",\"position\":2,\"name\":\"Kunstnerpresentasjon: Bj\u00f8rn Askefoss 16. juni kl. 13:00\"}]},{\"@type\":\"WebSite\",\"@id\":\"https:\\\/\\\/bomuldsfabriken.no\\\/#website\",\"url\":\"https:\\\/\\\/bomuldsfabriken.no\\\/\",\"name\":\"Bomuldsfabriken\",\"description\":\"Kunsthallen i Arendal \u2013 Bomuldsfabriken\",\"publisher\":{\"@id\":\"https:\\\/\\\/bomuldsfabriken.no\\\/#organization\"},\"potentialAction\":[{\"@type\":\"SearchAction\",\"target\":{\"@type\":\"EntryPoint\",\"urlTemplate\":\"https:\\\/\\\/bomuldsfabriken.no\\\/?s={search_term_string}\"},\"query-input\":{\"@type\":\"PropertyValueSpecification\",\"valueRequired\":true,\"valueName\":\"search_term_string\"}}],\"inLanguage\":\"en-GB\"},{\"@type\":\"Organization\",\"@id\":\"https:\\\/\\\/bomuldsfabriken.no\\\/#organization\",\"name\":\"Bomuldsfabriken\",\"url\":\"https:\\\/\\\/bomuldsfabriken.no\\\/\",\"logo\":{\"@type\":\"ImageObject\",\"inLanguage\":\"en-GB\",\"@id\":\"https:\\\/\\\/bomuldsfabriken.no\\\/#\\\/schema\\\/logo\\\/image\\\/\",\"url\":\"https:\\\/\\\/bomuldsfabriken.no\\\/wp-content\\\/uploads\\\/2025\\\/06\\\/bomlog.svg\",\"contentUrl\":\"https:\\\/\\\/bomuldsfabriken.no\\\/wp-content\\\/uploads\\\/2025\\\/06\\\/bomlog.svg\",\"caption\":\"Bomuldsfabriken\"},\"image\":{\"@id\":\"https:\\\/\\\/bomuldsfabriken.no\\\/#\\\/schema\\\/logo\\\/image\\\/\"},\"sameAs\":[\"https:\\\/\\\/www.facebook.com\\\/Bomuldsfabriken\\\/\",\"https:\\\/\\\/x.com\\\/bomuldsfabriken\",\"https:\\\/\\\/www.instagram.com\\\/bomuldsfabriken\"]}]}<\/script>\n<!-- \/ Yoast SEO plugin. -->","yoast_head_json":{"title":"Kunstnerpresentasjon: Bj\u00f8rn Askefoss 16. juni kl. 13:00 - Bomuldsfabriken","robots":{"index":"index","follow":"follow","max-snippet":"max-snippet:-1","max-image-preview":"max-image-preview:large","max-video-preview":"max-video-preview:-1"},"canonical":"https:\/\/bomuldsfabriken.no\/en\/arrangement\/kunstnerpresentasjon-askefoss\/","og_locale":"en_GB","og_type":"article","og_title":"Kunstnerpresentasjon: Bj\u00f8rn Askefoss 16. juni kl. 13:00 - Bomuldsfabriken","og_description":"Velkommen til kunstnerpresentasjon med Bj\u00f8rn Askefoss!\u00a0 S\u00f8ndag 16.05.24 kl. 13:00-14:30Bomuldsfabriken Kunsthall, 3. etg.Enkel servering. Gratis inngang. Kunstkritiker Lotte Sandberg skrev i Aftenposten om Askefoss\u00b4 lydinstallasjon","og_url":"https:\/\/bomuldsfabriken.no\/en\/arrangement\/kunstnerpresentasjon-askefoss\/","og_site_name":"Bomuldsfabriken","article_publisher":"https:\/\/www.facebook.com\/Bomuldsfabriken\/","article_modified_time":"2025-06-26T20:42:47+00:00","og_image":[{"width":1920,"height":1080,"url":"https:\/\/bomuldsfabriken.no\/wp-content\/uploads\/2025\/06\/Askefoss_presentasjon_hjemmeside-BF-1920x1080-1.jpg","type":"image\/jpeg"}],"twitter_card":"summary_large_image","twitter_site":"@bomuldsfabriken","twitter_misc":{"Estimated reading time":"2 minutes"},"schema":{"@context":"https:\/\/schema.org","@graph":[{"@type":"WebPage","@id":"https:\/\/bomuldsfabriken.no\/arrangement\/kunstnerpresentasjon-askefoss\/","url":"https:\/\/bomuldsfabriken.no\/arrangement\/kunstnerpresentasjon-askefoss\/","name":"Kunstnerpresentasjon: Bj\u00f8rn Askefoss 16. juni kl. 13:00 - Bomuldsfabriken","isPartOf":{"@id":"https:\/\/bomuldsfabriken.no\/#website"},"primaryImageOfPage":{"@id":"https:\/\/bomuldsfabriken.no\/arrangement\/kunstnerpresentasjon-askefoss\/#primaryimage"},"image":{"@id":"https:\/\/bomuldsfabriken.no\/arrangement\/kunstnerpresentasjon-askefoss\/#primaryimage"},"thumbnailUrl":"https:\/\/bomuldsfabriken.no\/wp-content\/uploads\/2025\/06\/Askefoss_presentasjon_hjemmeside-BF-1920x1080-1.jpg","datePublished":"2024-04-22T09:22:38+00:00","dateModified":"2025-06-26T20:42:47+00:00","breadcrumb":{"@id":"https:\/\/bomuldsfabriken.no\/arrangement\/kunstnerpresentasjon-askefoss\/#breadcrumb"},"inLanguage":"en-GB","potentialAction":[{"@type":"ReadAction","target":["https:\/\/bomuldsfabriken.no\/arrangement\/kunstnerpresentasjon-askefoss\/"]}]},{"@type":"ImageObject","inLanguage":"en-GB","@id":"https:\/\/bomuldsfabriken.no\/arrangement\/kunstnerpresentasjon-askefoss\/#primaryimage","url":"https:\/\/bomuldsfabriken.no\/wp-content\/uploads\/2025\/06\/Askefoss_presentasjon_hjemmeside-BF-1920x1080-1.jpg","contentUrl":"https:\/\/bomuldsfabriken.no\/wp-content\/uploads\/2025\/06\/Askefoss_presentasjon_hjemmeside-BF-1920x1080-1.jpg","width":1920,"height":1080},{"@type":"BreadcrumbList","@id":"https:\/\/bomuldsfabriken.no\/arrangement\/kunstnerpresentasjon-askefoss\/#breadcrumb","itemListElement":[{"@type":"ListItem","position":1,"name":"Home","item":"https:\/\/bomuldsfabriken.no\/"},{"@type":"ListItem","position":2,"name":"Kunstnerpresentasjon: Bj\u00f8rn Askefoss 16. juni kl. 13:00"}]},{"@type":"WebSite","@id":"https:\/\/bomuldsfabriken.no\/#website","url":"https:\/\/bomuldsfabriken.no\/","name":"Bomuldsfabriken","description":"Kunsthallen i Arendal \u2013 Bomuldsfabriken","publisher":{"@id":"https:\/\/bomuldsfabriken.no\/#organization"},"potentialAction":[{"@type":"SearchAction","target":{"@type":"EntryPoint","urlTemplate":"https:\/\/bomuldsfabriken.no\/?s={search_term_string}"},"query-input":{"@type":"PropertyValueSpecification","valueRequired":true,"valueName":"search_term_string"}}],"inLanguage":"en-GB"},{"@type":"Organization","@id":"https:\/\/bomuldsfabriken.no\/#organization","name":"Bomuldsfabriken","url":"https:\/\/bomuldsfabriken.no\/","logo":{"@type":"ImageObject","inLanguage":"en-GB","@id":"https:\/\/bomuldsfabriken.no\/#\/schema\/logo\/image\/","url":"https:\/\/bomuldsfabriken.no\/wp-content\/uploads\/2025\/06\/bomlog.svg","contentUrl":"https:\/\/bomuldsfabriken.no\/wp-content\/uploads\/2025\/06\/bomlog.svg","caption":"Bomuldsfabriken"},"image":{"@id":"https:\/\/bomuldsfabriken.no\/#\/schema\/logo\/image\/"},"sameAs":["https:\/\/www.facebook.com\/Bomuldsfabriken\/","https:\/\/x.com\/bomuldsfabriken","https:\/\/www.instagram.com\/bomuldsfabriken"]}]}},"_links":{"self":[{"href":"https:\/\/bomuldsfabriken.no\/en\/wp-json\/wp\/v2\/arrangement\/486","targetHints":{"allow":["GET"]}}],"collection":[{"href":"https:\/\/bomuldsfabriken.no\/en\/wp-json\/wp\/v2\/arrangement"}],"about":[{"href":"https:\/\/bomuldsfabriken.no\/en\/wp-json\/wp\/v2\/types\/arrangement"}],"wp:featuredmedia":[{"embeddable":true,"href":"https:\/\/bomuldsfabriken.no\/en\/wp-json\/wp\/v2\/media\/130"}],"wp:attachment":[{"href":"https:\/\/bomuldsfabriken.no\/en\/wp-json\/wp\/v2\/media?parent=486"}],"curies":[{"name":"wp","href":"https:\/\/api.w.org\/{rel}","templated":true}]}}