{"id":503,"date":"2023-10-09T11:50:33","date_gmt":"2023-10-09T11:50:33","guid":{"rendered":"http:\/\/bomuldification.test\/kunst\/fred-terkelsen\/"},"modified":"2025-06-26T20:44:27","modified_gmt":"2025-06-26T20:44:27","slug":"fred-terkelsen","status":"publish","type":"arrangement","link":"https:\/\/bomuldsfabriken.no\/en\/arrangement\/fred-terkelsen\/","title":{"rendered":"Utstilling 3. etasje: Arendal \u2013 en arkitekturhistorisk vandring"},"content":{"rendered":"<figure class=\"wp-block-image size-large\"><img loading=\"lazy\" decoding=\"async\" width=\"1280\" height=\"670\" src=\"https:\/\/bomuldsfabriken.no\/wp-content\/uploads\/2023\/10\/Terkelsen-BF-H2023-Facebook-1280x670.png\" alt=\"\" class=\"wp-image-4380\" srcset=\"https:\/\/bomuldsfabriken.no\/wp-content\/uploads\/2023\/10\/Terkelsen-BF-H2023-Facebook-1280x670.png 1280w, https:\/\/bomuldsfabriken.no\/wp-content\/uploads\/2023\/10\/Terkelsen-BF-H2023-Facebook-1024x536.png 1024w, https:\/\/bomuldsfabriken.no\/wp-content\/uploads\/2023\/10\/Terkelsen-BF-H2023-Facebook-768x402.png 768w, https:\/\/bomuldsfabriken.no\/wp-content\/uploads\/2023\/10\/Terkelsen-BF-H2023-Facebook-1536x804.png 1536w, https:\/\/bomuldsfabriken.no\/wp-content\/uploads\/2023\/10\/Terkelsen-BF-H2023-Facebook.png 1920w\" sizes=\"auto, (max-width: 1280px) 100vw, 1280px\" \/><\/figure>\n<figure><\/figure>\n<p>Det er en glede for Bomuldsfabriken \u00e5 markere Arendal sitt 300-\u00e5rsjubileum med et historisk tilbakeblikk p\u00e5 Fred. Terkelsen (1887-1946) sine mange skildringer av bymilj\u00f8et i Arendal. Sammen med malerne Julius Smith, William Andersen, Knud Haaning, Ants Lepson og Ole Aagesen blir han regnet som en av Arendalsmalerne.<\/p>\n<p>I anledning utstillingen publiserer BOKSTUDIO ved&nbsp;Kristin&nbsp;Bae Mysen, i samarbeid med Bomuldsfabriken,&nbsp;boken \u00abArendalshistorie&nbsp;gjennom&nbsp;kunstnerens&nbsp;blikk\u00bb&nbsp;der bildene til Terkelsen knyttes til Arendal sin historie.<\/p>\n<p>Christian Fredrik Terkelsen var bosatt p\u00e5 Tyholmen i Arendal, og er kjent for sine mange skildringer av byens torg, pittoreske trearkitektur og kanaler. Kanalene skapte en s\u00e6regen atmosf\u00e6re i Arendal, som ogs\u00e5 ble beskrevet som \u00abNordens Venezia\u00bb. Terkelsen malte ofte scener fra vinteren hvor gatene er dekt av sn\u00f8. Trehusarkitekturen er detaljrikt gjengitt i skinnet fra de vakre gasslyktene i smijern, som prydet bybildet. Kanalene, torgene og bryggene med ulike skip og sm\u00e5b\u00e5ter, samt den vakre Trefoldighetskirken som ruver mot himmelen, er gjentagende motiv som skildres med et stort hjerte for byen.&nbsp;<\/p>\n<p>Terkelsen fikk sin utdannelsen fra Tegneskolen i K\u00f8benhavn og Kunstakademiet i Christiania. Han var ved flere anledninger presentert ved H\u00f8stutstillingen.<\/p>\n<p>I 1977 arrangerte Arendal kunstforening, i samarbeid med Aust-Agder-Museet, en minneutstilling med 100 malerier og 20 tegninger som viste bredden i hans produksjon. Bomuldsfabriken tar opp tr\u00e5den derfra, og i samarbeid med Kristin Bae Mysen, belyses motivene gjennom et kultur- og arkitekturhistorisk perspektiv. Terkelsen skildret hvordan Arendal s\u00e5 ut fra slutten av 1800-tallet frem til 1940-tallet.<\/p>","protected":false},"featured_media":163,"template":"","meta":{"_acf_changed":true},"class_list":["post-503","arrangement","type-arrangement","status-publish","has-post-thumbnail","hentry"],"acf":[],"yoast_head":"<!-- This site is optimized with the Yoast SEO plugin v27.5 - https:\/\/yoast.com\/product\/yoast-seo-wordpress\/ -->\n<title>Utstilling 3. etasje: Arendal \u2013 en arkitekturhistorisk vandring - Bomuldsfabriken<\/title>\n<meta name=\"robots\" content=\"index, follow, max-snippet:-1, max-image-preview:large, max-video-preview:-1\" \/>\n<link rel=\"canonical\" href=\"https:\/\/bomuldsfabriken.no\/en\/arrangement\/fred-terkelsen\/\" \/>\n<meta property=\"og:locale\" content=\"en_GB\" \/>\n<meta property=\"og:type\" content=\"article\" \/>\n<meta property=\"og:title\" content=\"Utstilling 3. etasje: Arendal \u2013 en arkitekturhistorisk vandring - Bomuldsfabriken\" \/>\n<meta property=\"og:description\" content=\"Det er en glede for Bomuldsfabriken \u00e5 markere Arendal sitt 300-\u00e5rsjubileum med et historisk tilbakeblikk p\u00e5 Fred. Terkelsen (1887-1946) sine mange skildringer av bymilj\u00f8et i\" \/>\n<meta property=\"og:url\" content=\"https:\/\/bomuldsfabriken.no\/en\/arrangement\/fred-terkelsen\/\" \/>\n<meta property=\"og:site_name\" content=\"Bomuldsfabriken\" \/>\n<meta property=\"article:publisher\" content=\"https:\/\/www.facebook.com\/Bomuldsfabriken\/\" \/>\n<meta property=\"article:modified_time\" content=\"2025-06-26T20:44:27+00:00\" \/>\n<meta property=\"og:image\" content=\"https:\/\/bomuldsfabriken.no\/wp-content\/uploads\/2025\/06\/Terkelsen-BF-H2023-Facebook-1024x536.png\" \/>\n\t<meta property=\"og:image:width\" content=\"1024\" \/>\n\t<meta property=\"og:image:height\" content=\"536\" \/>\n\t<meta property=\"og:image:type\" content=\"image\/png\" \/>\n<meta name=\"twitter:card\" content=\"summary_large_image\" \/>\n<meta name=\"twitter:site\" content=\"@bomuldsfabriken\" \/>\n<meta name=\"twitter:label1\" content=\"Estimated reading time\" \/>\n\t<meta name=\"twitter:data1\" content=\"1 minute\" \/>\n<script type=\"application\/ld+json\" class=\"yoast-schema-graph\">{\"@context\":\"https:\\\/\\\/schema.org\",\"@graph\":[{\"@type\":\"WebPage\",\"@id\":\"https:\\\/\\\/bomuldsfabriken.no\\\/arrangement\\\/fred-terkelsen\\\/\",\"url\":\"https:\\\/\\\/bomuldsfabriken.no\\\/arrangement\\\/fred-terkelsen\\\/\",\"name\":\"Utstilling 3. etasje: Arendal \u2013 en arkitekturhistorisk vandring - Bomuldsfabriken\",\"isPartOf\":{\"@id\":\"https:\\\/\\\/bomuldsfabriken.no\\\/#website\"},\"primaryImageOfPage\":{\"@id\":\"https:\\\/\\\/bomuldsfabriken.no\\\/arrangement\\\/fred-terkelsen\\\/#primaryimage\"},\"image\":{\"@id\":\"https:\\\/\\\/bomuldsfabriken.no\\\/arrangement\\\/fred-terkelsen\\\/#primaryimage\"},\"thumbnailUrl\":\"https:\\\/\\\/bomuldsfabriken.no\\\/wp-content\\\/uploads\\\/2025\\\/06\\\/Terkelsen-BF-H2023-Facebook.png\",\"datePublished\":\"2023-10-09T11:50:33+00:00\",\"dateModified\":\"2025-06-26T20:44:27+00:00\",\"breadcrumb\":{\"@id\":\"https:\\\/\\\/bomuldsfabriken.no\\\/arrangement\\\/fred-terkelsen\\\/#breadcrumb\"},\"inLanguage\":\"en-GB\",\"potentialAction\":[{\"@type\":\"ReadAction\",\"target\":[\"https:\\\/\\\/bomuldsfabriken.no\\\/arrangement\\\/fred-terkelsen\\\/\"]}]},{\"@type\":\"ImageObject\",\"inLanguage\":\"en-GB\",\"@id\":\"https:\\\/\\\/bomuldsfabriken.no\\\/arrangement\\\/fred-terkelsen\\\/#primaryimage\",\"url\":\"https:\\\/\\\/bomuldsfabriken.no\\\/wp-content\\\/uploads\\\/2025\\\/06\\\/Terkelsen-BF-H2023-Facebook.png\",\"contentUrl\":\"https:\\\/\\\/bomuldsfabriken.no\\\/wp-content\\\/uploads\\\/2025\\\/06\\\/Terkelsen-BF-H2023-Facebook.png\",\"width\":1920,\"height\":1005},{\"@type\":\"BreadcrumbList\",\"@id\":\"https:\\\/\\\/bomuldsfabriken.no\\\/arrangement\\\/fred-terkelsen\\\/#breadcrumb\",\"itemListElement\":[{\"@type\":\"ListItem\",\"position\":1,\"name\":\"Home\",\"item\":\"https:\\\/\\\/bomuldsfabriken.no\\\/\"},{\"@type\":\"ListItem\",\"position\":2,\"name\":\"Utstilling 3. etasje: Arendal \u2013 en arkitekturhistorisk vandring\"}]},{\"@type\":\"WebSite\",\"@id\":\"https:\\\/\\\/bomuldsfabriken.no\\\/#website\",\"url\":\"https:\\\/\\\/bomuldsfabriken.no\\\/\",\"name\":\"Bomuldsfabriken\",\"description\":\"Kunsthallen i Arendal \u2013 Bomuldsfabriken\",\"publisher\":{\"@id\":\"https:\\\/\\\/bomuldsfabriken.no\\\/#organization\"},\"potentialAction\":[{\"@type\":\"SearchAction\",\"target\":{\"@type\":\"EntryPoint\",\"urlTemplate\":\"https:\\\/\\\/bomuldsfabriken.no\\\/?s={search_term_string}\"},\"query-input\":{\"@type\":\"PropertyValueSpecification\",\"valueRequired\":true,\"valueName\":\"search_term_string\"}}],\"inLanguage\":\"en-GB\"},{\"@type\":\"Organization\",\"@id\":\"https:\\\/\\\/bomuldsfabriken.no\\\/#organization\",\"name\":\"Bomuldsfabriken\",\"url\":\"https:\\\/\\\/bomuldsfabriken.no\\\/\",\"logo\":{\"@type\":\"ImageObject\",\"inLanguage\":\"en-GB\",\"@id\":\"https:\\\/\\\/bomuldsfabriken.no\\\/#\\\/schema\\\/logo\\\/image\\\/\",\"url\":\"https:\\\/\\\/bomuldsfabriken.no\\\/wp-content\\\/uploads\\\/2025\\\/06\\\/bomlog.svg\",\"contentUrl\":\"https:\\\/\\\/bomuldsfabriken.no\\\/wp-content\\\/uploads\\\/2025\\\/06\\\/bomlog.svg\",\"caption\":\"Bomuldsfabriken\"},\"image\":{\"@id\":\"https:\\\/\\\/bomuldsfabriken.no\\\/#\\\/schema\\\/logo\\\/image\\\/\"},\"sameAs\":[\"https:\\\/\\\/www.facebook.com\\\/Bomuldsfabriken\\\/\",\"https:\\\/\\\/x.com\\\/bomuldsfabriken\",\"https:\\\/\\\/www.instagram.com\\\/bomuldsfabriken\"]}]}<\/script>\n<!-- \/ Yoast SEO plugin. -->","yoast_head_json":{"title":"Utstilling 3. etasje: Arendal \u2013 en arkitekturhistorisk vandring - Bomuldsfabriken","robots":{"index":"index","follow":"follow","max-snippet":"max-snippet:-1","max-image-preview":"max-image-preview:large","max-video-preview":"max-video-preview:-1"},"canonical":"https:\/\/bomuldsfabriken.no\/en\/arrangement\/fred-terkelsen\/","og_locale":"en_GB","og_type":"article","og_title":"Utstilling 3. etasje: Arendal \u2013 en arkitekturhistorisk vandring - Bomuldsfabriken","og_description":"Det er en glede for Bomuldsfabriken \u00e5 markere Arendal sitt 300-\u00e5rsjubileum med et historisk tilbakeblikk p\u00e5 Fred. Terkelsen (1887-1946) sine mange skildringer av bymilj\u00f8et i","og_url":"https:\/\/bomuldsfabriken.no\/en\/arrangement\/fred-terkelsen\/","og_site_name":"Bomuldsfabriken","article_publisher":"https:\/\/www.facebook.com\/Bomuldsfabriken\/","article_modified_time":"2025-06-26T20:44:27+00:00","og_image":[{"width":1024,"height":536,"url":"https:\/\/bomuldsfabriken.no\/wp-content\/uploads\/2025\/06\/Terkelsen-BF-H2023-Facebook-1024x536.png","type":"image\/png"}],"twitter_card":"summary_large_image","twitter_site":"@bomuldsfabriken","twitter_misc":{"Estimated reading time":"1 minute"},"schema":{"@context":"https:\/\/schema.org","@graph":[{"@type":"WebPage","@id":"https:\/\/bomuldsfabriken.no\/arrangement\/fred-terkelsen\/","url":"https:\/\/bomuldsfabriken.no\/arrangement\/fred-terkelsen\/","name":"Utstilling 3. etasje: Arendal \u2013 en arkitekturhistorisk vandring - Bomuldsfabriken","isPartOf":{"@id":"https:\/\/bomuldsfabriken.no\/#website"},"primaryImageOfPage":{"@id":"https:\/\/bomuldsfabriken.no\/arrangement\/fred-terkelsen\/#primaryimage"},"image":{"@id":"https:\/\/bomuldsfabriken.no\/arrangement\/fred-terkelsen\/#primaryimage"},"thumbnailUrl":"https:\/\/bomuldsfabriken.no\/wp-content\/uploads\/2025\/06\/Terkelsen-BF-H2023-Facebook.png","datePublished":"2023-10-09T11:50:33+00:00","dateModified":"2025-06-26T20:44:27+00:00","breadcrumb":{"@id":"https:\/\/bomuldsfabriken.no\/arrangement\/fred-terkelsen\/#breadcrumb"},"inLanguage":"en-GB","potentialAction":[{"@type":"ReadAction","target":["https:\/\/bomuldsfabriken.no\/arrangement\/fred-terkelsen\/"]}]},{"@type":"ImageObject","inLanguage":"en-GB","@id":"https:\/\/bomuldsfabriken.no\/arrangement\/fred-terkelsen\/#primaryimage","url":"https:\/\/bomuldsfabriken.no\/wp-content\/uploads\/2025\/06\/Terkelsen-BF-H2023-Facebook.png","contentUrl":"https:\/\/bomuldsfabriken.no\/wp-content\/uploads\/2025\/06\/Terkelsen-BF-H2023-Facebook.png","width":1920,"height":1005},{"@type":"BreadcrumbList","@id":"https:\/\/bomuldsfabriken.no\/arrangement\/fred-terkelsen\/#breadcrumb","itemListElement":[{"@type":"ListItem","position":1,"name":"Home","item":"https:\/\/bomuldsfabriken.no\/"},{"@type":"ListItem","position":2,"name":"Utstilling 3. etasje: Arendal \u2013 en arkitekturhistorisk vandring"}]},{"@type":"WebSite","@id":"https:\/\/bomuldsfabriken.no\/#website","url":"https:\/\/bomuldsfabriken.no\/","name":"Bomuldsfabriken","description":"Kunsthallen i Arendal \u2013 Bomuldsfabriken","publisher":{"@id":"https:\/\/bomuldsfabriken.no\/#organization"},"potentialAction":[{"@type":"SearchAction","target":{"@type":"EntryPoint","urlTemplate":"https:\/\/bomuldsfabriken.no\/?s={search_term_string}"},"query-input":{"@type":"PropertyValueSpecification","valueRequired":true,"valueName":"search_term_string"}}],"inLanguage":"en-GB"},{"@type":"Organization","@id":"https:\/\/bomuldsfabriken.no\/#organization","name":"Bomuldsfabriken","url":"https:\/\/bomuldsfabriken.no\/","logo":{"@type":"ImageObject","inLanguage":"en-GB","@id":"https:\/\/bomuldsfabriken.no\/#\/schema\/logo\/image\/","url":"https:\/\/bomuldsfabriken.no\/wp-content\/uploads\/2025\/06\/bomlog.svg","contentUrl":"https:\/\/bomuldsfabriken.no\/wp-content\/uploads\/2025\/06\/bomlog.svg","caption":"Bomuldsfabriken"},"image":{"@id":"https:\/\/bomuldsfabriken.no\/#\/schema\/logo\/image\/"},"sameAs":["https:\/\/www.facebook.com\/Bomuldsfabriken\/","https:\/\/x.com\/bomuldsfabriken","https:\/\/www.instagram.com\/bomuldsfabriken"]}]}},"_links":{"self":[{"href":"https:\/\/bomuldsfabriken.no\/en\/wp-json\/wp\/v2\/arrangement\/503","targetHints":{"allow":["GET"]}}],"collection":[{"href":"https:\/\/bomuldsfabriken.no\/en\/wp-json\/wp\/v2\/arrangement"}],"about":[{"href":"https:\/\/bomuldsfabriken.no\/en\/wp-json\/wp\/v2\/types\/arrangement"}],"wp:featuredmedia":[{"embeddable":true,"href":"https:\/\/bomuldsfabriken.no\/en\/wp-json\/wp\/v2\/media\/163"}],"wp:attachment":[{"href":"https:\/\/bomuldsfabriken.no\/en\/wp-json\/wp\/v2\/media?parent=503"}],"curies":[{"name":"wp","href":"https:\/\/api.w.org\/{rel}","templated":true}]}}