{"id":526,"date":"2023-02-07T14:23:18","date_gmt":"2023-02-07T14:23:18","guid":{"rendered":"http:\/\/bomuldification.test\/kunst\/velkommen-til-utstillingsapning-18-februar\/"},"modified":"2025-06-26T20:44:46","modified_gmt":"2025-06-26T20:44:46","slug":"velkommen-til-utstillingsapning-18-februar","status":"publish","type":"arrangement","link":"https:\/\/bomuldsfabriken.no\/en\/arrangement\/velkommen-til-utstillingsapning-18-februar\/","title":{"rendered":"Utstilling 2.etg &#8211; Bomuldsfabriken Kunstsamling"},"content":{"rendered":"<figure class=\"wp-block-image size-full\"><img loading=\"lazy\" decoding=\"async\" width=\"980\" height=\"448\" src=\"https:\/\/bomuldsfabriken.no\/wp-content\/uploads\/2023\/02\/invitasjon-Bomuldsfabriken-kunstsamling.png\" alt=\"\" class=\"wp-image-4117\" srcset=\"https:\/\/bomuldsfabriken.no\/wp-content\/uploads\/2023\/02\/invitasjon-Bomuldsfabriken-kunstsamling.png 980w, https:\/\/bomuldsfabriken.no\/wp-content\/uploads\/2023\/02\/invitasjon-Bomuldsfabriken-kunstsamling-768x351.png 768w\" sizes=\"auto, (max-width: 980px) 100vw, 980px\" \/><\/figure>\n<p class=\"has-text-align-center\"><strong>Bomuldsfabriken kunstsamling&nbsp; 18 februar \u2013 8 mai 2. etasj<\/strong>e<\/p>\n<p class=\"has-text-align-left\">BOMULDSFABRIKEN KUNSTSAMLING Bomuldsfabriken kunsthall, 18. februar \u2013 8. mai 2023 Det er en glede for Bomuldsfabriken kunsthall \u00e5 kunne vise nyervervelser utf\u00f8rt i l\u00f8pet av de siste to \u00e5rene, verk fra egen samling og deponier fra samlere p\u00e5 norsk og internasjonal samtidskunst. Bomuldsfabriken fortsetter \u00e5 rette fokuset p\u00e5 LHBTIQ-problematikk ved \u00e5 starte utstillingen med arbeider fra Oslo, London og New York p\u00e5 1980-tallet. Innenfor denne samfunnsaktuelle problematikken presenterer vi verk som ble innkj\u00f8pt til samlingen fra utstillingen; <em>Matrix of Gender<\/em> og <em>Break Free<\/em>, to utstillinger Bomuldsfabriken kuraterte i 2022 i forbindelse med Skeivt Kultur\u00e5r.<\/p>\n<p class=\"has-text-align-left\">I f\u00f8rste sal vises ikoniske verk av Nan Goldin og Andres Serrano, toneangivende kunstnere som ga en stemme til homoseksuelle og transepersoners rettighetskamp i kj\u00f8levannet av aidsepidemien p\u00e5 1980-tallet. I dialog med Serrano, Goldin og Serck-Hanssens skildringer av den skeive, eksistensielle frigj\u00f8ringskampen p\u00e5 1980-tallet trekkes det en bro over til v\u00e5r tid med Linda Bournane Engelberths fem fotografier fra serien; <em>Outside the Binary<\/em>, et p\u00e5g\u00e5ende prosjekt hvor hun opps\u00f8ker ikke-bin\u00e6re personer over hele verden, som er portrettert med et uts\u00f8kt blikk for det vare og s\u00e6regne, samt vises Hege Haraldsen sitt videoverk <em>The j\u00e6vla homo effect<\/em> inne i blackboksen.&nbsp;<\/p>\n<p class=\"has-text-align-left\">I andre sal fortsetter tematikken rundt kj\u00f8nn og identitet, men da ogs\u00e5 med et sprang over i feministiske ytringer. Her vises Herman av Marin H\u00e5skjold som, gjennom \u00e5 portrettere transepersoner og skeive milj\u00f8er, utfordrer kj\u00f8nnsstereotyper og grunnleggende, menneskerettslige sp\u00f8rsm\u00e5l. I Jo Ravn Abusland sine lavm\u00e6lte fotografier Merket til felling blandes en konkret aksjon for rettsvern av furutr\u00e6r med referanse til sosiologi, filosofi og historie. Kretsingen rundt det marginaliserte settes i sammenheng med kampen for verdisp\u00f8rsm\u00e5l og kj\u00f8nnsmangfold. Julie Ebbings serie, <em>Sur les Femmes<\/em>, dr\u00f8fter makten som ligger nedfelt i patriarkalske hierarkier, fra den hellige jomfru Maria og kunsthistoriske motiv som Julie og Holofernes, til kunstverdens mannsdominerte, kapitalistiske \u00f8kosystem. I dialog med kritikken og oppgj\u00f8ret med patriarkalske og religi\u00f8se dogmer inneholder B\u00f8rre Larsens verk: <em>En hjelpende h\u00e5nd<\/em> \u2013 i likhet med Astrid M\u00f8rlands sarte, \u00f8kofilosofiske tegninger og Ellinor Flors skulptur \u2013 surrealistiske sammenf\u00f8yninger. Samtidig knyttes et selvbiografisk moment rundt relasjoner, skildret med poesiens kraft og skalaforskyvninger, i Vanessa Bairds akvarell: <em>Home is where my Mother is<\/em>.<\/p>\n<p class=\"has-text-align-left\">I tredje sal m\u00f8ter man en serie fotografier av Terje Abusland som blant annet viser til fornorskingspolitikken overfor den samiske befolkningen, utf\u00f8rt gjennom et subtilt, tvetydig uttrykk. Tom Sandbergs ladede sort-hvitt-fotografier f\u00e5r noe s\u00e5 trivielt som v\u00e5t asfalt til \u00e5 skinne i motivets subtile gr\u00e5skala av nyanser og refleksjoner. Regien Cox har utviklet et s\u00e6regent kunstnerskap hvor m\u00f8ter fra ulike livssf\u00e6rer skaper et overraskende nytt meningsinnhold. I <em>\u00c5ttebladrose <\/em>sammenstilles to diametralt ulike verdener ved at broderiteknikken utfoldes i repetitive m\u00f8nster p\u00e5 en garasjed\u00f8r. I Calina Pandele Yttredals tre pasteller vises det tre vinduer ut mot en dr\u00f8mmelignende verden hvor man synker inn i naturmystikkens, atmosf\u00e6riske landskap. Fortsettelsen bygger videre p\u00e5 landskapet som et utgangspunkt for abstrakte komposisjoner hos den etiopisk-amerikanske kunstneren Julie Mehretu, som i malerier, tegninger og trykk skildrer de kumulative effektene av urbane, sosiopolitiske endringer.<\/p>\n<p class=\"has-text-align-left\">Fjerde sal er viet Leonard Rickhards malerier, som fyller rommet med sine monumentale komposisjoner. Rickhard har gjennom 30 \u00e5r markert seg som en av Norges ledende kunstnere. Hans verk balanserer en formal, abstrakt kvalitet med et fortettet innhold og de karakteristiske motivene som g\u00e5r igjen i maleriene; bj\u00f8rkeskogen, modellene, d\u00f8rgl\u00f8ttene, forlatte bygninger, brukte maskiner og enkelte ganger en menneskelig skikkelse med en stillferdig fremtoning.<\/p>\n<p class=\"has-text-align-left\">Rom og arkitektur er gjennomg\u00e5ende komponenter som tas opp i femte sal i Espen Dietrichsons serier med silketrykk, som bearbeider brutalistisk arkitektur med et skulpturelt blikk. I <em>Unstable Column \u2013 Two Movements<\/em> for Erling Viksj\u00f8 (#1 og #2) har han arbeidet med de formmessige kvalitetene og betongoverflatene i Y-blokka, og skapt et nytt, skulpturelt uttrykk som en hyllest til det eksisterende bygget. Diskursen rundt symboltung arkitektur er satt i dialog med<em> Zweifel Allgemeine<\/em>. Dette er et konseptuelt og tekstbasert verk av Lars \u00d8 Ramberg som tar utgangspunkt i kunstnerens hovedverk; <em>Palast&nbsp;des&nbsp;Zweifels<\/em>&nbsp;\u2013 et 42 meter langt og ni meter h\u00f8yt ord formet i aluminium og neonlys. Det monumentale ordet, som rettet oppmerksomheten til betydningen av \u00abtvilens filosofi\u00bb, smeltet sammen med Berlins dav\u00e6rende, mest omstridte rivningstruende bygning: Palast der Republik-skallet fra DDRs nasjonalforsamling. Lars \u00d8 Rambergs avis Zweifel Allgemeine ble utgitt i 2005, p\u00e5 seksti\u00e5rsdagen for slutten av andre verdenskrig. Av 350 overskrifter fra tyske aviser fra januar til mai 2005 som inneholdt ordet Zweifel, ble tjuefire titler valgt ut til Zweifel Allgemeine. Med tvilens kritiske impuls i mente \u2013 som kunstens potensielle muligheter til ber\u00f8ring, engasjement og undring \u2013 avsluttes utstillingen med <em>Fraktal<\/em> et verk i rustfritt, h\u00f8ypolert st\u00e5l av B\u00e5rd Breivik, som er satt i dialog med utsynet til andre, skulpturelle verk i Kunstarena gruvene.&nbsp;<\/p>","protected":false},"featured_media":206,"template":"","meta":{"_acf_changed":true},"class_list":["post-526","arrangement","type-arrangement","status-publish","has-post-thumbnail","hentry"],"acf":[],"yoast_head":"<!-- This site is optimized with the Yoast SEO plugin v27.5 - https:\/\/yoast.com\/product\/yoast-seo-wordpress\/ -->\n<title>Utstilling 2.etg &#8211; Bomuldsfabriken Kunstsamling - Bomuldsfabriken<\/title>\n<meta name=\"robots\" content=\"index, follow, max-snippet:-1, max-image-preview:large, max-video-preview:-1\" \/>\n<link rel=\"canonical\" href=\"https:\/\/bomuldsfabriken.no\/en\/arrangement\/velkommen-til-utstillingsapning-18-februar\/\" \/>\n<meta property=\"og:locale\" content=\"en_GB\" \/>\n<meta property=\"og:type\" content=\"article\" \/>\n<meta property=\"og:title\" content=\"Utstilling 2.etg &#8211; Bomuldsfabriken Kunstsamling - Bomuldsfabriken\" \/>\n<meta property=\"og:description\" content=\"Bomuldsfabriken kunstsamling&nbsp; 18 februar \u2013 8 mai 2. etasje BOMULDSFABRIKEN KUNSTSAMLING Bomuldsfabriken kunsthall, 18. februar \u2013 8. mai 2023 Det er en glede for Bomuldsfabriken\" \/>\n<meta property=\"og:url\" content=\"https:\/\/bomuldsfabriken.no\/en\/arrangement\/velkommen-til-utstillingsapning-18-februar\/\" \/>\n<meta property=\"og:site_name\" content=\"Bomuldsfabriken\" \/>\n<meta property=\"article:publisher\" content=\"https:\/\/www.facebook.com\/Bomuldsfabriken\/\" \/>\n<meta property=\"article:modified_time\" content=\"2025-06-26T20:44:46+00:00\" \/>\n<meta property=\"og:image\" content=\"https:\/\/bomuldsfabriken.no\/wp-content\/uploads\/2025\/06\/invitasjon-Bomuldsfabriken-kunstsamling.png\" \/>\n\t<meta property=\"og:image:width\" content=\"980\" \/>\n\t<meta property=\"og:image:height\" content=\"448\" \/>\n\t<meta property=\"og:image:type\" content=\"image\/png\" \/>\n<meta name=\"twitter:card\" content=\"summary_large_image\" \/>\n<meta name=\"twitter:site\" content=\"@bomuldsfabriken\" \/>\n<meta name=\"twitter:label1\" content=\"Estimated reading time\" \/>\n\t<meta name=\"twitter:data1\" content=\"4 minutes\" \/>\n<script type=\"application\/ld+json\" class=\"yoast-schema-graph\">{\"@context\":\"https:\\\/\\\/schema.org\",\"@graph\":[{\"@type\":\"WebPage\",\"@id\":\"https:\\\/\\\/bomuldsfabriken.no\\\/arrangement\\\/velkommen-til-utstillingsapning-18-februar\\\/\",\"url\":\"https:\\\/\\\/bomuldsfabriken.no\\\/arrangement\\\/velkommen-til-utstillingsapning-18-februar\\\/\",\"name\":\"Utstilling 2.etg &#8211; Bomuldsfabriken Kunstsamling - Bomuldsfabriken\",\"isPartOf\":{\"@id\":\"https:\\\/\\\/bomuldsfabriken.no\\\/#website\"},\"primaryImageOfPage\":{\"@id\":\"https:\\\/\\\/bomuldsfabriken.no\\\/arrangement\\\/velkommen-til-utstillingsapning-18-februar\\\/#primaryimage\"},\"image\":{\"@id\":\"https:\\\/\\\/bomuldsfabriken.no\\\/arrangement\\\/velkommen-til-utstillingsapning-18-februar\\\/#primaryimage\"},\"thumbnailUrl\":\"https:\\\/\\\/bomuldsfabriken.no\\\/wp-content\\\/uploads\\\/2025\\\/06\\\/invitasjon-Bomuldsfabriken-kunstsamling.png\",\"datePublished\":\"2023-02-07T14:23:18+00:00\",\"dateModified\":\"2025-06-26T20:44:46+00:00\",\"breadcrumb\":{\"@id\":\"https:\\\/\\\/bomuldsfabriken.no\\\/arrangement\\\/velkommen-til-utstillingsapning-18-februar\\\/#breadcrumb\"},\"inLanguage\":\"en-GB\",\"potentialAction\":[{\"@type\":\"ReadAction\",\"target\":[\"https:\\\/\\\/bomuldsfabriken.no\\\/arrangement\\\/velkommen-til-utstillingsapning-18-februar\\\/\"]}]},{\"@type\":\"ImageObject\",\"inLanguage\":\"en-GB\",\"@id\":\"https:\\\/\\\/bomuldsfabriken.no\\\/arrangement\\\/velkommen-til-utstillingsapning-18-februar\\\/#primaryimage\",\"url\":\"https:\\\/\\\/bomuldsfabriken.no\\\/wp-content\\\/uploads\\\/2025\\\/06\\\/invitasjon-Bomuldsfabriken-kunstsamling.png\",\"contentUrl\":\"https:\\\/\\\/bomuldsfabriken.no\\\/wp-content\\\/uploads\\\/2025\\\/06\\\/invitasjon-Bomuldsfabriken-kunstsamling.png\",\"width\":980,\"height\":448},{\"@type\":\"BreadcrumbList\",\"@id\":\"https:\\\/\\\/bomuldsfabriken.no\\\/arrangement\\\/velkommen-til-utstillingsapning-18-februar\\\/#breadcrumb\",\"itemListElement\":[{\"@type\":\"ListItem\",\"position\":1,\"name\":\"Home\",\"item\":\"https:\\\/\\\/bomuldsfabriken.no\\\/\"},{\"@type\":\"ListItem\",\"position\":2,\"name\":\"Utstilling 2.etg &#8211; Bomuldsfabriken Kunstsamling\"}]},{\"@type\":\"WebSite\",\"@id\":\"https:\\\/\\\/bomuldsfabriken.no\\\/#website\",\"url\":\"https:\\\/\\\/bomuldsfabriken.no\\\/\",\"name\":\"Bomuldsfabriken\",\"description\":\"Kunsthallen i Arendal \u2013 Bomuldsfabriken\",\"publisher\":{\"@id\":\"https:\\\/\\\/bomuldsfabriken.no\\\/#organization\"},\"potentialAction\":[{\"@type\":\"SearchAction\",\"target\":{\"@type\":\"EntryPoint\",\"urlTemplate\":\"https:\\\/\\\/bomuldsfabriken.no\\\/?s={search_term_string}\"},\"query-input\":{\"@type\":\"PropertyValueSpecification\",\"valueRequired\":true,\"valueName\":\"search_term_string\"}}],\"inLanguage\":\"en-GB\"},{\"@type\":\"Organization\",\"@id\":\"https:\\\/\\\/bomuldsfabriken.no\\\/#organization\",\"name\":\"Bomuldsfabriken\",\"url\":\"https:\\\/\\\/bomuldsfabriken.no\\\/\",\"logo\":{\"@type\":\"ImageObject\",\"inLanguage\":\"en-GB\",\"@id\":\"https:\\\/\\\/bomuldsfabriken.no\\\/#\\\/schema\\\/logo\\\/image\\\/\",\"url\":\"https:\\\/\\\/bomuldsfabriken.no\\\/wp-content\\\/uploads\\\/2025\\\/06\\\/bomlog.svg\",\"contentUrl\":\"https:\\\/\\\/bomuldsfabriken.no\\\/wp-content\\\/uploads\\\/2025\\\/06\\\/bomlog.svg\",\"caption\":\"Bomuldsfabriken\"},\"image\":{\"@id\":\"https:\\\/\\\/bomuldsfabriken.no\\\/#\\\/schema\\\/logo\\\/image\\\/\"},\"sameAs\":[\"https:\\\/\\\/www.facebook.com\\\/Bomuldsfabriken\\\/\",\"https:\\\/\\\/x.com\\\/bomuldsfabriken\",\"https:\\\/\\\/www.instagram.com\\\/bomuldsfabriken\"]}]}<\/script>\n<!-- \/ Yoast SEO plugin. -->","yoast_head_json":{"title":"Utstilling 2.etg &#8211; Bomuldsfabriken Kunstsamling - Bomuldsfabriken","robots":{"index":"index","follow":"follow","max-snippet":"max-snippet:-1","max-image-preview":"max-image-preview:large","max-video-preview":"max-video-preview:-1"},"canonical":"https:\/\/bomuldsfabriken.no\/en\/arrangement\/velkommen-til-utstillingsapning-18-februar\/","og_locale":"en_GB","og_type":"article","og_title":"Utstilling 2.etg &#8211; Bomuldsfabriken Kunstsamling - Bomuldsfabriken","og_description":"Bomuldsfabriken kunstsamling&nbsp; 18 februar \u2013 8 mai 2. etasje BOMULDSFABRIKEN KUNSTSAMLING Bomuldsfabriken kunsthall, 18. februar \u2013 8. mai 2023 Det er en glede for Bomuldsfabriken","og_url":"https:\/\/bomuldsfabriken.no\/en\/arrangement\/velkommen-til-utstillingsapning-18-februar\/","og_site_name":"Bomuldsfabriken","article_publisher":"https:\/\/www.facebook.com\/Bomuldsfabriken\/","article_modified_time":"2025-06-26T20:44:46+00:00","og_image":[{"width":980,"height":448,"url":"https:\/\/bomuldsfabriken.no\/wp-content\/uploads\/2025\/06\/invitasjon-Bomuldsfabriken-kunstsamling.png","type":"image\/png"}],"twitter_card":"summary_large_image","twitter_site":"@bomuldsfabriken","twitter_misc":{"Estimated reading time":"4 minutes"},"schema":{"@context":"https:\/\/schema.org","@graph":[{"@type":"WebPage","@id":"https:\/\/bomuldsfabriken.no\/arrangement\/velkommen-til-utstillingsapning-18-februar\/","url":"https:\/\/bomuldsfabriken.no\/arrangement\/velkommen-til-utstillingsapning-18-februar\/","name":"Utstilling 2.etg &#8211; Bomuldsfabriken Kunstsamling - Bomuldsfabriken","isPartOf":{"@id":"https:\/\/bomuldsfabriken.no\/#website"},"primaryImageOfPage":{"@id":"https:\/\/bomuldsfabriken.no\/arrangement\/velkommen-til-utstillingsapning-18-februar\/#primaryimage"},"image":{"@id":"https:\/\/bomuldsfabriken.no\/arrangement\/velkommen-til-utstillingsapning-18-februar\/#primaryimage"},"thumbnailUrl":"https:\/\/bomuldsfabriken.no\/wp-content\/uploads\/2025\/06\/invitasjon-Bomuldsfabriken-kunstsamling.png","datePublished":"2023-02-07T14:23:18+00:00","dateModified":"2025-06-26T20:44:46+00:00","breadcrumb":{"@id":"https:\/\/bomuldsfabriken.no\/arrangement\/velkommen-til-utstillingsapning-18-februar\/#breadcrumb"},"inLanguage":"en-GB","potentialAction":[{"@type":"ReadAction","target":["https:\/\/bomuldsfabriken.no\/arrangement\/velkommen-til-utstillingsapning-18-februar\/"]}]},{"@type":"ImageObject","inLanguage":"en-GB","@id":"https:\/\/bomuldsfabriken.no\/arrangement\/velkommen-til-utstillingsapning-18-februar\/#primaryimage","url":"https:\/\/bomuldsfabriken.no\/wp-content\/uploads\/2025\/06\/invitasjon-Bomuldsfabriken-kunstsamling.png","contentUrl":"https:\/\/bomuldsfabriken.no\/wp-content\/uploads\/2025\/06\/invitasjon-Bomuldsfabriken-kunstsamling.png","width":980,"height":448},{"@type":"BreadcrumbList","@id":"https:\/\/bomuldsfabriken.no\/arrangement\/velkommen-til-utstillingsapning-18-februar\/#breadcrumb","itemListElement":[{"@type":"ListItem","position":1,"name":"Home","item":"https:\/\/bomuldsfabriken.no\/"},{"@type":"ListItem","position":2,"name":"Utstilling 2.etg &#8211; Bomuldsfabriken Kunstsamling"}]},{"@type":"WebSite","@id":"https:\/\/bomuldsfabriken.no\/#website","url":"https:\/\/bomuldsfabriken.no\/","name":"Bomuldsfabriken","description":"Kunsthallen i Arendal \u2013 Bomuldsfabriken","publisher":{"@id":"https:\/\/bomuldsfabriken.no\/#organization"},"potentialAction":[{"@type":"SearchAction","target":{"@type":"EntryPoint","urlTemplate":"https:\/\/bomuldsfabriken.no\/?s={search_term_string}"},"query-input":{"@type":"PropertyValueSpecification","valueRequired":true,"valueName":"search_term_string"}}],"inLanguage":"en-GB"},{"@type":"Organization","@id":"https:\/\/bomuldsfabriken.no\/#organization","name":"Bomuldsfabriken","url":"https:\/\/bomuldsfabriken.no\/","logo":{"@type":"ImageObject","inLanguage":"en-GB","@id":"https:\/\/bomuldsfabriken.no\/#\/schema\/logo\/image\/","url":"https:\/\/bomuldsfabriken.no\/wp-content\/uploads\/2025\/06\/bomlog.svg","contentUrl":"https:\/\/bomuldsfabriken.no\/wp-content\/uploads\/2025\/06\/bomlog.svg","caption":"Bomuldsfabriken"},"image":{"@id":"https:\/\/bomuldsfabriken.no\/#\/schema\/logo\/image\/"},"sameAs":["https:\/\/www.facebook.com\/Bomuldsfabriken\/","https:\/\/x.com\/bomuldsfabriken","https:\/\/www.instagram.com\/bomuldsfabriken"]}]}},"_links":{"self":[{"href":"https:\/\/bomuldsfabriken.no\/en\/wp-json\/wp\/v2\/arrangement\/526","targetHints":{"allow":["GET"]}}],"collection":[{"href":"https:\/\/bomuldsfabriken.no\/en\/wp-json\/wp\/v2\/arrangement"}],"about":[{"href":"https:\/\/bomuldsfabriken.no\/en\/wp-json\/wp\/v2\/types\/arrangement"}],"wp:featuredmedia":[{"embeddable":true,"href":"https:\/\/bomuldsfabriken.no\/en\/wp-json\/wp\/v2\/media\/206"}],"wp:attachment":[{"href":"https:\/\/bomuldsfabriken.no\/en\/wp-json\/wp\/v2\/media?parent=526"}],"curies":[{"name":"wp","href":"https:\/\/api.w.org\/{rel}","templated":true}]}}