{"id":542,"date":"2021-01-28T11:46:44","date_gmt":"2021-01-28T11:46:44","guid":{"rendered":"http:\/\/bomuldification.test\/kunst\/kunstnerpresentasjoner-i-2-etasje\/"},"modified":"2025-06-26T20:45:05","modified_gmt":"2025-06-26T20:45:05","slug":"kunstnerpresentasjoner-i-2-etasje","status":"publish","type":"arrangement","link":"https:\/\/bomuldsfabriken.no\/en\/arrangement\/kunstnerpresentasjoner-i-2-etasje\/","title":{"rendered":"Kunstnerpresentasjoner i 2. etasje"},"content":{"rendered":"<p>Leonard Rickhard (f. 1945 i Tvedestrand) bor og arbeider i Arendal. Rickhard er utdannet ved Kunstakademiet i Oslo og hadde sin f\u00f8rste separatutstilling i Kunstnerforbundet i 1974. Siden debututstillingen har Rickhard markert seg som en av Norges mest sentrale kunstnere. Han har stilt ut p\u00e5 alle de store nasjonale kunstmuseene og er innkj\u00f8pt til de viktigste samlingene. Vi har hatt gleden av presentere to store utstillinger med Rickhard i 1997 og 2012. Hans st\u00f8rste utstilling hittil var p\u00e5 Aros, \u00c5rhus Kunstmuseum, med over 100 000 bes\u00f8kende. De gjennomg\u00e5ende visuelle elementene i hans malerier er bl.a. bj\u00f8rkeskog med lysende stammer, etterlatte maskindeler, kabler og ledninger, plansjer og semimilit\u00e6re bygninger i solnedgang. Tilsynelatende idyll og stillhet, men ved n\u00e6rmere ettersyn aner vi noe foruroligende; at noe har skjedd eller er i ferd med \u00e5 skje.<\/p>\n<p>&nbsp;<\/p>\n<p>Jan H\u00e5fstr\u00f6m (f. 1937 i Stockholm) bor og arbeider i Stockholm. H\u00e5fstr\u00f6m studerte filosofi og kunsthistorie ved universitet i Lund og deretter Kungliga Konsth\u00f6gskolan i Stockholm. Han debuterte i 1966 og har v\u00e6rt en sentral kunstner p\u00e5 den svenske samtidskunstscenen siden 60-tallet. H\u00e5fstr\u00f6m har vekslet mellom figurativt og abstrakt maleri, film og skulptur\/installasjon. Mr. Walker (seriefiguren Fantomets alter ego) har spilt en fremtredende rolle i hans kunstnerskap, og man finner en to meter h\u00f8y skulptur av Mr. Walker p\u00e5 parkeringsplassen bak Bomuldsfabriken Kunsthall. H\u00e5fstr\u00f6m har representert Sverige p\u00e5 Venezia-biennalen fire ganger, sist i 2009. Han hadde sin st\u00f8rste separatutstilling p\u00e5 Bomuldsfabriken Kunsthall i 2016 og er representert bl.a. i Nationalmuseum og Moderna museet i Stockholm. I tillegg er han en av kunstnerne i Skulpturlandskap Nordland og er representert med en skulptur i parken p\u00e5 Henie-Onstad kunstsenter.<\/p>\n<p>&nbsp;<\/p>\n<p>Julie Nord (f. 1970 i K\u00f8benhavn) bor og arbeider i K\u00f8benhavn. Hun er utdannet ved Det Kongelige Danske Kunstakademi (1994-2001). Nord er mest kjent for sine akvareller\/tegninger, men arbeider ogs\u00e5 med grafikk. Vi er stolte av \u00e5 kunne presentere et n\u00e6rmest komplett utvalg av hennes grafikk. Julie Nord arbeider innenfor en surrealistisk stil, gjerne store tegninger med blyant, filtpenn, tusj, kritt og akvarell. Bildene har en psykologisk dybde, er intense og blander fantasy og det virkelige liv. Den m\u00f8rke siden av menneskelivet er fremtredende sammen med monster og demoner. Samtidig ser vi en overflate som er knyttet til en slags dagliglivets romantiserte verden. Hun overrasker ved \u00e5 bryte med det forventede n\u00e5r hun blander folkeeventyr, barnebokillustrasjoner, popul\u00e6rkultur og andre kjente sjangere til noe nytt og foruroligende. Bildene hennes preges av inspirasjon fra gr\u00f8ssere, psykedelisk kunst og Alice in Wonderland. Nord har hatt en stor utstillingsaktivitet, bl.a. separatutstillingen Xenoglossy p\u00e5 Aros, Aarhus Kunstmuseum og p\u00e5 Nordisk akvarellmuseum. I 2014 utstillingen Just Like Home p\u00e5 KUNSTEN, Museum of Moderen Art i Aalborg. Denne utstillingen ble av Berlingske Tidende k\u00e5ret til en av de beste kunstopplevelsene det \u00e5ret.<\/p>\n<p>&nbsp;<\/p>\n<p>Tori Wr\u00e5nes (f. 1978 i Kristiansand) er norsk samtidskunstner og vokalist. Hun er utdannet billedkunstner fra Statens Kunstakademi Oslo i 2009. Wr\u00e5nes arbeider hovedsakelig med performance, hvor hun skaper nye dr\u00f8mmeaktige konstellasjoner ved bruk av egen stemme, kostymer, rekvisitter, arkitektur og skulptur. I tillegg jobber hun med skulpturer, video og installasjoner. Maskerte kropper og Wr\u00e5nes\u2019 spesielle stemmebruk er karakteristiske trekk ved hennes arbeider som har blitt kalt performative lydskulpturer. Arbeidene kan beskrives som koreografi med lyd, b\u00e5de som soloartist eller sammen med flere ut\u00f8vere. I det siste har hun arbeidet med \u00e5 utvikle sin egen \u00abtroll-teknikk\u00bb; et improvisert, ikke-verbalt spr\u00e5k basert p\u00e5 rytme og temperament. Hun har hatt performance og utstillinger over hele verden. Hun er innkj\u00f8pt av bl.a. Astrup Fearnley Museet, S\u00f8rlandets Kunstmuseum og Museet for samtidskunst. P\u00e5 Bomuldsfabriken vises for f\u00f8rste gang i Norge videoinstallasjonen \u00c6ldgammel Baby fra 2017. Dette verket ble produsert i samarbeid med Kunsthal Charlottenberg i K\u00f8benhavn til hennes separatutstilling der.<\/p>\n<p>&nbsp;<\/p>\n<p>Omtale av Wr\u00e5nes verk: <a href=\"https:\/\/kunstavisen.no\/artikkel\/2021\/et-trollspeil-pa-menneskesinnet\">https:\/\/kunstavisen.no\/artikkel\/2021\/et-trollspeil-pa-menneskesinnet<\/a><\/p>\n<p>&nbsp;<\/p>","protected":false},"featured_media":238,"template":"","meta":{"_acf_changed":true},"class_list":["post-542","arrangement","type-arrangement","status-publish","has-post-thumbnail","hentry"],"acf":[],"yoast_head":"<!-- This site is optimized with the Yoast SEO plugin v27.5 - https:\/\/yoast.com\/product\/yoast-seo-wordpress\/ -->\n<title>Kunstnerpresentasjoner i 2. etasje - Bomuldsfabriken<\/title>\n<meta name=\"robots\" content=\"index, follow, max-snippet:-1, max-image-preview:large, max-video-preview:-1\" \/>\n<link rel=\"canonical\" href=\"https:\/\/bomuldsfabriken.no\/en\/arrangement\/kunstnerpresentasjoner-i-2-etasje\/\" \/>\n<meta property=\"og:locale\" content=\"en_GB\" \/>\n<meta property=\"og:type\" content=\"article\" \/>\n<meta property=\"og:title\" content=\"Kunstnerpresentasjoner i 2. etasje - Bomuldsfabriken\" \/>\n<meta property=\"og:description\" content=\"Leonard Rickhard (f. 1945 i Tvedestrand) bor og arbeider i Arendal. Rickhard er utdannet ved Kunstakademiet i Oslo og hadde sin f\u00f8rste separatutstilling i Kunstnerforbundet\" \/>\n<meta property=\"og:url\" content=\"https:\/\/bomuldsfabriken.no\/en\/arrangement\/kunstnerpresentasjoner-i-2-etasje\/\" \/>\n<meta property=\"og:site_name\" content=\"Bomuldsfabriken\" \/>\n<meta property=\"article:publisher\" content=\"https:\/\/www.facebook.com\/Bomuldsfabriken\/\" \/>\n<meta property=\"article:modified_time\" content=\"2025-06-26T20:45:05+00:00\" \/>\n<meta property=\"og:image\" content=\"https:\/\/bomuldsfabriken.no\/wp-content\/uploads\/2025\/06\/IMG_0236_just.jpg\" \/>\n\t<meta property=\"og:image:width\" content=\"2400\" \/>\n\t<meta property=\"og:image:height\" content=\"1600\" \/>\n\t<meta property=\"og:image:type\" content=\"image\/jpeg\" \/>\n<meta name=\"twitter:card\" content=\"summary_large_image\" \/>\n<meta name=\"twitter:site\" content=\"@bomuldsfabriken\" \/>\n<meta name=\"twitter:label1\" content=\"Estimated reading time\" \/>\n\t<meta name=\"twitter:data1\" content=\"3 minutes\" \/>\n<script type=\"application\/ld+json\" class=\"yoast-schema-graph\">{\"@context\":\"https:\\\/\\\/schema.org\",\"@graph\":[{\"@type\":\"WebPage\",\"@id\":\"https:\\\/\\\/bomuldsfabriken.no\\\/arrangement\\\/kunstnerpresentasjoner-i-2-etasje\\\/\",\"url\":\"https:\\\/\\\/bomuldsfabriken.no\\\/arrangement\\\/kunstnerpresentasjoner-i-2-etasje\\\/\",\"name\":\"Kunstnerpresentasjoner i 2. etasje - Bomuldsfabriken\",\"isPartOf\":{\"@id\":\"https:\\\/\\\/bomuldsfabriken.no\\\/#website\"},\"primaryImageOfPage\":{\"@id\":\"https:\\\/\\\/bomuldsfabriken.no\\\/arrangement\\\/kunstnerpresentasjoner-i-2-etasje\\\/#primaryimage\"},\"image\":{\"@id\":\"https:\\\/\\\/bomuldsfabriken.no\\\/arrangement\\\/kunstnerpresentasjoner-i-2-etasje\\\/#primaryimage\"},\"thumbnailUrl\":\"https:\\\/\\\/bomuldsfabriken.no\\\/wp-content\\\/uploads\\\/2025\\\/06\\\/IMG_0236_just.jpg\",\"datePublished\":\"2021-01-28T11:46:44+00:00\",\"dateModified\":\"2025-06-26T20:45:05+00:00\",\"breadcrumb\":{\"@id\":\"https:\\\/\\\/bomuldsfabriken.no\\\/arrangement\\\/kunstnerpresentasjoner-i-2-etasje\\\/#breadcrumb\"},\"inLanguage\":\"en-GB\",\"potentialAction\":[{\"@type\":\"ReadAction\",\"target\":[\"https:\\\/\\\/bomuldsfabriken.no\\\/arrangement\\\/kunstnerpresentasjoner-i-2-etasje\\\/\"]}]},{\"@type\":\"ImageObject\",\"inLanguage\":\"en-GB\",\"@id\":\"https:\\\/\\\/bomuldsfabriken.no\\\/arrangement\\\/kunstnerpresentasjoner-i-2-etasje\\\/#primaryimage\",\"url\":\"https:\\\/\\\/bomuldsfabriken.no\\\/wp-content\\\/uploads\\\/2025\\\/06\\\/IMG_0236_just.jpg\",\"contentUrl\":\"https:\\\/\\\/bomuldsfabriken.no\\\/wp-content\\\/uploads\\\/2025\\\/06\\\/IMG_0236_just.jpg\",\"width\":2400,\"height\":1600},{\"@type\":\"BreadcrumbList\",\"@id\":\"https:\\\/\\\/bomuldsfabriken.no\\\/arrangement\\\/kunstnerpresentasjoner-i-2-etasje\\\/#breadcrumb\",\"itemListElement\":[{\"@type\":\"ListItem\",\"position\":1,\"name\":\"Home\",\"item\":\"https:\\\/\\\/bomuldsfabriken.no\\\/\"},{\"@type\":\"ListItem\",\"position\":2,\"name\":\"Kunstnerpresentasjoner i 2. etasje\"}]},{\"@type\":\"WebSite\",\"@id\":\"https:\\\/\\\/bomuldsfabriken.no\\\/#website\",\"url\":\"https:\\\/\\\/bomuldsfabriken.no\\\/\",\"name\":\"Bomuldsfabriken\",\"description\":\"Kunsthallen i Arendal \u2013 Bomuldsfabriken\",\"publisher\":{\"@id\":\"https:\\\/\\\/bomuldsfabriken.no\\\/#organization\"},\"potentialAction\":[{\"@type\":\"SearchAction\",\"target\":{\"@type\":\"EntryPoint\",\"urlTemplate\":\"https:\\\/\\\/bomuldsfabriken.no\\\/?s={search_term_string}\"},\"query-input\":{\"@type\":\"PropertyValueSpecification\",\"valueRequired\":true,\"valueName\":\"search_term_string\"}}],\"inLanguage\":\"en-GB\"},{\"@type\":\"Organization\",\"@id\":\"https:\\\/\\\/bomuldsfabriken.no\\\/#organization\",\"name\":\"Bomuldsfabriken\",\"url\":\"https:\\\/\\\/bomuldsfabriken.no\\\/\",\"logo\":{\"@type\":\"ImageObject\",\"inLanguage\":\"en-GB\",\"@id\":\"https:\\\/\\\/bomuldsfabriken.no\\\/#\\\/schema\\\/logo\\\/image\\\/\",\"url\":\"https:\\\/\\\/bomuldsfabriken.no\\\/wp-content\\\/uploads\\\/2025\\\/06\\\/bomlog.svg\",\"contentUrl\":\"https:\\\/\\\/bomuldsfabriken.no\\\/wp-content\\\/uploads\\\/2025\\\/06\\\/bomlog.svg\",\"caption\":\"Bomuldsfabriken\"},\"image\":{\"@id\":\"https:\\\/\\\/bomuldsfabriken.no\\\/#\\\/schema\\\/logo\\\/image\\\/\"},\"sameAs\":[\"https:\\\/\\\/www.facebook.com\\\/Bomuldsfabriken\\\/\",\"https:\\\/\\\/x.com\\\/bomuldsfabriken\",\"https:\\\/\\\/www.instagram.com\\\/bomuldsfabriken\"]}]}<\/script>\n<!-- \/ Yoast SEO plugin. -->","yoast_head_json":{"title":"Kunstnerpresentasjoner i 2. etasje - Bomuldsfabriken","robots":{"index":"index","follow":"follow","max-snippet":"max-snippet:-1","max-image-preview":"max-image-preview:large","max-video-preview":"max-video-preview:-1"},"canonical":"https:\/\/bomuldsfabriken.no\/en\/arrangement\/kunstnerpresentasjoner-i-2-etasje\/","og_locale":"en_GB","og_type":"article","og_title":"Kunstnerpresentasjoner i 2. etasje - Bomuldsfabriken","og_description":"Leonard Rickhard (f. 1945 i Tvedestrand) bor og arbeider i Arendal. Rickhard er utdannet ved Kunstakademiet i Oslo og hadde sin f\u00f8rste separatutstilling i Kunstnerforbundet","og_url":"https:\/\/bomuldsfabriken.no\/en\/arrangement\/kunstnerpresentasjoner-i-2-etasje\/","og_site_name":"Bomuldsfabriken","article_publisher":"https:\/\/www.facebook.com\/Bomuldsfabriken\/","article_modified_time":"2025-06-26T20:45:05+00:00","og_image":[{"width":2400,"height":1600,"url":"https:\/\/bomuldsfabriken.no\/wp-content\/uploads\/2025\/06\/IMG_0236_just.jpg","type":"image\/jpeg"}],"twitter_card":"summary_large_image","twitter_site":"@bomuldsfabriken","twitter_misc":{"Estimated reading time":"3 minutes"},"schema":{"@context":"https:\/\/schema.org","@graph":[{"@type":"WebPage","@id":"https:\/\/bomuldsfabriken.no\/arrangement\/kunstnerpresentasjoner-i-2-etasje\/","url":"https:\/\/bomuldsfabriken.no\/arrangement\/kunstnerpresentasjoner-i-2-etasje\/","name":"Kunstnerpresentasjoner i 2. etasje - Bomuldsfabriken","isPartOf":{"@id":"https:\/\/bomuldsfabriken.no\/#website"},"primaryImageOfPage":{"@id":"https:\/\/bomuldsfabriken.no\/arrangement\/kunstnerpresentasjoner-i-2-etasje\/#primaryimage"},"image":{"@id":"https:\/\/bomuldsfabriken.no\/arrangement\/kunstnerpresentasjoner-i-2-etasje\/#primaryimage"},"thumbnailUrl":"https:\/\/bomuldsfabriken.no\/wp-content\/uploads\/2025\/06\/IMG_0236_just.jpg","datePublished":"2021-01-28T11:46:44+00:00","dateModified":"2025-06-26T20:45:05+00:00","breadcrumb":{"@id":"https:\/\/bomuldsfabriken.no\/arrangement\/kunstnerpresentasjoner-i-2-etasje\/#breadcrumb"},"inLanguage":"en-GB","potentialAction":[{"@type":"ReadAction","target":["https:\/\/bomuldsfabriken.no\/arrangement\/kunstnerpresentasjoner-i-2-etasje\/"]}]},{"@type":"ImageObject","inLanguage":"en-GB","@id":"https:\/\/bomuldsfabriken.no\/arrangement\/kunstnerpresentasjoner-i-2-etasje\/#primaryimage","url":"https:\/\/bomuldsfabriken.no\/wp-content\/uploads\/2025\/06\/IMG_0236_just.jpg","contentUrl":"https:\/\/bomuldsfabriken.no\/wp-content\/uploads\/2025\/06\/IMG_0236_just.jpg","width":2400,"height":1600},{"@type":"BreadcrumbList","@id":"https:\/\/bomuldsfabriken.no\/arrangement\/kunstnerpresentasjoner-i-2-etasje\/#breadcrumb","itemListElement":[{"@type":"ListItem","position":1,"name":"Home","item":"https:\/\/bomuldsfabriken.no\/"},{"@type":"ListItem","position":2,"name":"Kunstnerpresentasjoner i 2. etasje"}]},{"@type":"WebSite","@id":"https:\/\/bomuldsfabriken.no\/#website","url":"https:\/\/bomuldsfabriken.no\/","name":"Bomuldsfabriken","description":"Kunsthallen i Arendal \u2013 Bomuldsfabriken","publisher":{"@id":"https:\/\/bomuldsfabriken.no\/#organization"},"potentialAction":[{"@type":"SearchAction","target":{"@type":"EntryPoint","urlTemplate":"https:\/\/bomuldsfabriken.no\/?s={search_term_string}"},"query-input":{"@type":"PropertyValueSpecification","valueRequired":true,"valueName":"search_term_string"}}],"inLanguage":"en-GB"},{"@type":"Organization","@id":"https:\/\/bomuldsfabriken.no\/#organization","name":"Bomuldsfabriken","url":"https:\/\/bomuldsfabriken.no\/","logo":{"@type":"ImageObject","inLanguage":"en-GB","@id":"https:\/\/bomuldsfabriken.no\/#\/schema\/logo\/image\/","url":"https:\/\/bomuldsfabriken.no\/wp-content\/uploads\/2025\/06\/bomlog.svg","contentUrl":"https:\/\/bomuldsfabriken.no\/wp-content\/uploads\/2025\/06\/bomlog.svg","caption":"Bomuldsfabriken"},"image":{"@id":"https:\/\/bomuldsfabriken.no\/#\/schema\/logo\/image\/"},"sameAs":["https:\/\/www.facebook.com\/Bomuldsfabriken\/","https:\/\/x.com\/bomuldsfabriken","https:\/\/www.instagram.com\/bomuldsfabriken"]}]}},"_links":{"self":[{"href":"https:\/\/bomuldsfabriken.no\/en\/wp-json\/wp\/v2\/arrangement\/542","targetHints":{"allow":["GET"]}}],"collection":[{"href":"https:\/\/bomuldsfabriken.no\/en\/wp-json\/wp\/v2\/arrangement"}],"about":[{"href":"https:\/\/bomuldsfabriken.no\/en\/wp-json\/wp\/v2\/types\/arrangement"}],"wp:featuredmedia":[{"embeddable":true,"href":"https:\/\/bomuldsfabriken.no\/en\/wp-json\/wp\/v2\/media\/238"}],"wp:attachment":[{"href":"https:\/\/bomuldsfabriken.no\/en\/wp-json\/wp\/v2\/media?parent=542"}],"curies":[{"name":"wp","href":"https:\/\/api.w.org\/{rel}","templated":true}]}}