{"id":656,"date":"2026-01-16T10:05:46","date_gmt":"2026-01-16T10:05:46","guid":{"rendered":"http:\/\/bomuldification.test\/?page_id=656"},"modified":"2026-04-17T17:47:25","modified_gmt":"2026-04-17T17:47:25","slug":"kunsthallen-i-arendal-bomuldsfabriken","status":"publish","type":"page","link":"https:\/\/bomuldsfabriken.no\/en\/","title":{"rendered":"Kunsthallen i Arendal"},"content":{"rendered":"<div id=\"kunst-gallery--block_0ebc134c85aaf7eef91950c4632de5f1\" class=\"root-level-block kunst-gallery\">\r\n    <div class=\"container\">\r\n                            <div class=\"kunst-gallery-items\">\r\n                            <article id=\"post-2274\" class=\"kunst-gallery-item  post-2274 utstilling type-utstilling status-publish has-post-thumbnail hentry\" data-link=\"https:\/\/bomuldsfabriken.no\/en\/utstilling\/bomuldsfabriken-kunsthall-stengt-for-montering\/\">\r\n                    \r\n                    <div class=\"kunst-gallery-item__inner\" >\r\n                        \r\n                                                <div class=\"kunst-gallery-item__thumbnail\">\r\n                                <img decoding=\"async\" width=\"1240\" height=\"826\" src=\"https:\/\/bomuldsfabriken.no\/wp-content\/uploads\/2026\/03\/DSC01270-2000x1333-jpg.webp\" class=\"attachment-large size-large wp-post-image\" alt=\"\" srcset=\"https:\/\/bomuldsfabriken.no\/wp-content\/uploads\/2026\/03\/DSC01270-2000x1333-jpg.webp 2000w, https:\/\/bomuldsfabriken.no\/wp-content\/uploads\/2026\/03\/DSC01270-300x200-jpg.webp 300w, https:\/\/bomuldsfabriken.no\/wp-content\/uploads\/2026\/03\/DSC01270-768x512-jpg.webp 768w, https:\/\/bomuldsfabriken.no\/wp-content\/uploads\/2026\/03\/DSC01270-1536x1024-jpg.webp 1536w, https:\/\/bomuldsfabriken.no\/wp-content\/uploads\/2026\/03\/DSC01270-2048x1365-jpg.webp 2048w, https:\/\/bomuldsfabriken.no\/wp-content\/uploads\/2026\/03\/DSC01270-18x12-jpg.webp 18w\" sizes=\"(max-width: 1240px) 100vw, 1240px\" \/>                            <\/div>\r\n                        \r\n                    <div class=\"kunst-gallery-item__content\">\r\n                        <h3 class=\"kunst-gallery-item__title\">\r\n                            <span class=\"not-a-dot\">Bomuldsfabriken Kunsthall stengt for montering<\/span>\r\n                        <\/h3>\r\n\r\n                        <div class=\"mobile-only kunst-gallery-item__thumbnail\">\r\n                            <img decoding=\"async\" width=\"1240\" height=\"826\" src=\"https:\/\/bomuldsfabriken.no\/wp-content\/uploads\/2026\/03\/DSC01270-2000x1333-jpg.webp\" class=\"attachment-large size-large wp-post-image\" alt=\"\" srcset=\"https:\/\/bomuldsfabriken.no\/wp-content\/uploads\/2026\/03\/DSC01270-2000x1333-jpg.webp 2000w, https:\/\/bomuldsfabriken.no\/wp-content\/uploads\/2026\/03\/DSC01270-300x200-jpg.webp 300w, https:\/\/bomuldsfabriken.no\/wp-content\/uploads\/2026\/03\/DSC01270-768x512-jpg.webp 768w, https:\/\/bomuldsfabriken.no\/wp-content\/uploads\/2026\/03\/DSC01270-1536x1024-jpg.webp 1536w, https:\/\/bomuldsfabriken.no\/wp-content\/uploads\/2026\/03\/DSC01270-2048x1365-jpg.webp 2048w, https:\/\/bomuldsfabriken.no\/wp-content\/uploads\/2026\/03\/DSC01270-18x12-jpg.webp 18w\" sizes=\"(max-width: 1240px) 100vw, 1240px\" \/>                        <\/div>\r\n                        \r\n                        <div class=\"kunst-gallery-item__meta\">\r\n\r\n                                                                                        <div class=\"kunst-gallery-item__dates\">\r\n                                                                            13.04 &#8211; 01.05                                                                    <\/div>\r\n                            \r\n                            \r\n                                                            <div class=\"kunst-gallery-item__labels bubble-filters\">\r\n                                                                            <div class=\"bubble-wrapper\" data-bubble-color=\"var(--bg--highlight-3)\">\r\n                                            <div class=\"bubble-text\">AKTUELL UTSTILLING<\/div>\r\n                                        <\/div>\r\n                                    \r\n                                                                            <div class=\"bubble-wrapper\" data-bubble-color=\"var(--yellows--lime)\">\r\n                                            <div class=\"bubble-text\">SISTE MULIGHET<\/div>\r\n                                        <\/div>\r\n                                                                    <\/div>\r\n                            \r\n                            \r\n                                                                                <\/div>\r\n                    <\/div>\r\n                <\/article>\r\n                        <\/div>\r\n                        <\/div>\r\n<\/div>\r\n\n\n\r\n<div id=\"cards--block_58a382df6ad13771fa606b4d2cf42a0a\" class=\"root-level-block cards\">\r\n    <div class=\"container\">\r\n\r\n        <h3 class=\"event-cards__title\">Kommende utstillinger <\/h3>\r\n\r\n        \r\n\r\n                    <div class=\"events-cards\">\r\n                                    <a href=\"https:\/\/bomuldsfabriken.no\/en\/utstilling\/olav-ringdal\/\" class=\"event-card\">\r\n                                                    <div class=\"event-card__image\">\r\n                                <img decoding=\"async\" width=\"1240\" height=\"775\" src=\"https:\/\/bomuldsfabriken.no\/wp-content\/uploads\/2025\/12\/Ringdal-teaser-utstilling-atelier-2000x1250-px.avif\" class=\"attachment-large size-large wp-post-image\" alt=\"\" srcset=\"https:\/\/bomuldsfabriken.no\/wp-content\/uploads\/2025\/12\/Ringdal-teaser-utstilling-atelier-2000x1250-px.avif 2000w, https:\/\/bomuldsfabriken.no\/wp-content\/uploads\/2025\/12\/Ringdal-teaser-utstilling-atelier-2000x1250-px-300x188.avif 300w, https:\/\/bomuldsfabriken.no\/wp-content\/uploads\/2025\/12\/Ringdal-teaser-utstilling-atelier-2000x1250-px-768x480.avif 768w, https:\/\/bomuldsfabriken.no\/wp-content\/uploads\/2025\/12\/Ringdal-teaser-utstilling-atelier-2000x1250-px-1536x960.avif 1536w, https:\/\/bomuldsfabriken.no\/wp-content\/uploads\/2025\/12\/Ringdal-teaser-utstilling-atelier-2000x1250-px-18x12.avif 18w\" sizes=\"(max-width: 1240px) 100vw, 1240px\" \/>                            <\/div>\r\n                        \r\n                        <h4 class=\"event-card__title\">Olav Ringdal: Hendelser under ras<\/h4>\r\n\r\n                        <div class=\"event-card__meta\">\r\n                            02.05 &#8211; 02.08                        <\/div>\r\n\r\n                                                    <div class=\"bubble-filters\">\r\n                                                                \r\n                                                            <\/div>\r\n                        \r\n                    <\/a>\r\n                                    <a href=\"https:\/\/bomuldsfabriken.no\/en\/utstilling\/leonard-rickhard-var-kjaere-leo\/\" class=\"event-card\">\r\n                                                    <div class=\"event-card__image\">\r\n                                <img decoding=\"async\" width=\"1240\" height=\"1631\" src=\"https:\/\/bomuldsfabriken.no\/wp-content\/uploads\/2025\/06\/Kopi-plakat-1521x2000-png.webp\" class=\"attachment-large size-large wp-post-image\" alt=\"\" srcset=\"https:\/\/bomuldsfabriken.no\/wp-content\/uploads\/2025\/06\/Kopi-plakat-1521x2000-png.webp 1521w, https:\/\/bomuldsfabriken.no\/wp-content\/uploads\/2025\/06\/Kopi-plakat-228x300-png.webp 228w, https:\/\/bomuldsfabriken.no\/wp-content\/uploads\/2025\/06\/Kopi-plakat-768x1010-png.webp 768w, https:\/\/bomuldsfabriken.no\/wp-content\/uploads\/2025\/06\/Kopi-plakat-1168x1536-png.webp 1168w, https:\/\/bomuldsfabriken.no\/wp-content\/uploads\/2025\/06\/Kopi-plakat-1557x2048-png.webp 1557w, https:\/\/bomuldsfabriken.no\/wp-content\/uploads\/2025\/06\/Kopi-plakat-9x12-png.webp 9w, https:\/\/bomuldsfabriken.no\/wp-content\/uploads\/2025\/06\/Kopi-plakat-png.webp 1767w\" sizes=\"(max-width: 1240px) 100vw, 1240px\" \/>                            <\/div>\r\n                        \r\n                        <h4 class=\"event-card__title\">Leonard Rickhard: V\u00e5r kj\u00e6re Leo<\/h4>\r\n\r\n                        <div class=\"event-card__meta\">\r\n                            02.05 &#8211; 31.12                        <\/div>\r\n\r\n                                                    <div class=\"bubble-filters\">\r\n                                                                \r\n                                                            <\/div>\r\n                        \r\n                    <\/a>\r\n                            <\/div>\r\n        \r\n    <\/div>\r\n<\/div>\r\n\n\n\r\n<div id=\"call-to-action--block_2c53d01bd3c8659ec4ed0caaacc431fa\" class=\"bf-background root-level-block call-to-action center-text-based\">\r\n\r\n    \r\n\r\n    <div class=\"large-toast\" data-link=\"https:\/\/bomuldsfabriken.no\/utstilling\/gruvene-skulpturpark\/\">\r\n        <div class=\"cloud-box\" id=\"cloud-box-block_2c53d01bd3c8659ec4ed0caaacc431fa\" style=\"--scallop-color:#CEFC0B; --scallop-hover:#FF69B4;\">\r\n            <div class=\"marmalade-content\">\r\n                                    <h2 class=\"dot\">Gruvene skulpturpark<\/h2>\r\n                                                    <p>Gruvene skulpturpark best\u00e5r av de 400 \u00e5r gamle Torbj\u00f8rnsbu gruver og Bomuldsfabriken sin samling av skulpturer.<\/p>\r\n                                                    <a href=\"https:\/\/bomuldsfabriken.no\/en\/utstilling\/gruvene-skulpturpark\/\" class=\"dot dot-link\"target=\"_self\">\r\n                        Les mer                    <\/a>\r\n                        <\/div>\r\n        <\/div>\r\n    <\/div>\r\n<\/div>\r\n\r\n<script>\r\ndocument.addEventListener('DOMContentLoaded', function() {\r\n    applyScallopedBackground('#cloud-box-block_2c53d01bd3c8659ec4ed0caaacc431fa', {\r\n        scallopColor: '#CEFC0B',\r\n        hoverColor: '#FF69B4'\r\n    });\r\n});\r\n<\/script>\r\n\n\n\r\n<div id=\"event-cards--block_44fff72f47a487a955b3f74f0ff80496\" class=\"root-level-block event-cards\">\r\n    <div class=\"container\">\r\n\r\n                    <h3 class=\"event-cards__title\">Kommende arrangementer<\/h3>\r\n                \r\n\r\n                    <div class=\"events-cards\">\r\n                                    <a href=\"https:\/\/bomuldsfabriken.no\/en\/arrangement\/apning-av-utstillingen-hendelser-under-ras-av-olav-ringdal\/\" class=\"event-card\">\r\n                                                    <div class=\"event-card__image\">\r\n                                <img decoding=\"async\" width=\"1240\" height=\"1653\" src=\"https:\/\/bomuldsfabriken.no\/wp-content\/uploads\/2026\/03\/Ringdal-1000010576-1500x2000-jpg.webp\" class=\"attachment-large size-large wp-post-image\" alt=\"\" srcset=\"https:\/\/bomuldsfabriken.no\/wp-content\/uploads\/2026\/03\/Ringdal-1000010576-1500x2000-jpg.webp 1500w, https:\/\/bomuldsfabriken.no\/wp-content\/uploads\/2026\/03\/Ringdal-1000010576-225x300-jpg.webp 225w, https:\/\/bomuldsfabriken.no\/wp-content\/uploads\/2026\/03\/Ringdal-1000010576-768x1024-jpg.webp 768w, https:\/\/bomuldsfabriken.no\/wp-content\/uploads\/2026\/03\/Ringdal-1000010576-1152x1536-jpg.webp 1152w, https:\/\/bomuldsfabriken.no\/wp-content\/uploads\/2026\/03\/Ringdal-1000010576-1536x2048-jpg.webp 1536w, https:\/\/bomuldsfabriken.no\/wp-content\/uploads\/2026\/03\/Ringdal-1000010576-9x12-jpg.webp 9w\" sizes=\"(max-width: 1240px) 100vw, 1240px\" \/>                            <\/div>\r\n                        \r\n                                                    <div class=\"event-card__meta\">\r\n                                02.05 &#8211; kl. 16:00                            <\/div>\r\n                        \r\n                        <h4 class=\"event-card__title\">\u00c5pning av utstillingen HENDELSER UNDER RAS av Olav Ringdal<\/h4>\r\n\r\n                    <\/a>\r\n                                    <a href=\"https:\/\/bomuldsfabriken.no\/en\/arrangement\/konsert-med-johanne-johnsen-med-band\/\" class=\"event-card\">\r\n                                                    <div class=\"event-card__image\">\r\n                                <img decoding=\"async\" width=\"1240\" height=\"826\" src=\"https:\/\/bomuldsfabriken.no\/wp-content\/uploads\/2026\/03\/Johanne-Johnsen-@eliasundal-09220-2000x1333-jpg.webp\" class=\"attachment-large size-large wp-post-image\" alt=\"\" srcset=\"https:\/\/bomuldsfabriken.no\/wp-content\/uploads\/2026\/03\/Johanne-Johnsen-@eliasundal-09220-2000x1333-jpg.webp 2000w, https:\/\/bomuldsfabriken.no\/wp-content\/uploads\/2026\/03\/Johanne-Johnsen-@eliasundal-09220-300x200-jpg.webp 300w, https:\/\/bomuldsfabriken.no\/wp-content\/uploads\/2026\/03\/Johanne-Johnsen-@eliasundal-09220-768x512-jpg.webp 768w, https:\/\/bomuldsfabriken.no\/wp-content\/uploads\/2026\/03\/Johanne-Johnsen-@eliasundal-09220-1536x1024-jpg.webp 1536w, https:\/\/bomuldsfabriken.no\/wp-content\/uploads\/2026\/03\/Johanne-Johnsen-@eliasundal-09220-2048x1365-jpg.webp 2048w, https:\/\/bomuldsfabriken.no\/wp-content\/uploads\/2026\/03\/Johanne-Johnsen-@eliasundal-09220-18x12-jpg.webp 18w\" sizes=\"(max-width: 1240px) 100vw, 1240px\" \/>                            <\/div>\r\n                        \r\n                                                    <div class=\"event-card__meta\">\r\n                                07.05 &#8211; kl. 18:00                            <\/div>\r\n                        \r\n                        <h4 class=\"event-card__title\">Konsert med Johanne Johnsen med band<\/h4>\r\n\r\n                    <\/a>\r\n                            <\/div>\r\n        \r\n    <\/div>\r\n<\/div>\r\n\n\n\n<div class=\"wp-block-group is-layout-constrained wp-block-group-is-layout-constrained\">\r\n\r\n\r\n    <div id=\"further-reading--block_7404d89633056f79a7d995da611883bf\" class=\"root-level-block further-reading center-text-based\">\r\n\r\n        \r\n        <div class=\"picnic-table  party\"\r\n                                            tabindex=\"0\"\r\n                role=\"link\"\r\n                aria-label=\"Les mer\"\r\n                style=\"cursor:pointer;\"\r\n                data-link=\"https:\/\/bomuldsfabriken.no\/besok-oss\/\"\r\n                data-target=\"_self\"\r\n                    >\r\n        <div class=\"unneeded-container\">\r\n                                                \r\n                        <div class=\"large-toast\">\r\n\r\n                                                            <img decoding=\"async\" src=\"https:\/\/bomuldsfabriken.no\/wp-content\/uploads\/2026\/01\/IMG_9074-forside-gruvene-skulpturpark-2000x1250-px.avif\" alt=\"\" class=\"further-reading__image further-reading__image--left\">\r\n                            \r\n                                                            <img decoding=\"async\" src=\"https:\/\/bomuldsfabriken.no\/wp-content\/uploads\/2025\/12\/Folk_web-9.avif\" alt=\"\" class=\"further-reading__image further-reading__image--right\">\r\n                            \r\n                            <!-- <svg class=\"marmalade-spread\" xmlns=\"http:\/\/www.w3.org\/2000\/svg\" fill=\"none\" viewBox=\"0 0 701 505\"><path fill=\"#fa573a\" d=\"M644.227 0c30.928 0 56 25.072 56.001 56 0 10.2-2.729 19.763-7.494 28 4.765 8.237 7.494 17.801 7.494 28.001-.001 10.2-2.729 19.762-7.494 27.999 4.765 8.237 7.494 17.801 7.494 28.001-.001 10.2-2.729 19.762-7.494 27.999 4.765 8.237 7.494 17.801 7.494 28.001-.001 10.256-2.76 19.867-7.573 28.134 4.814 8.267 7.572 17.879 7.573 28.135 0 10.2-2.729 19.763-7.494 28 4.765 8.236 7.493 17.799 7.494 28 0 10.2-2.729 19.763-7.494 28 4.765 8.237 7.494 17.8 7.494 28.001-.001 10.199-2.729 19.762-7.494 27.999 4.766 8.237 7.494 17.8 7.494 28.001 0 30.928-25.073 56-56.001 56-12.422-.001-23.899-4.045-33.187-10.889a55.752 55.752 0 0 1-33.186 10.889c-12.421-.001-23.897-4.045-33.184-10.888a55.75 55.75 0 0 1-33.185 10.888c-12.421-.001-23.898-4.045-33.185-10.889a55.754 55.754 0 0 1-33.186 10.889c-12.421-.001-23.898-4.045-33.185-10.889a55.754 55.754 0 0 1-33.186 10.889c-10.301-.001-19.952-2.782-28.244-7.635-8.292 4.852-17.943 7.635-28.244 7.635-12.421-.001-23.897-4.045-33.185-10.888a55.748 55.748 0 0 1-33.184 10.888c-12.422-.001-23.898-4.045-33.186-10.889a55.748 55.748 0 0 1-33.184 10.889c-12.422-.001-23.899-4.046-33.187-10.89a55.749 55.749 0 0 1-33.186 10.89c-12.422-.001-23.898-4.045-33.185-10.888a55.75 55.75 0 0 1-33.185 10.888c-30.928-.001-56-25.072-56-56 0-10.201 2.727-19.764 7.492-28.001C3.5 412.033.774 402.47.773 392.271c0-10.201 2.727-19.765 7.492-28.001-4.765-8.237-7.492-17.801-7.492-28 0-10.2 2.727-19.764 7.492-28-4.765-8.237-7.492-17.801-7.492-28 0-10.256 2.758-19.868 7.57-28.135-4.812-8.267-7.57-17.879-7.57-28.134 0-10.2 2.727-19.764 7.492-28.001C3.5 187.763.774 178.201.773 168.001c0-10.2 2.727-19.764 7.492-28.001C3.5 131.763.774 122.201.773 112.001c0-10.2 2.727-19.764 7.492-28.001C3.5 75.763.773 66.2.773 56c0-30.928 25.073-56 56-56a55.75 55.75 0 0 1 33.185 10.888C99.245 4.045 110.721 0 123.143 0c12.421 0 23.899 4.045 33.186 10.889A55.751 55.751 0 0 1 189.516 0 55.747 55.747 0 0 1 222.7 10.888C231.988 4.044 243.464 0 255.886 0a55.747 55.747 0 0 1 33.184 10.888A55.752 55.752 0 0 1 322.255 0c10.301 0 19.952 2.781 28.244 7.634C358.791 2.78 368.442 0 378.743 0a55.75 55.75 0 0 1 33.186 10.889A55.747 55.747 0 0 1 445.114 0 55.75 55.75 0 0 1 478.3 10.889 55.747 55.747 0 0 1 511.485 0a55.75 55.75 0 0 1 33.185 10.888A55.747 55.747 0 0 1 577.854 0a55.748 55.748 0 0 1 33.186 10.889A55.751 55.751 0 0 1 644.227 0Z\"\/><\/svg> -->\r\n                            <div class=\"cloud-box\" id=\"cloud-box-block_7404d89633056f79a7d995da611883bf\" style=\"--scallop-color:#fa573a; --scallop-hover:#fCC6DF;\">\r\n                                <div class=\"marmalade-content\">\r\n                                                                                <h2 class=\"dot\">Planlegg bes\u00f8ket ditt<\/h2>\r\n                                    \r\n                                                                            <p class=\"further-reading__paragraph\">Velkommen til Bomuldsfabriken \u2013 en kunsthall i en tidligere bomullsvarefabrikk og en skulpturpark i et gammelt gruveomr\u00e5det.<\/p>\r\n                                    \r\n                                    <a class=\"dot dot-link\"\r\n                                        href=\"https:\/\/bomuldsfabriken.no\/en\/besok-oss\/\" \r\n                                                                                title=\"Les mer\">\r\n                                        Les mer                                    <\/a>\r\n                                <\/div>\r\n                            <\/div>\r\n                        <\/div>\r\n\r\n                                                        <\/div>\r\n        <\/div>\r\n            \r\n            <\/div>\r\n\r\n\r\n<script>\r\ndocument.addEventListener('DOMContentLoaded', function() {\r\n    applyScallopedBackground('#cloud-box-block_7404d89633056f79a7d995da611883bf', {\r\n        scallopColor: '#fa573a',\r\n        hoverColor: '#fCC6DF'\r\n    });\r\n});\r\n<\/script>\r\n\r\n\r\n<script>\r\ndocument.addEventListener('DOMContentLoaded', function() {\r\n    \/\/ Optional: Close dialog on backdrop click (for browsers that support it)\r\n    var dialog = document.getElementById('further-reading--block_7404d89633056f79a7d995da611883bf-dialog');\r\n    if (dialog) {\r\n        dialog.addEventListener('click', function(event) {\r\n            var rect = dialog.getBoundingClientRect();\r\n            \/\/ If click is outside the dialog content, close\r\n            if (\r\n                event.clientX < rect.left ||\r\n                event.clientX > rect.right ||\r\n                event.clientY < rect.top ||\r\n                event.clientY > rect.bottom\r\n            ) {\r\n                dialog.close();\r\n            }\r\n        });\r\n        \/\/ Optional: Close on ESC key (most browsers do this by default)\r\n    }\r\n});\r\n<\/script>\r\n<\/div>\n\n\n\r\n\r\n<div id=\"simple-banner--block_9249a6fc77d18bbf258a70fb380e33a5\" class=\"root-level-block simple-banner\">\r\n    \r\n    <div class=\"container\">\r\n        \r\n        <div class=\"simple-banner__inner\">\r\n                            <div class=\"simple-banner__image\">\r\n                    <img decoding=\"async\" src=\"https:\/\/bomuldsfabriken.no\/wp-content\/uploads\/2026\/01\/Torbjornsbu-gruver_maskinhus-arkiv-AAM.avif\" alt=\"\">\r\n                <\/div>\r\n            \r\n            <div class=\"simple-banner__content\">\r\n                                    <h2 class=\"simple-banner__title\">Gruvenes historie<\/h2>\r\n                \r\n                                    <p class=\"simple-banner__paragraph\">Torbj\u00f8rnsbu gruve er en av de eldste jernmalmgruvene i Arendalsfeltet og ligger rett bak Bomuldsfabriken Kunsthall.\r\n<\/p>\r\n                \r\n                                    <!-- <a class=\"simple-banner__link dot dot-link\" -->\r\n                    <a class=\"simple-banner__link dot dot-link\"\r\n                    href=\"https:\/\/bomuldsfabriken.no\/en\/utstillinger\/torbjornsbu-gruver\/\"\r\n                                        title=\"Gruvenes historie\">\r\n                        Gruvenes historie                    <\/a>\r\n                            <\/div>\r\n        <\/div>\r\n\r\n        <\/div>\r\n\r\n<\/div>","protected":false},"excerpt":{"rendered":"","protected":false},"author":8,"featured_media":1731,"parent":0,"menu_order":0,"comment_status":"closed","ping_status":"closed","template":"","meta":{"_acf_changed":false,"footnotes":""},"class_list":["post-656","page","type-page","status-publish","has-post-thumbnail","hentry"],"acf":[],"yoast_head":"<!-- This site is optimized with the Yoast SEO plugin v27.4 - https:\/\/yoast.com\/product\/yoast-seo-wordpress\/ -->\n<title>Kunsthallen i Arendal - Bomuldsfabriken<\/title>\n<meta name=\"description\" content=\"Opplev samtidskunst i Arendal: utstillinger, arrangementer og Gruvene skulpturpark ved Torbj\u00f8rnsbu. \u00c5pent fra tirsdag til s\u00f8ndag.\" \/>\n<meta name=\"robots\" content=\"index, follow, max-snippet:-1, max-image-preview:large, max-video-preview:-1\" \/>\n<link rel=\"canonical\" href=\"https:\/\/bomuldsfabriken.no\/en\/\" \/>\n<meta property=\"og:locale\" content=\"en_GB\" \/>\n<meta property=\"og:type\" content=\"article\" \/>\n<meta property=\"og:title\" content=\"Bomuldsfabriken\" \/>\n<meta property=\"og:description\" content=\"Kunsthallen i Arendal \u2013 Bomuldsfabriken\" \/>\n<meta property=\"og:url\" content=\"https:\/\/bomuldsfabriken.no\/en\/\" \/>\n<meta property=\"og:site_name\" content=\"Bomuldsfabriken\" \/>\n<meta property=\"article:publisher\" content=\"https:\/\/www.facebook.com\/Bomuldsfabriken\/\" \/>\n<meta property=\"article:modified_time\" content=\"2026-04-17T17:47:25+00:00\" \/>\n<meta property=\"og:image\" content=\"https:\/\/bomuldsfabriken.no\/wp-content\/uploads\/2026\/01\/Leonhard-RickhardFB-event-cover-uten-tekst.avif\" \/>\n\t<meta property=\"og:image:width\" content=\"1919\" \/>\n\t<meta property=\"og:image:height\" content=\"1006\" \/>\n\t<meta property=\"og:image:type\" content=\"image\/jpeg\" \/>\n<meta name=\"twitter:card\" content=\"summary_large_image\" \/>\n<meta name=\"twitter:site\" content=\"@bomuldsfabriken\" \/>\n<meta name=\"twitter:label1\" content=\"Estimated reading time\" \/>\n\t<meta name=\"twitter:data1\" content=\"1 minute\" \/>\n<script type=\"application\/ld+json\" class=\"yoast-schema-graph\">{\"@context\":\"https:\\\/\\\/schema.org\",\"@graph\":[{\"@type\":\"WebPage\",\"@id\":\"https:\\\/\\\/bomuldsfabriken.no\\\/\",\"url\":\"https:\\\/\\\/bomuldsfabriken.no\\\/\",\"name\":\"Kunsthallen i Arendal - Bomuldsfabriken\",\"isPartOf\":{\"@id\":\"https:\\\/\\\/bomuldsfabriken.no\\\/#website\"},\"primaryImageOfPage\":{\"@id\":\"https:\\\/\\\/bomuldsfabriken.no\\\/#primaryimage\"},\"image\":{\"@id\":\"https:\\\/\\\/bomuldsfabriken.no\\\/#primaryimage\"},\"thumbnailUrl\":\"https:\\\/\\\/bomuldsfabriken.no\\\/wp-content\\\/uploads\\\/2026\\\/01\\\/Leonhard-RickhardFB-event-cover-uten-tekst.avif\",\"datePublished\":\"2026-01-16T10:05:46+00:00\",\"dateModified\":\"2026-04-17T17:47:25+00:00\",\"description\":\"Opplev samtidskunst i Arendal: utstillinger, arrangementer og Gruvene skulpturpark ved Torbj\u00f8rnsbu. \u00c5pent fra tirsdag til s\u00f8ndag.\",\"breadcrumb\":{\"@id\":\"https:\\\/\\\/bomuldsfabriken.no\\\/#breadcrumb\"},\"inLanguage\":\"en-GB\",\"potentialAction\":[{\"@type\":\"ReadAction\",\"target\":[\"https:\\\/\\\/bomuldsfabriken.no\\\/\"]}]},{\"@type\":\"ImageObject\",\"inLanguage\":\"en-GB\",\"@id\":\"https:\\\/\\\/bomuldsfabriken.no\\\/#primaryimage\",\"url\":\"https:\\\/\\\/bomuldsfabriken.no\\\/wp-content\\\/uploads\\\/2026\\\/01\\\/Leonhard-RickhardFB-event-cover-uten-tekst.avif\",\"contentUrl\":\"https:\\\/\\\/bomuldsfabriken.no\\\/wp-content\\\/uploads\\\/2026\\\/01\\\/Leonhard-RickhardFB-event-cover-uten-tekst.avif\",\"width\":1919,\"height\":1006},{\"@type\":\"BreadcrumbList\",\"@id\":\"https:\\\/\\\/bomuldsfabriken.no\\\/#breadcrumb\",\"itemListElement\":[{\"@type\":\"ListItem\",\"position\":1,\"name\":\"Home\",\"item\":\"https:\\\/\\\/bomuldsfabriken.no\\\/\"},{\"@type\":\"ListItem\",\"position\":2,\"name\":\"Kunsthallen i Arendal\"}]},{\"@type\":\"WebSite\",\"@id\":\"https:\\\/\\\/bomuldsfabriken.no\\\/#website\",\"url\":\"https:\\\/\\\/bomuldsfabriken.no\\\/\",\"name\":\"Bomuldsfabriken\",\"description\":\"Kunsthallen i Arendal \u2013 Bomuldsfabriken\",\"publisher\":{\"@id\":\"https:\\\/\\\/bomuldsfabriken.no\\\/#organization\"},\"potentialAction\":[{\"@type\":\"SearchAction\",\"target\":{\"@type\":\"EntryPoint\",\"urlTemplate\":\"https:\\\/\\\/bomuldsfabriken.no\\\/?s={search_term_string}\"},\"query-input\":{\"@type\":\"PropertyValueSpecification\",\"valueRequired\":true,\"valueName\":\"search_term_string\"}}],\"inLanguage\":\"en-GB\"},{\"@type\":\"Organization\",\"@id\":\"https:\\\/\\\/bomuldsfabriken.no\\\/#organization\",\"name\":\"Bomuldsfabriken\",\"url\":\"https:\\\/\\\/bomuldsfabriken.no\\\/\",\"logo\":{\"@type\":\"ImageObject\",\"inLanguage\":\"en-GB\",\"@id\":\"https:\\\/\\\/bomuldsfabriken.no\\\/#\\\/schema\\\/logo\\\/image\\\/\",\"url\":\"https:\\\/\\\/bomuldsfabriken.no\\\/wp-content\\\/uploads\\\/2025\\\/06\\\/bomlog.svg\",\"contentUrl\":\"https:\\\/\\\/bomuldsfabriken.no\\\/wp-content\\\/uploads\\\/2025\\\/06\\\/bomlog.svg\",\"caption\":\"Bomuldsfabriken\"},\"image\":{\"@id\":\"https:\\\/\\\/bomuldsfabriken.no\\\/#\\\/schema\\\/logo\\\/image\\\/\"},\"sameAs\":[\"https:\\\/\\\/www.facebook.com\\\/Bomuldsfabriken\\\/\",\"https:\\\/\\\/x.com\\\/bomuldsfabriken\",\"https:\\\/\\\/www.instagram.com\\\/bomuldsfabriken\"]}]}<\/script>\n<!-- \/ Yoast SEO plugin. -->","yoast_head_json":{"title":"Kunsthallen i Arendal - Bomuldsfabriken","description":"Opplev samtidskunst i Arendal: utstillinger, arrangementer og Gruvene skulpturpark ved Torbj\u00f8rnsbu. \u00c5pent fra tirsdag til s\u00f8ndag.","robots":{"index":"index","follow":"follow","max-snippet":"max-snippet:-1","max-image-preview":"max-image-preview:large","max-video-preview":"max-video-preview:-1"},"canonical":"https:\/\/bomuldsfabriken.no\/en\/","og_locale":"en_GB","og_type":"article","og_title":"Bomuldsfabriken","og_description":"Kunsthallen i Arendal \u2013 Bomuldsfabriken","og_url":"https:\/\/bomuldsfabriken.no\/en\/","og_site_name":"Bomuldsfabriken","article_publisher":"https:\/\/www.facebook.com\/Bomuldsfabriken\/","article_modified_time":"2026-04-17T17:47:25+00:00","og_image":[{"width":1919,"height":1006,"url":"https:\/\/bomuldsfabriken.no\/wp-content\/uploads\/2026\/01\/Leonhard-RickhardFB-event-cover-uten-tekst.avif","type":"image\/jpeg"}],"twitter_card":"summary_large_image","twitter_site":"@bomuldsfabriken","twitter_misc":{"Estimated reading time":"1 minute"},"schema":{"@context":"https:\/\/schema.org","@graph":[{"@type":"WebPage","@id":"https:\/\/bomuldsfabriken.no\/","url":"https:\/\/bomuldsfabriken.no\/","name":"Kunsthallen i Arendal - Bomuldsfabriken","isPartOf":{"@id":"https:\/\/bomuldsfabriken.no\/#website"},"primaryImageOfPage":{"@id":"https:\/\/bomuldsfabriken.no\/#primaryimage"},"image":{"@id":"https:\/\/bomuldsfabriken.no\/#primaryimage"},"thumbnailUrl":"https:\/\/bomuldsfabriken.no\/wp-content\/uploads\/2026\/01\/Leonhard-RickhardFB-event-cover-uten-tekst.avif","datePublished":"2026-01-16T10:05:46+00:00","dateModified":"2026-04-17T17:47:25+00:00","description":"Opplev samtidskunst i Arendal: utstillinger, arrangementer og Gruvene skulpturpark ved Torbj\u00f8rnsbu. \u00c5pent fra tirsdag til s\u00f8ndag.","breadcrumb":{"@id":"https:\/\/bomuldsfabriken.no\/#breadcrumb"},"inLanguage":"en-GB","potentialAction":[{"@type":"ReadAction","target":["https:\/\/bomuldsfabriken.no\/"]}]},{"@type":"ImageObject","inLanguage":"en-GB","@id":"https:\/\/bomuldsfabriken.no\/#primaryimage","url":"https:\/\/bomuldsfabriken.no\/wp-content\/uploads\/2026\/01\/Leonhard-RickhardFB-event-cover-uten-tekst.avif","contentUrl":"https:\/\/bomuldsfabriken.no\/wp-content\/uploads\/2026\/01\/Leonhard-RickhardFB-event-cover-uten-tekst.avif","width":1919,"height":1006},{"@type":"BreadcrumbList","@id":"https:\/\/bomuldsfabriken.no\/#breadcrumb","itemListElement":[{"@type":"ListItem","position":1,"name":"Home","item":"https:\/\/bomuldsfabriken.no\/"},{"@type":"ListItem","position":2,"name":"Kunsthallen i Arendal"}]},{"@type":"WebSite","@id":"https:\/\/bomuldsfabriken.no\/#website","url":"https:\/\/bomuldsfabriken.no\/","name":"Bomuldsfabriken","description":"Kunsthallen i Arendal \u2013 Bomuldsfabriken","publisher":{"@id":"https:\/\/bomuldsfabriken.no\/#organization"},"potentialAction":[{"@type":"SearchAction","target":{"@type":"EntryPoint","urlTemplate":"https:\/\/bomuldsfabriken.no\/?s={search_term_string}"},"query-input":{"@type":"PropertyValueSpecification","valueRequired":true,"valueName":"search_term_string"}}],"inLanguage":"en-GB"},{"@type":"Organization","@id":"https:\/\/bomuldsfabriken.no\/#organization","name":"Bomuldsfabriken","url":"https:\/\/bomuldsfabriken.no\/","logo":{"@type":"ImageObject","inLanguage":"en-GB","@id":"https:\/\/bomuldsfabriken.no\/#\/schema\/logo\/image\/","url":"https:\/\/bomuldsfabriken.no\/wp-content\/uploads\/2025\/06\/bomlog.svg","contentUrl":"https:\/\/bomuldsfabriken.no\/wp-content\/uploads\/2025\/06\/bomlog.svg","caption":"Bomuldsfabriken"},"image":{"@id":"https:\/\/bomuldsfabriken.no\/#\/schema\/logo\/image\/"},"sameAs":["https:\/\/www.facebook.com\/Bomuldsfabriken\/","https:\/\/x.com\/bomuldsfabriken","https:\/\/www.instagram.com\/bomuldsfabriken"]}]}},"_links":{"self":[{"href":"https:\/\/bomuldsfabriken.no\/en\/wp-json\/wp\/v2\/pages\/656","targetHints":{"allow":["GET"]}}],"collection":[{"href":"https:\/\/bomuldsfabriken.no\/en\/wp-json\/wp\/v2\/pages"}],"about":[{"href":"https:\/\/bomuldsfabriken.no\/en\/wp-json\/wp\/v2\/types\/page"}],"author":[{"embeddable":true,"href":"https:\/\/bomuldsfabriken.no\/en\/wp-json\/wp\/v2\/users\/8"}],"replies":[{"embeddable":true,"href":"https:\/\/bomuldsfabriken.no\/en\/wp-json\/wp\/v2\/comments?post=656"}],"version-history":[{"count":142,"href":"https:\/\/bomuldsfabriken.no\/en\/wp-json\/wp\/v2\/pages\/656\/revisions"}],"predecessor-version":[{"id":2357,"href":"https:\/\/bomuldsfabriken.no\/en\/wp-json\/wp\/v2\/pages\/656\/revisions\/2357"}],"wp:featuredmedia":[{"embeddable":true,"href":"https:\/\/bomuldsfabriken.no\/en\/wp-json\/wp\/v2\/media\/1731"}],"wp:attachment":[{"href":"https:\/\/bomuldsfabriken.no\/en\/wp-json\/wp\/v2\/media?parent=656"}],"curies":[{"name":"wp","href":"https:\/\/api.w.org\/{rel}","templated":true}]}}