{"id":453,"date":"2025-02-25T16:00:40","date_gmt":"2025-02-25T16:00:40","guid":{"rendered":"http:\/\/bomuldification.test\/kunst\/calina-pandele-yttredal\/"},"modified":"2026-04-07T14:18:03","modified_gmt":"2026-04-07T14:18:03","slug":"calina-pandele-yttredal","status":"publish","type":"utstilling","link":"https:\/\/bomuldsfabriken.no\/en\/utstilling\/calina-pandele-yttredal\/","title":{"rendered":"Calina Pandele Yttredal \u2013 1. mar.\u201327. apr."},"content":{"rendered":"<p><strong>Hvor:<\/strong> Bomuldsfabriken Kunsthall, 3. etasje<br \/>\n<strong>Utstillingsperiode:<\/strong> L\u00f8rdag 1. mars\u201327. april<br \/>\nGratis inngang<\/p>\n<hr class=\"wp-block-separator has-alpha-channel-opacity\" \/>\n<p><strong><em>V\u00e5kne opp til en ny verden<\/em><\/strong><\/p>\n<p>Calina Pandele Yttredals kunstnerskap spenner over et vidt spekter av teknikker og medier, og hun har en omfattende produksjon innen tegning, maleri, grafikk, skulptur, installasjoner og offentlige utsmykkinger. Hun har oppn\u00e5dd nasjonal og internasjonal annerkjennelse for sine arbeider, med utstillinger i Kunstnerforbundet, Tegneforbundet, RAM Galleri, Kunsthall Oslo, KH\u00c5K Kunsthall, Galleri Brandstrup og Kunstmuseet Kube. Hun har ogs\u00e5 hatt visninger blant annet i New York, Paris, Rio de Janeiro og Helsinki.<\/p>\n<p>Yttredal mottok i 2009 Kultur- og n\u00e6ringsprisen for sin permanente lysutsmykning, \u00abEt \u00e5rs lyssyklus p\u00e5 Paleet\u00bb.<\/p>\n<p>Hun er representert i flere private og offentlige kunstsamlinger, som Dronning Sonjas samling, Museet for samtidskunst, Bucuresti, Romania (MNAC) og Petter Olsens samling.<\/p>\n<p>I januar 2025 ble Yttredals dynamiske lysskulptur \u00abIldstedet\u00bb offentlig avduket som f\u00f8rste permanente installasjon i Kulturhavna i \u00c5lesund. Dette var startskuddet for festivalen \u00abHistoriske dager\u00bb, et arrangement til minne om bybrannen i 1904.<\/p>\n<p>Yttredal er ogs\u00e5 faglitter\u00e6r forfatter med flere utgivelser bak seg.<\/p>\n<p>Yttredal er kjent for sin forskningsbaserte tiln\u00e6rming til kunsten. Samspillet mellom lys, farge og rom har v\u00e6rt et sentralt tema i hennes kunst og litteratur. I forbindelse med et studieopphold i staten New York, p\u00e5 1980 tallet, utviklet hun en spesiell type iriserende maling hvor pigmentene forandrer farge og karakter ved lysets endringer. Dette skaper virkninger der naturens skiftende lys, \u00e5rstidenes syklus og betrakterens bevegelser blir en integrert del av verket.<\/p>\n<p>Yttredals s\u00e6regne maleteknikk, der hun p\u00e5f\u00f8rer tynne sjikt, lag p\u00e5 lag, av transparente medier, skaper en stemning og romf\u00f8lelse der figurene manifesteres av lyset gjennom en t\u00e5keaktig tekstur. Det gir en dr\u00f8mmeaktig f\u00f8lelse til det ellers figurative og realistiske uttrykket, og knytter seg til v\u00e5r underbevissthet og f\u00f8lelse av en st\u00f8rre dimensjon.<\/p>\n<p>Lyset f\u00e5r en fremtredende rolle i Yttredals komposisjoner, og kan skape assosiasjoner til glassmaleriene vi kjenner fra kirkerommet.<\/p>\n<p>Vi snakker ikke her om en religi\u00f8s referanse i Yttredals arbeider, men slik glassmaleriene skaper en illusjon av det religi\u00f8se som noe som er hevet over menneskets jordiske tilv\u00e6relse, minner hun oss p\u00e5 at vi i m\u00f8te med naturen st\u00e5r ovenfor noe som er st\u00f8rre enn oss selv.<\/p>\n<p>Naturen st\u00e5r sentralt i Yttredals kunstnerskap. Hun tar opp temaer knyttet til menneskets eksistensielle utfordringer knyttet til en virkelighet i rask endring. Naturens sykluser, det foranderlige sett opp mot det bestandige og menneskets p\u00e5virkning p\u00e5 verden vi lever i, er sentralt. Hun tar opp sp\u00f8rsm\u00e5l tilknyttet natur- og milj\u00f8krisen og hvilke konsekvenser tapet av naturmangfold f\u00e5r for v\u00e5r forst\u00e5else av oss selv som del av helheten.<\/p>\n<p>Yttredal har ofte referert til verkene sine som \u00abmulige landskap\u00bb. Ved f\u00f8rste \u00f8yenkast kan stedene hun skildrer virke som rene gjengivelser av virkeligheten, men g\u00e5r man dypere inn i bildene vil man oppdage at noe skurrer. Vi finner menneskeskapte strukturer overgrodd av natur, r\u00f8tter som sprenger seg vei gjennom solide fundamenter og fossefall som har tatt nye veier der mennesket tidligere har hatt sitt domene. Det kan med ett virke skremmende, og lede tankene inn p\u00e5 postapokalyptiske senarioer. Dystopiske fremtidsvisjoner der alt synes \u00e5 v\u00e6re tapt. Paradokset ligger i at Yttredals koloristiske frodighet viser en vakker verden hvor det s\u00e5rbare er truet.<\/p>\n<p>Da vi v\u00e5knet i 2025 f\u00f8ltes det p\u00e5 mange m\u00e5ter som vi v\u00e5knet til en ny tid. Et kvart \u00e5rhundre inn i det nye millenniet f\u00f8les det som om vi har entret en fremtid der utviklingen g\u00e5r i feil retning.<\/p>\n<p>Profitt og nasjonale \u00f8nsker om velstand er p\u00e5 nytt den r\u00e5dende tanken. Det kan virke som om det har g\u00e5tt inflasjon i advarslene. Fremtidsoptimismen og troen p\u00e5 at internasjonalt samarbeid og ny teknologi ville l\u00f8se natur og klimakrisen virker som en fjern dr\u00f8m. I en tid der stadig nye naturomr\u00e5der bygges ned, blir oppstykket og forurenset skaper Yttredal bilder rom for refleksjon og ettertanke. I en verden der effektivitet, teknologiske fremskritt og \u00f8konomisk vekst synes \u00e5 v\u00e6re de eneste parameterne vi bruker for \u00e5 m\u00e5le suksess, blir mennesker handlingslammet og desillusjonert.<\/p>\n<p>I m\u00f8te med denne nye tiden blir det viktigere enn noen gang at kunsten g\u00e5r foran og viser vei. I alt det m\u00f8rke blir p\u00e5 nytt Yttredals \u00abmulige landskap\u00bb aktualisert, for det finnes ogs\u00e5 optimisme og tr\u00f8st i Yttredals bilder. I de frodige jungellandskapene kan man se dyr som\u00a0 entrer en ny virkelighet. Forsiktig og pr\u00f8vende utforsker de en verden der naturen igjen f\u00e5r utfolde seg.<\/p>\n<p>Vi g\u00e5r inn i utstillingen gjennom en portal. En installasjon best\u00e5ende av maleri med iriserende maling utf\u00f8rt p\u00e5 transpant materiale, der samspillet med lyset skaper en f\u00f8lelse av tredimensjonalitet. Motivet er hentet fra stavkirkenes treskurd hvor Yttredal har flettet inn utryddingstruede dyr og planter. Her knytter hun natur og kultur sammen gjennom tidsperspektiver, hvor fortidens ornamentikk f\u00e5r resonans i samtiden og i fremtidens visjoner. Overgangen mellom stadier, liminalfaser, har st\u00e5tt sentralt i tidligere tiders forst\u00e5else av verden. Portalene ved inngangen til stavkirkene representerte skillet mellom den kaotiske virkeligheten vi lever i, og det ordnede kosmos som religionen representerer. I dette verket overf\u00f8rer Yttredal betydningen til kunsten. Vi g\u00e5r fra den reelle verden utenfor, til et imagin\u00e6rt univers innenfor.<\/p>\n<p>Bomuldsfabriken kunsthall viser Calina Pandele Yttredals utstilling i forbindelse med Torbj\u00f8rnsbu gruver. Fra begynnelsen av 1600 tallet til omkring 1870 ble leverte gruvene i Arendalsfeltet omkring to tredjedeler av jernmalmen som ble brukt i norske jernverk, og da virksomheten opph\u00f8rte ved Torbj\u00f8rnsbu gruver ble omr\u00e5det omgjort til avfallsdeponi. Alt fra oljefat til bilvrak ble dumpet i gruvene, og omr\u00e5det ligger i dag som et s\u00e5r i landskapet etter menneskers jakt p\u00e5, og overforbruk av, ressurser.<\/p>\n<p>Som i Yttredals kunst er dette n\u00e5 et landskap i forandring. Et landskap som naturen f\u00e5r lov til \u00e5 gjenerobre. Avfallet vil til slutt brytes ned, og sporene etter menneskelig aktivitet vil viskes ut.<\/p>\n<p>I l\u00f8pet av utstillingsperioden vil naturen i gruvene sakte men sikkert v\u00e5kne fra vinterdvalen. Hvert \u00e5r kommer nye planter og dyr til. Det er en prosess som f\u00f8lger naturens langsomme, men ustanselige rytme.<\/p>\n<p>BIO<br \/>\n<strong>Calina Pandele Yttredal<\/strong> (Oslo) er utdannet ved Statens H\u00e5ndverks- og Kunstindustriskole og Statens Kunstakademi i Oslo. Hun jobber innenfor et vidt spekter av materialer, teknikker og formater innen maleri, tegning, grafikk og skulptur.<\/p>\n<p>Yttredal er kjent for sin utforskning av samspillet mellom lys, farge og rom, og arbeider med temaer knyttet til naturmangfold, det foranderlige, klimaendringer og menneskets relasjon til naturen. Hun har forsket i materialer og teknikker som inng\u00e5r i samspill med lyset p\u00e5 ulike m\u00e5ter, og har utviklet en egen maleteknikk med iriserende maling og transparente medier.<\/p>\n<p>Yttredals arbeider har blitt vist p\u00e5 en rekke separat- og gruppeutstillinger i Norge og internasjonalt, blant annet i Kunstnerforbundet, Tegnerforbundet, Statens h\u00f8stutstilling, RAM Galleri, Kunsthall Oslo, KH\u00c5K Kunsthall, Bomuldsfabriken kunsthall, Galleri Brandstrup og Kunstmuseet Kube. Hun har hatt visninger i New York, Seattle, Paris, Rio de Janeiro, Osaka, Bucuresti og Helsinki.<\/p>\n<p>Yttredal har gjort flere offentlige utsmykninger, og mottok i 2009 Kultur- og n\u00e6ringsprisen, utdelt av Innovasjon Norge og Forum for kultur og n\u00e6ringsliv, for sin permanente installasjon \u00abEt \u00e5rs lyssyklus p\u00e5 Paleet\u00bb. Hennes kunst i offentlig rom og lysskulpturer samspiller med naturens skiftninger og forandrer uttrykk over tid. Lysskulpturen \u00abWind Eye\u00bb, best\u00e5ende av en glasskule, spesialprodusert ved Hadeland glassverk, er plassert i Knut Hamsuns rike, p\u00e5 Tran\u00f8y. Lysutsmykkingen \u00abLandskap\u00bb, montert direkte p\u00e5 en elleve meter h\u00f8y glassfasade kan oppleves ved Kirkenes Snowhotel, mens den fem meter h\u00f8ye interaktive lysskulpturen \u00abSj\u00f8hest\u00bb stiger opp av havet ved Slemmestad brygge.<\/p>\n<p>Yttredal er representert i flere offentlige og private samlinger, som Dronning Sonjas kunstsamling, Museet for samtidskunst Bucuresti, Romania (MNAC) og Petter Olsens samling.<\/p>\n<p>I januar 2025 ble den dynamiske lysskulptur \u00abIldstedet\u00bb offentlig avduket som f\u00f8rste installasjon i Kulturhavna i \u00c5lesund. Installasjonen ble skapt som et monument til minne om bybrannen i 1904.<\/p>\n<p>Yttredal er medlem av Norske billedkunstnere (NBK), Landsforeningen Norske malere (LNM), Tegnerforbundet (TF) og Norsk faglitter\u00e6r forfatter- og oversetter forening (NFFO).<\/p>\n<p>Calina Pandele Yttredal er ogs\u00e5 faglitter\u00e6r forfatter, med en rekke utgivelser bak seg. \u00abLYS. Farge, design, kommunikasjon\u00bb utgitt p\u00e5 fagbokforlaget i 2012, samt flere av hennes \u00f8vrige utgivelser er blitt benyttet som pensum p\u00e5 Kunsth\u00f8gskolen i Oslo og H\u00f8gskolen i Oslo og Buskerud.<\/p>","protected":false},"featured_media":65,"template":"","meta":{"_acf_changed":true},"label":[],"class_list":["post-453","utstilling","type-utstilling","status-publish","has-post-thumbnail","hentry"],"acf":[],"yoast_head":"<!-- This site is optimized with the Yoast SEO plugin v27.5 - https:\/\/yoast.com\/product\/yoast-seo-wordpress\/ -->\n<title>Calina Pandele Yttredal \u2013 1. mar.\u201327. apr. - Bomuldsfabriken<\/title>\n<meta name=\"robots\" content=\"index, follow, max-snippet:-1, max-image-preview:large, max-video-preview:-1\" \/>\n<link rel=\"canonical\" href=\"https:\/\/bomuldsfabriken.no\/en\/utstilling\/calina-pandele-yttredal\/\" \/>\n<meta property=\"og:locale\" content=\"en_GB\" \/>\n<meta property=\"og:type\" content=\"article\" \/>\n<meta property=\"og:title\" content=\"Calina Pandele Yttredal \u2013 1. mar.\u201327. apr. - Bomuldsfabriken\" \/>\n<meta property=\"og:description\" content=\"Hvor: Bomuldsfabriken Kunsthall, 3. etasje Utstillingsperiode: L\u00f8rdag 1. mars\u201327. april Gratis inngang V\u00e5kne opp til en ny verden Calina Pandele Yttredals kunstnerskap spenner over et\" \/>\n<meta property=\"og:url\" content=\"https:\/\/bomuldsfabriken.no\/en\/utstilling\/calina-pandele-yttredal\/\" \/>\n<meta property=\"og:site_name\" content=\"Bomuldsfabriken\" \/>\n<meta property=\"article:publisher\" content=\"https:\/\/www.facebook.com\/Bomuldsfabriken\/\" \/>\n<meta property=\"article:modified_time\" content=\"2026-04-07T14:18:03+00:00\" \/>\n<meta property=\"og:image\" content=\"https:\/\/bomuldsfabriken.no\/wp-content\/uploads\/2025\/06\/hjemmesiden-banner-443-kb.jpg\" \/>\n\t<meta property=\"og:image:width\" content=\"1920\" \/>\n\t<meta property=\"og:image:height\" content=\"1080\" \/>\n\t<meta property=\"og:image:type\" content=\"image\/jpeg\" \/>\n<meta name=\"twitter:card\" content=\"summary_large_image\" \/>\n<meta name=\"twitter:site\" content=\"@bomuldsfabriken\" \/>\n<meta name=\"twitter:label1\" content=\"Estimated reading time\" \/>\n\t<meta name=\"twitter:data1\" content=\"1 minute\" \/>\n<script type=\"application\/ld+json\" class=\"yoast-schema-graph\">{\"@context\":\"https:\\\/\\\/schema.org\",\"@graph\":[{\"@type\":\"WebPage\",\"@id\":\"https:\\\/\\\/bomuldsfabriken.no\\\/utstilling\\\/calina-pandele-yttredal\\\/\",\"url\":\"https:\\\/\\\/bomuldsfabriken.no\\\/utstilling\\\/calina-pandele-yttredal\\\/\",\"name\":\"Calina Pandele Yttredal \u2013 1. mar.\u201327. apr. - Bomuldsfabriken\",\"isPartOf\":{\"@id\":\"https:\\\/\\\/bomuldsfabriken.no\\\/#website\"},\"primaryImageOfPage\":{\"@id\":\"https:\\\/\\\/bomuldsfabriken.no\\\/utstilling\\\/calina-pandele-yttredal\\\/#primaryimage\"},\"image\":{\"@id\":\"https:\\\/\\\/bomuldsfabriken.no\\\/utstilling\\\/calina-pandele-yttredal\\\/#primaryimage\"},\"thumbnailUrl\":\"https:\\\/\\\/bomuldsfabriken.no\\\/wp-content\\\/uploads\\\/2025\\\/06\\\/hjemmesiden-banner-443-kb.jpg\",\"datePublished\":\"2025-02-25T16:00:40+00:00\",\"dateModified\":\"2026-04-07T14:18:03+00:00\",\"breadcrumb\":{\"@id\":\"https:\\\/\\\/bomuldsfabriken.no\\\/utstilling\\\/calina-pandele-yttredal\\\/#breadcrumb\"},\"inLanguage\":\"en-GB\",\"potentialAction\":[{\"@type\":\"ReadAction\",\"target\":[\"https:\\\/\\\/bomuldsfabriken.no\\\/utstilling\\\/calina-pandele-yttredal\\\/\"]}]},{\"@type\":\"ImageObject\",\"inLanguage\":\"en-GB\",\"@id\":\"https:\\\/\\\/bomuldsfabriken.no\\\/utstilling\\\/calina-pandele-yttredal\\\/#primaryimage\",\"url\":\"https:\\\/\\\/bomuldsfabriken.no\\\/wp-content\\\/uploads\\\/2025\\\/06\\\/hjemmesiden-banner-443-kb.jpg\",\"contentUrl\":\"https:\\\/\\\/bomuldsfabriken.no\\\/wp-content\\\/uploads\\\/2025\\\/06\\\/hjemmesiden-banner-443-kb.jpg\",\"width\":1920,\"height\":1080},{\"@type\":\"BreadcrumbList\",\"@id\":\"https:\\\/\\\/bomuldsfabriken.no\\\/utstilling\\\/calina-pandele-yttredal\\\/#breadcrumb\",\"itemListElement\":[{\"@type\":\"ListItem\",\"position\":1,\"name\":\"Home\",\"item\":\"https:\\\/\\\/bomuldsfabriken.no\\\/\"},{\"@type\":\"ListItem\",\"position\":2,\"name\":\"Calina Pandele Yttredal \u2013 1. mar.\u201327. apr.\"}]},{\"@type\":\"WebSite\",\"@id\":\"https:\\\/\\\/bomuldsfabriken.no\\\/#website\",\"url\":\"https:\\\/\\\/bomuldsfabriken.no\\\/\",\"name\":\"Bomuldsfabriken\",\"description\":\"Kunsthallen i Arendal \u2013 Bomuldsfabriken\",\"publisher\":{\"@id\":\"https:\\\/\\\/bomuldsfabriken.no\\\/#organization\"},\"potentialAction\":[{\"@type\":\"SearchAction\",\"target\":{\"@type\":\"EntryPoint\",\"urlTemplate\":\"https:\\\/\\\/bomuldsfabriken.no\\\/?s={search_term_string}\"},\"query-input\":{\"@type\":\"PropertyValueSpecification\",\"valueRequired\":true,\"valueName\":\"search_term_string\"}}],\"inLanguage\":\"en-GB\"},{\"@type\":\"Organization\",\"@id\":\"https:\\\/\\\/bomuldsfabriken.no\\\/#organization\",\"name\":\"Bomuldsfabriken\",\"url\":\"https:\\\/\\\/bomuldsfabriken.no\\\/\",\"logo\":{\"@type\":\"ImageObject\",\"inLanguage\":\"en-GB\",\"@id\":\"https:\\\/\\\/bomuldsfabriken.no\\\/#\\\/schema\\\/logo\\\/image\\\/\",\"url\":\"https:\\\/\\\/bomuldsfabriken.no\\\/wp-content\\\/uploads\\\/2025\\\/06\\\/bomlog.svg\",\"contentUrl\":\"https:\\\/\\\/bomuldsfabriken.no\\\/wp-content\\\/uploads\\\/2025\\\/06\\\/bomlog.svg\",\"caption\":\"Bomuldsfabriken\"},\"image\":{\"@id\":\"https:\\\/\\\/bomuldsfabriken.no\\\/#\\\/schema\\\/logo\\\/image\\\/\"},\"sameAs\":[\"https:\\\/\\\/www.facebook.com\\\/Bomuldsfabriken\\\/\",\"https:\\\/\\\/x.com\\\/bomuldsfabriken\",\"https:\\\/\\\/www.instagram.com\\\/bomuldsfabriken\"]}]}<\/script>\n<!-- \/ Yoast SEO plugin. -->","yoast_head_json":{"title":"Calina Pandele Yttredal \u2013 1. mar.\u201327. apr. - Bomuldsfabriken","robots":{"index":"index","follow":"follow","max-snippet":"max-snippet:-1","max-image-preview":"max-image-preview:large","max-video-preview":"max-video-preview:-1"},"canonical":"https:\/\/bomuldsfabriken.no\/en\/utstilling\/calina-pandele-yttredal\/","og_locale":"en_GB","og_type":"article","og_title":"Calina Pandele Yttredal \u2013 1. mar.\u201327. apr. - Bomuldsfabriken","og_description":"Hvor: Bomuldsfabriken Kunsthall, 3. etasje Utstillingsperiode: L\u00f8rdag 1. mars\u201327. april Gratis inngang V\u00e5kne opp til en ny verden Calina Pandele Yttredals kunstnerskap spenner over et","og_url":"https:\/\/bomuldsfabriken.no\/en\/utstilling\/calina-pandele-yttredal\/","og_site_name":"Bomuldsfabriken","article_publisher":"https:\/\/www.facebook.com\/Bomuldsfabriken\/","article_modified_time":"2026-04-07T14:18:03+00:00","og_image":[{"width":1920,"height":1080,"url":"https:\/\/bomuldsfabriken.no\/wp-content\/uploads\/2025\/06\/hjemmesiden-banner-443-kb.jpg","type":"image\/jpeg"}],"twitter_card":"summary_large_image","twitter_site":"@bomuldsfabriken","twitter_misc":{"Estimated reading time":"1 minute"},"schema":{"@context":"https:\/\/schema.org","@graph":[{"@type":"WebPage","@id":"https:\/\/bomuldsfabriken.no\/utstilling\/calina-pandele-yttredal\/","url":"https:\/\/bomuldsfabriken.no\/utstilling\/calina-pandele-yttredal\/","name":"Calina Pandele Yttredal \u2013 1. mar.\u201327. apr. - Bomuldsfabriken","isPartOf":{"@id":"https:\/\/bomuldsfabriken.no\/#website"},"primaryImageOfPage":{"@id":"https:\/\/bomuldsfabriken.no\/utstilling\/calina-pandele-yttredal\/#primaryimage"},"image":{"@id":"https:\/\/bomuldsfabriken.no\/utstilling\/calina-pandele-yttredal\/#primaryimage"},"thumbnailUrl":"https:\/\/bomuldsfabriken.no\/wp-content\/uploads\/2025\/06\/hjemmesiden-banner-443-kb.jpg","datePublished":"2025-02-25T16:00:40+00:00","dateModified":"2026-04-07T14:18:03+00:00","breadcrumb":{"@id":"https:\/\/bomuldsfabriken.no\/utstilling\/calina-pandele-yttredal\/#breadcrumb"},"inLanguage":"en-GB","potentialAction":[{"@type":"ReadAction","target":["https:\/\/bomuldsfabriken.no\/utstilling\/calina-pandele-yttredal\/"]}]},{"@type":"ImageObject","inLanguage":"en-GB","@id":"https:\/\/bomuldsfabriken.no\/utstilling\/calina-pandele-yttredal\/#primaryimage","url":"https:\/\/bomuldsfabriken.no\/wp-content\/uploads\/2025\/06\/hjemmesiden-banner-443-kb.jpg","contentUrl":"https:\/\/bomuldsfabriken.no\/wp-content\/uploads\/2025\/06\/hjemmesiden-banner-443-kb.jpg","width":1920,"height":1080},{"@type":"BreadcrumbList","@id":"https:\/\/bomuldsfabriken.no\/utstilling\/calina-pandele-yttredal\/#breadcrumb","itemListElement":[{"@type":"ListItem","position":1,"name":"Home","item":"https:\/\/bomuldsfabriken.no\/"},{"@type":"ListItem","position":2,"name":"Calina Pandele Yttredal \u2013 1. mar.\u201327. apr."}]},{"@type":"WebSite","@id":"https:\/\/bomuldsfabriken.no\/#website","url":"https:\/\/bomuldsfabriken.no\/","name":"Bomuldsfabriken","description":"Kunsthallen i Arendal \u2013 Bomuldsfabriken","publisher":{"@id":"https:\/\/bomuldsfabriken.no\/#organization"},"potentialAction":[{"@type":"SearchAction","target":{"@type":"EntryPoint","urlTemplate":"https:\/\/bomuldsfabriken.no\/?s={search_term_string}"},"query-input":{"@type":"PropertyValueSpecification","valueRequired":true,"valueName":"search_term_string"}}],"inLanguage":"en-GB"},{"@type":"Organization","@id":"https:\/\/bomuldsfabriken.no\/#organization","name":"Bomuldsfabriken","url":"https:\/\/bomuldsfabriken.no\/","logo":{"@type":"ImageObject","inLanguage":"en-GB","@id":"https:\/\/bomuldsfabriken.no\/#\/schema\/logo\/image\/","url":"https:\/\/bomuldsfabriken.no\/wp-content\/uploads\/2025\/06\/bomlog.svg","contentUrl":"https:\/\/bomuldsfabriken.no\/wp-content\/uploads\/2025\/06\/bomlog.svg","caption":"Bomuldsfabriken"},"image":{"@id":"https:\/\/bomuldsfabriken.no\/#\/schema\/logo\/image\/"},"sameAs":["https:\/\/www.facebook.com\/Bomuldsfabriken\/","https:\/\/x.com\/bomuldsfabriken","https:\/\/www.instagram.com\/bomuldsfabriken"]}]}},"_links":{"self":[{"href":"https:\/\/bomuldsfabriken.no\/en\/wp-json\/wp\/v2\/utstilling\/453","targetHints":{"allow":["GET"]}}],"collection":[{"href":"https:\/\/bomuldsfabriken.no\/en\/wp-json\/wp\/v2\/utstilling"}],"about":[{"href":"https:\/\/bomuldsfabriken.no\/en\/wp-json\/wp\/v2\/types\/utstilling"}],"wp:featuredmedia":[{"embeddable":true,"href":"https:\/\/bomuldsfabriken.no\/en\/wp-json\/wp\/v2\/media\/65"}],"wp:attachment":[{"href":"https:\/\/bomuldsfabriken.no\/en\/wp-json\/wp\/v2\/media?parent=453"}],"wp:term":[{"taxonomy":"label","embeddable":true,"href":"https:\/\/bomuldsfabriken.no\/en\/wp-json\/wp\/v2\/label?post=453"}],"curies":[{"name":"wp","href":"https:\/\/api.w.org\/{rel}","templated":true}]}}