{"id":460,"date":"2024-12-19T09:47:17","date_gmt":"2024-12-19T09:47:17","guid":{"rendered":"http:\/\/bomuldification.test\/kunst\/skakke-folkedrakter\/"},"modified":"2026-04-07T14:13:14","modified_gmt":"2026-04-07T14:13:14","slug":"skakke-folkedrakter","status":"publish","type":"utstilling","link":"https:\/\/bomuldsfabriken.no\/en\/utstilling\/skakke-folkedrakter\/","title":{"rendered":"Skakke folkedrakter: 25. jan.\u201323. mar."},"content":{"rendered":"<p id=\"block-77569919-5f3e-4281-817a-742d1d11ac78\"><em>Skakke folkedrakter \u2013 ikke en draktutstilling<\/em><br \/>\nEn vandreutstilling i samarbeid med Nasjonalmuseet<br \/>\n25.01.25\u201323.03.25<br \/>\nBomuldsfabriken Kunsthall, 1. etasje<\/p>\n<p id=\"block-60e30625-7f43-4498-87b3-64f40cc19a10\">\/\/\/\/\/\/\/\/\/\/\/\/\/\/\/\/\/\/\/\/\/\/\/\/\/\/\/\/\/\/\/\/\/\/\/\/\/\/\/\/\/\/\/\/\/\/\/\/\/\/\/\/\/\/\/\/\/\/\/\/\/\/\/\/\/\/\/\/\/\/\/\/\/\/<\/p>\n<p id=\"block-68d5eada-61f3-4f8e-8dd7-2d95c8df5741\"><em><a href=\"#english-info_\" data-type=\"internal\" data-id=\"#english-info_\">English info<\/a><\/em><\/p>\n<p id=\"block-053407e1-107b-4bf8-ab6c-d96aaeafc4d4\">I samarbeid med Nasjonalmuseet og flere andre institusjoner og museum i Norge foretar Bomuldsfabriken Kunsthall n\u00e5 et dypdykk i h\u00e5ndverket og historikken tilknyttet bunad, kofte og folkedrakt. Utstillingen er utviklet gjennom dialog p\u00e5 tvers av institusjoner og fagmilj\u00f8 over hele landet.<\/p>\n<p>Utstillingen viser verk av Rafiki, Christian Blandhoel, M\u00e1rj\u00e1 Karlsen, Harald Beharie, Lin Wang, H\u00e5vard Kranstad. Bli bedre kjent med kunstnerne i filmene (info om utstillingen fortsetter under filmene):<\/p>\n<div class=\"wp-block-group is-layout-grid wp-container-core-group-is-layout-6be84c55 wp-block-group-is-layout-grid\">\n<figure class=\"wp-block-embed is-type-video is-provider-youtube wp-block-embed-youtube wp-embed-aspect-16-9 wp-has-aspect-ratio\">\n<div class=\"wp-block-embed__wrapper\"><iframe title=\"Skakke folkedrakter: Rafiki\" src=\"https:\/\/www.youtube.com\/embed\/VTCeOzEARg0?feature=oembed\" width=\"500\" height=\"281\" frameborder=\"0\" allowfullscreen=\"allowfullscreen\"><\/iframe><\/div><figcaption class=\"wp-element-caption\">Rafiki<\/figcaption><\/figure>\n<figure class=\"wp-block-embed is-type-video is-provider-youtube wp-block-embed-youtube wp-embed-aspect-16-9 wp-has-aspect-ratio\">\n<div class=\"wp-block-embed__wrapper\"><iframe title=\"Skakke folkedrakter: Christian Blandhoel\" src=\"https:\/\/www.youtube.com\/embed\/dV5rVHcCVPE?feature=oembed\" width=\"500\" height=\"281\" frameborder=\"0\" allowfullscreen=\"allowfullscreen\"><\/iframe><\/div><figcaption class=\"wp-element-caption\">Christian Blandhoel<\/figcaption><\/figure>\n<figure class=\"wp-block-embed is-type-video is-provider-youtube wp-block-embed-youtube wp-embed-aspect-16-9 wp-has-aspect-ratio wp-container-content-2155ee95\">\n<div class=\"wp-block-embed__wrapper\"><iframe title=\"Skakke folkedrakter: M\u00e1rj\u00e1 Karlsen\" src=\"https:\/\/www.youtube.com\/embed\/DXFWB5S5V3A?feature=oembed\" width=\"500\" height=\"281\" frameborder=\"0\" allowfullscreen=\"allowfullscreen\"><\/iframe><\/div><figcaption class=\"wp-element-caption\">M\u00e1rj\u00e1 Karlsen<\/figcaption><\/figure>\n<\/div>\n<div class=\"wp-block-group is-layout-grid wp-container-core-group-is-layout-6be84c55 wp-block-group-is-layout-grid\">\n<figure class=\"wp-block-embed is-type-video is-provider-youtube wp-block-embed-youtube wp-embed-aspect-16-9 wp-has-aspect-ratio\">\n<div class=\"wp-block-embed__wrapper\"><iframe title=\"Skakke folkedrakter: Harald Beharie\" src=\"https:\/\/www.youtube.com\/embed\/3v5XXlXEmgo?feature=oembed\" width=\"500\" height=\"281\" frameborder=\"0\" allowfullscreen=\"allowfullscreen\"><\/iframe><\/div><figcaption class=\"wp-element-caption\">Harald Beharie<\/figcaption><\/figure>\n<figure class=\"wp-block-embed is-type-video is-provider-youtube wp-block-embed-youtube wp-embed-aspect-16-9 wp-has-aspect-ratio\">\n<div class=\"wp-block-embed__wrapper\"><iframe title=\"Skakke folkedrakter: Lin Wang\" src=\"https:\/\/www.youtube.com\/embed\/QN1gt7-J3Rw?feature=oembed\" width=\"500\" height=\"281\" frameborder=\"0\" allowfullscreen=\"allowfullscreen\"><\/iframe><\/div><figcaption class=\"wp-element-caption\">Lin Wang<\/figcaption><\/figure>\n<figure class=\"wp-block-embed is-type-video is-provider-youtube wp-block-embed-youtube wp-embed-aspect-16-9 wp-has-aspect-ratio\">\n<div class=\"wp-block-embed__wrapper\"><iframe title=\"Skakke folkedrakter: H\u00e5vard Kranstad\" src=\"https:\/\/www.youtube.com\/embed\/yfIS8qOqVPk?feature=oembed\" width=\"500\" height=\"281\" frameborder=\"0\" allowfullscreen=\"allowfullscreen\"><\/iframe><\/div><figcaption class=\"wp-element-caption\">H\u00e5vard Kranstad<\/figcaption><\/figure>\n<\/div>\n<p id=\"block-73797572-de15-4e5f-9359-992fe52b5944\">Mange har et forhold til bunader, kofter og folkedrakter. Disse tradisjonsrike plaggene kan skape sterk f\u00f8lelse av tilh\u00f8righet og stolthet, men ogs\u00e5 av utenforskap, skam og sinne. I den turnerende utstillingen <em>Skakke folkedrakter<\/em> er seks samtidskunstnere invitert til \u00e5 utforske og utfordre draktskikker, identitet og h\u00e5ndverkstradisjoner. Dette er en tverrfaglig utstilling i skj\u00e6ringspunktet mellom samtidskunst, design og h\u00e5ndverk og kulturhistorie. Prosjektet s\u00f8ker \u00e5 utforske kunstens rolle som d\u00f8r\u00e5pner for \u00e5 bringe ny kunnskap og nye perspektiver inn i den nasjonale samtalen om kulturarv.<\/p>\n<p id=\"block-27363641-4a0d-4398-8408-54ad9af3ac76\">I prosessen med sine prosjekter har de seks kunstnerne unders\u00f8kt motsetninger og g\u00e5tt i dialog med h\u00e5ndverkere og kunnskapsb\u00e6rere. De har skapt egne uttrykk gjennom blant annet fotografi, vev, perlearbeid, porselen, installasjoner, instrumenter og dans. Resultatet er en hyllest og et oppr\u00f8r \u2013 en utstilling om drakter som er langt fra en draktutstilling. En utstilling der drakter ikke f\u00f8rst og fremst er drakter, men symbol og id\u00e9er som former v\u00e5r tid, v\u00e5r selvoppfattelse, v\u00e5re relasjoner til andre og v\u00e5r historie.<\/p>\n<p id=\"block-9f9bb551-e95b-48d8-9cab-a2f154ff772d\">Prosjektet tar utgangspunkt i et sp\u00f8rsm\u00e5l: Hvordan skal vi forholde oss til v\u00e5re tradisjonelle drakter n\u00e5r de ikke lenger rommer alle mennesker som i dag utgj\u00f8r Norge? <em>Skakke folkedrakter<\/em> \u00f8nsker \u00e5 formidle underkommuniserte historier om kunst, h\u00e5ndverk og normbrytende liv, samtidig som vi vil inspirere til \u00f8kt oppslutning rundt fagmilj\u00f8er tilknyttet folkedrakter og tradisjonsh\u00e5ndverk, og anerkjenne kunnskapen som allerede er der.<\/p>\n<p id=\"block-3a086dee-21b5-4d5c-831b-f76553ec9915\"><em>Skeivt <\/em>omfatter mer enn seksualitet. Det handler om \u00e5 skape seg frisoner, rom for \u00e5 v\u00e6re den du vil, utfordre normer og kanon. Vi definerer \u00abskeivt\u00bb som \u00abnormkritisk\u00bb og \u00abskeive\u00bb som \u00abnormbrytere\u00bb. M\u00e5let har v\u00e6rt \u00e5 skape en utstilling som bidrar til \u00e5 utvide rommet for mangfoldig deltakelse i kulturarvsut\u00f8velse. Skeivt kultur\u00e5r (Sk\u00e5r) var et springbrett for videre arbeid med utstillinger og forskning, og <em>Skakke folkedrakter<\/em> er et viktig ledd i videref\u00f8ringen av dette arbeidet.<\/p>\n<h2 id=\"english-info_\" class=\"wp-block-heading\">English<\/h2>\n<p id=\"block-f58c20de-9442-4d31-8958-b9794022963d\">In collaboration with the National Museum and several other institutions and museums in Norway, Bomuldsfabriken Kunsthall is now undertaking a dive into the craftsmanship and history associated with folk costume. The exhibition has been developed through dialogue across institutions and professional circles across the country.<\/p>\n<p>The exhibition displays art by Rafiki, Christian Blandhoel, M\u00e1rj\u00e1 Karlsen, Harald Beharie, Lin Wang, H\u00e5vard Kranstad.<\/p>\n<p id=\"block-eeb5dc4c-6d39-46fd-a2a3-7945a5fc7ed3\">Many Norwegians feel a close attachment to folk costumes like the bunad and the kofte. These traditional garments can generate a strong sense of belonging, but also of alienation. They carry messages about where the wearer comes from and what they stand for, but they can also be worn in the quest for acceptance and inclusion. In the touring exhibition <em>Skakke folkedrakter<\/em>, six contemporary artists are invited to explore and challenge costume customs, identity and craft traditions. This is an interdisciplinary exhibition and research project at the intersection of contemporary art, design and craft and cultural history. The project seeks to explore the role of art as a door opener to bring new knowledge and new perspectives into the national conversation about cultural heritage.<\/p>\n<p id=\"block-2af1b194-2a9f-495f-b5e9-8e659a0057d9\">In the process of their projects, the six artists have examined contradictions and engaged in dialogue with craftsmen and knowledge bearers. They have created their own expressions through photography, weaving, beadwork, porcelain, installations, instruments and dance. The result is a tribute and a riot \u2013 an exhibition about folk costumes that is far from a folk costume exhibition. An exhibition where garments are not primarily clothes, but symbols and ideas that shape our times, our self-perception, our relationships with others and our history.<\/p>\n<p id=\"block-147f93d8-e1d5-4b4e-aa71-34dd6cc1573c\">The project is based on a question: How should we relate to our traditional costumes when they no longer accommodate all the people who make up Norway today? <em>Skakke folkedrakter<\/em> wants to convey under-communicated stories about art, crafts and norm-breaking lives, while at the same time we want to inspire increased support around professional environments associated with folk costumes and traditional crafts, and recognize the knowledge and history.<\/p>\n<p id=\"block-90e23cc4-b28c-4451-bee8-c0007811073a\"><em>Queer <\/em>encompasses more than sexuality. It\u2019s about creating freedom for yourself, room to be who you want to be, challenging norms and canon. We define \u201cqueer\u201d as \u201cnorm-critical\u201d and \u201cqueer\u201d as \u201cnorm breakers\u201d. The aim has been to create an exhibition that contributes to expanding the space for diverse participation in cultural heritage practice. <em>Skeivt kultur\u00e5r<\/em> (Cultural Year of the Queer) was a springboard for further work with exhibitions and research, and <em>Skakke folkedrakter<\/em> is an important continuation of this work.<\/p>","protected":false},"featured_media":79,"template":"","meta":{"_acf_changed":true},"label":[],"class_list":["post-460","utstilling","type-utstilling","status-publish","has-post-thumbnail","hentry"],"acf":[],"yoast_head":"<!-- This site is optimized with the Yoast SEO plugin v27.5 - https:\/\/yoast.com\/product\/yoast-seo-wordpress\/ -->\n<title>Skakke folkedrakter: 25. jan.\u201323. mar. - Bomuldsfabriken<\/title>\n<meta name=\"robots\" content=\"index, follow, max-snippet:-1, max-image-preview:large, max-video-preview:-1\" \/>\n<link rel=\"canonical\" href=\"https:\/\/bomuldsfabriken.no\/en\/utstilling\/skakke-folkedrakter\/\" \/>\n<meta property=\"og:locale\" content=\"en_GB\" \/>\n<meta property=\"og:type\" content=\"article\" \/>\n<meta property=\"og:title\" content=\"Skakke folkedrakter: 25. jan.\u201323. mar. - Bomuldsfabriken\" \/>\n<meta property=\"og:description\" content=\"Skakke folkedrakter \u2013 ikke en draktutstilling En vandreutstilling i samarbeid med Nasjonalmuseet 25.01.25\u201323.03.25 Bomuldsfabriken Kunsthall, 1. etasje \/\/\/\/\/\/\/\/\/\/\/\/\/\/\/\/\/\/\/\/\/\/\/\/\/\/\/\/\/\/\/\/\/\/\/\/\/\/\/\/\/\/\/\/\/\/\/\/\/\/\/\/\/\/\/\/\/\/\/\/\/\/\/\/\/\/\/\/\/\/\/\/\/\/ English info I samarbeid med Nasjonalmuseet og\" \/>\n<meta property=\"og:url\" content=\"https:\/\/bomuldsfabriken.no\/en\/utstilling\/skakke-folkedrakter\/\" \/>\n<meta property=\"og:site_name\" content=\"Bomuldsfabriken\" \/>\n<meta property=\"article:publisher\" content=\"https:\/\/www.facebook.com\/Bomuldsfabriken\/\" \/>\n<meta property=\"article:modified_time\" content=\"2026-04-07T14:13:14+00:00\" \/>\n<meta property=\"og:image\" content=\"https:\/\/bomuldsfabriken.no\/wp-content\/uploads\/2025\/06\/Skakke-hjemmeside-1920x1080-px-scaled-1.jpg\" \/>\n\t<meta property=\"og:image:width\" content=\"2560\" \/>\n\t<meta property=\"og:image:height\" content=\"1440\" \/>\n\t<meta property=\"og:image:type\" content=\"image\/jpeg\" \/>\n<meta name=\"twitter:card\" content=\"summary_large_image\" \/>\n<meta name=\"twitter:site\" content=\"@bomuldsfabriken\" \/>\n<meta name=\"twitter:label1\" content=\"Estimated reading time\" \/>\n\t<meta name=\"twitter:data1\" content=\"1 minute\" \/>\n<script type=\"application\/ld+json\" class=\"yoast-schema-graph\">{\"@context\":\"https:\\\/\\\/schema.org\",\"@graph\":[{\"@type\":\"WebPage\",\"@id\":\"https:\\\/\\\/bomuldsfabriken.no\\\/utstilling\\\/skakke-folkedrakter\\\/\",\"url\":\"https:\\\/\\\/bomuldsfabriken.no\\\/utstilling\\\/skakke-folkedrakter\\\/\",\"name\":\"Skakke folkedrakter: 25. jan.\u201323. mar. - Bomuldsfabriken\",\"isPartOf\":{\"@id\":\"https:\\\/\\\/bomuldsfabriken.no\\\/#website\"},\"primaryImageOfPage\":{\"@id\":\"https:\\\/\\\/bomuldsfabriken.no\\\/utstilling\\\/skakke-folkedrakter\\\/#primaryimage\"},\"image\":{\"@id\":\"https:\\\/\\\/bomuldsfabriken.no\\\/utstilling\\\/skakke-folkedrakter\\\/#primaryimage\"},\"thumbnailUrl\":\"https:\\\/\\\/bomuldsfabriken.no\\\/wp-content\\\/uploads\\\/2025\\\/06\\\/Skakke-hjemmeside-1920x1080-px-scaled-1.jpg\",\"datePublished\":\"2024-12-19T09:47:17+00:00\",\"dateModified\":\"2026-04-07T14:13:14+00:00\",\"breadcrumb\":{\"@id\":\"https:\\\/\\\/bomuldsfabriken.no\\\/utstilling\\\/skakke-folkedrakter\\\/#breadcrumb\"},\"inLanguage\":\"en-GB\",\"potentialAction\":[{\"@type\":\"ReadAction\",\"target\":[\"https:\\\/\\\/bomuldsfabriken.no\\\/utstilling\\\/skakke-folkedrakter\\\/\"]}]},{\"@type\":\"ImageObject\",\"inLanguage\":\"en-GB\",\"@id\":\"https:\\\/\\\/bomuldsfabriken.no\\\/utstilling\\\/skakke-folkedrakter\\\/#primaryimage\",\"url\":\"https:\\\/\\\/bomuldsfabriken.no\\\/wp-content\\\/uploads\\\/2025\\\/06\\\/Skakke-hjemmeside-1920x1080-px-scaled-1.jpg\",\"contentUrl\":\"https:\\\/\\\/bomuldsfabriken.no\\\/wp-content\\\/uploads\\\/2025\\\/06\\\/Skakke-hjemmeside-1920x1080-px-scaled-1.jpg\",\"width\":2560,\"height\":1440},{\"@type\":\"BreadcrumbList\",\"@id\":\"https:\\\/\\\/bomuldsfabriken.no\\\/utstilling\\\/skakke-folkedrakter\\\/#breadcrumb\",\"itemListElement\":[{\"@type\":\"ListItem\",\"position\":1,\"name\":\"Home\",\"item\":\"https:\\\/\\\/bomuldsfabriken.no\\\/\"},{\"@type\":\"ListItem\",\"position\":2,\"name\":\"Skakke folkedrakter: 25. jan.\u201323. mar.\"}]},{\"@type\":\"WebSite\",\"@id\":\"https:\\\/\\\/bomuldsfabriken.no\\\/#website\",\"url\":\"https:\\\/\\\/bomuldsfabriken.no\\\/\",\"name\":\"Bomuldsfabriken\",\"description\":\"Kunsthallen i Arendal \u2013 Bomuldsfabriken\",\"publisher\":{\"@id\":\"https:\\\/\\\/bomuldsfabriken.no\\\/#organization\"},\"potentialAction\":[{\"@type\":\"SearchAction\",\"target\":{\"@type\":\"EntryPoint\",\"urlTemplate\":\"https:\\\/\\\/bomuldsfabriken.no\\\/?s={search_term_string}\"},\"query-input\":{\"@type\":\"PropertyValueSpecification\",\"valueRequired\":true,\"valueName\":\"search_term_string\"}}],\"inLanguage\":\"en-GB\"},{\"@type\":\"Organization\",\"@id\":\"https:\\\/\\\/bomuldsfabriken.no\\\/#organization\",\"name\":\"Bomuldsfabriken\",\"url\":\"https:\\\/\\\/bomuldsfabriken.no\\\/\",\"logo\":{\"@type\":\"ImageObject\",\"inLanguage\":\"en-GB\",\"@id\":\"https:\\\/\\\/bomuldsfabriken.no\\\/#\\\/schema\\\/logo\\\/image\\\/\",\"url\":\"https:\\\/\\\/bomuldsfabriken.no\\\/wp-content\\\/uploads\\\/2025\\\/06\\\/bomlog.svg\",\"contentUrl\":\"https:\\\/\\\/bomuldsfabriken.no\\\/wp-content\\\/uploads\\\/2025\\\/06\\\/bomlog.svg\",\"caption\":\"Bomuldsfabriken\"},\"image\":{\"@id\":\"https:\\\/\\\/bomuldsfabriken.no\\\/#\\\/schema\\\/logo\\\/image\\\/\"},\"sameAs\":[\"https:\\\/\\\/www.facebook.com\\\/Bomuldsfabriken\\\/\",\"https:\\\/\\\/x.com\\\/bomuldsfabriken\",\"https:\\\/\\\/www.instagram.com\\\/bomuldsfabriken\"]}]}<\/script>\n<!-- \/ Yoast SEO plugin. -->","yoast_head_json":{"title":"Skakke folkedrakter: 25. jan.\u201323. mar. - Bomuldsfabriken","robots":{"index":"index","follow":"follow","max-snippet":"max-snippet:-1","max-image-preview":"max-image-preview:large","max-video-preview":"max-video-preview:-1"},"canonical":"https:\/\/bomuldsfabriken.no\/en\/utstilling\/skakke-folkedrakter\/","og_locale":"en_GB","og_type":"article","og_title":"Skakke folkedrakter: 25. jan.\u201323. mar. - Bomuldsfabriken","og_description":"Skakke folkedrakter \u2013 ikke en draktutstilling En vandreutstilling i samarbeid med Nasjonalmuseet 25.01.25\u201323.03.25 Bomuldsfabriken Kunsthall, 1. etasje \/\/\/\/\/\/\/\/\/\/\/\/\/\/\/\/\/\/\/\/\/\/\/\/\/\/\/\/\/\/\/\/\/\/\/\/\/\/\/\/\/\/\/\/\/\/\/\/\/\/\/\/\/\/\/\/\/\/\/\/\/\/\/\/\/\/\/\/\/\/\/\/\/\/ English info I samarbeid med Nasjonalmuseet og","og_url":"https:\/\/bomuldsfabriken.no\/en\/utstilling\/skakke-folkedrakter\/","og_site_name":"Bomuldsfabriken","article_publisher":"https:\/\/www.facebook.com\/Bomuldsfabriken\/","article_modified_time":"2026-04-07T14:13:14+00:00","og_image":[{"width":2560,"height":1440,"url":"https:\/\/bomuldsfabriken.no\/wp-content\/uploads\/2025\/06\/Skakke-hjemmeside-1920x1080-px-scaled-1.jpg","type":"image\/jpeg"}],"twitter_card":"summary_large_image","twitter_site":"@bomuldsfabriken","twitter_misc":{"Estimated reading time":"1 minute"},"schema":{"@context":"https:\/\/schema.org","@graph":[{"@type":"WebPage","@id":"https:\/\/bomuldsfabriken.no\/utstilling\/skakke-folkedrakter\/","url":"https:\/\/bomuldsfabriken.no\/utstilling\/skakke-folkedrakter\/","name":"Skakke folkedrakter: 25. jan.\u201323. mar. - Bomuldsfabriken","isPartOf":{"@id":"https:\/\/bomuldsfabriken.no\/#website"},"primaryImageOfPage":{"@id":"https:\/\/bomuldsfabriken.no\/utstilling\/skakke-folkedrakter\/#primaryimage"},"image":{"@id":"https:\/\/bomuldsfabriken.no\/utstilling\/skakke-folkedrakter\/#primaryimage"},"thumbnailUrl":"https:\/\/bomuldsfabriken.no\/wp-content\/uploads\/2025\/06\/Skakke-hjemmeside-1920x1080-px-scaled-1.jpg","datePublished":"2024-12-19T09:47:17+00:00","dateModified":"2026-04-07T14:13:14+00:00","breadcrumb":{"@id":"https:\/\/bomuldsfabriken.no\/utstilling\/skakke-folkedrakter\/#breadcrumb"},"inLanguage":"en-GB","potentialAction":[{"@type":"ReadAction","target":["https:\/\/bomuldsfabriken.no\/utstilling\/skakke-folkedrakter\/"]}]},{"@type":"ImageObject","inLanguage":"en-GB","@id":"https:\/\/bomuldsfabriken.no\/utstilling\/skakke-folkedrakter\/#primaryimage","url":"https:\/\/bomuldsfabriken.no\/wp-content\/uploads\/2025\/06\/Skakke-hjemmeside-1920x1080-px-scaled-1.jpg","contentUrl":"https:\/\/bomuldsfabriken.no\/wp-content\/uploads\/2025\/06\/Skakke-hjemmeside-1920x1080-px-scaled-1.jpg","width":2560,"height":1440},{"@type":"BreadcrumbList","@id":"https:\/\/bomuldsfabriken.no\/utstilling\/skakke-folkedrakter\/#breadcrumb","itemListElement":[{"@type":"ListItem","position":1,"name":"Home","item":"https:\/\/bomuldsfabriken.no\/"},{"@type":"ListItem","position":2,"name":"Skakke folkedrakter: 25. jan.\u201323. mar."}]},{"@type":"WebSite","@id":"https:\/\/bomuldsfabriken.no\/#website","url":"https:\/\/bomuldsfabriken.no\/","name":"Bomuldsfabriken","description":"Kunsthallen i Arendal \u2013 Bomuldsfabriken","publisher":{"@id":"https:\/\/bomuldsfabriken.no\/#organization"},"potentialAction":[{"@type":"SearchAction","target":{"@type":"EntryPoint","urlTemplate":"https:\/\/bomuldsfabriken.no\/?s={search_term_string}"},"query-input":{"@type":"PropertyValueSpecification","valueRequired":true,"valueName":"search_term_string"}}],"inLanguage":"en-GB"},{"@type":"Organization","@id":"https:\/\/bomuldsfabriken.no\/#organization","name":"Bomuldsfabriken","url":"https:\/\/bomuldsfabriken.no\/","logo":{"@type":"ImageObject","inLanguage":"en-GB","@id":"https:\/\/bomuldsfabriken.no\/#\/schema\/logo\/image\/","url":"https:\/\/bomuldsfabriken.no\/wp-content\/uploads\/2025\/06\/bomlog.svg","contentUrl":"https:\/\/bomuldsfabriken.no\/wp-content\/uploads\/2025\/06\/bomlog.svg","caption":"Bomuldsfabriken"},"image":{"@id":"https:\/\/bomuldsfabriken.no\/#\/schema\/logo\/image\/"},"sameAs":["https:\/\/www.facebook.com\/Bomuldsfabriken\/","https:\/\/x.com\/bomuldsfabriken","https:\/\/www.instagram.com\/bomuldsfabriken"]}]}},"_links":{"self":[{"href":"https:\/\/bomuldsfabriken.no\/en\/wp-json\/wp\/v2\/utstilling\/460","targetHints":{"allow":["GET"]}}],"collection":[{"href":"https:\/\/bomuldsfabriken.no\/en\/wp-json\/wp\/v2\/utstilling"}],"about":[{"href":"https:\/\/bomuldsfabriken.no\/en\/wp-json\/wp\/v2\/types\/utstilling"}],"wp:featuredmedia":[{"embeddable":true,"href":"https:\/\/bomuldsfabriken.no\/en\/wp-json\/wp\/v2\/media\/79"}],"wp:attachment":[{"href":"https:\/\/bomuldsfabriken.no\/en\/wp-json\/wp\/v2\/media?parent=460"}],"wp:term":[{"taxonomy":"label","embeddable":true,"href":"https:\/\/bomuldsfabriken.no\/en\/wp-json\/wp\/v2\/label?post=460"}],"curies":[{"name":"wp","href":"https:\/\/api.w.org\/{rel}","templated":true}]}}