{"id":491,"date":"2024-03-11T13:46:37","date_gmt":"2024-03-11T13:46:37","guid":{"rendered":"http:\/\/bomuldification.test\/kunst\/utstillingsapning-tarjei-bodin-larsen-16-mars-kl-1400\/"},"modified":"2026-02-11T08:40:35","modified_gmt":"2026-02-11T08:40:35","slug":"utstillingsapning-tarjei-bodin-larsen-16-mars-kl-1400","status":"publish","type":"utstilling","link":"https:\/\/bomuldsfabriken.no\/en\/utstilling\/utstillingsapning-tarjei-bodin-larsen-16-mars-kl-1400\/","title":{"rendered":"Utstilling med Tarjei Bodin Larsen"},"content":{"rendered":"<figure class=\"wp-block-image size-large\"><img loading=\"lazy\" decoding=\"async\" width=\"1152\" height=\"720\" src=\"https:\/\/bomuldsfabriken.no\/wp-content\/uploads\/2024\/03\/Tarjei-Bodin-Larsen-BF-2024-WEB-1-1152x720.png\" alt=\"\" class=\"wp-image-4539\" srcset=\"https:\/\/bomuldsfabriken.no\/wp-content\/uploads\/2024\/03\/Tarjei-Bodin-Larsen-BF-2024-WEB-1-1152x720.png 1152w, https:\/\/bomuldsfabriken.no\/wp-content\/uploads\/2024\/03\/Tarjei-Bodin-Larsen-BF-2024-WEB-1-960x600.png 960w, https:\/\/bomuldsfabriken.no\/wp-content\/uploads\/2024\/03\/Tarjei-Bodin-Larsen-BF-2024-WEB-1-768x480.png 768w, https:\/\/bomuldsfabriken.no\/wp-content\/uploads\/2024\/03\/Tarjei-Bodin-Larsen-BF-2024-WEB-1.png 1280w\" sizes=\"auto, (max-width: 1152px) 100vw, 1152px\" \/><\/figure>\n<p>Tarjei Bodin Larsen<br \/>16.03.24 \u2013 19.05.24<br \/>Bomuldsfabriken Kunsthall, 3 etg.\u00a0<\/p>\n<p>\/\/\/\/\/\/\/\/\/\/\/\/\/\/\/\/\/\/\/\/\/\/\/\/\/\/\/\/\/\/\/\/\/\/\/\/\/\/\/\/\/\/\/\/\/\/\/\/\/\/\/\/\/\/\/\/\/\/\/\/\/\/\/\/\/\/\/\/\/\/\/\/\/\/<\/p>\n<p>\u00abI knew a wise-guy who (&#8230;) said they [Abstract Expressionists] would be good painters if they could only keep the paint as good as it is in the can. And that\u2019s what I tried to do. I tried to keep the paint as good as it was in the can.\u00bb<\/p>\n<p>\u2013 Frank Stella i et radiointervju i 1964<\/p>\n<p>I Tarjei Bodin Larsens nye arbeider har han konsentrert seg om maleriets flate, format, todimensjonale form, lerretets struktur\/arkitektur og fargens overflatekvalitet. I disse maleriene er fargen umulig \u00e5 ignorere. Sterke readymadefarger \u2013 ublandet, rett fra boksen \u2013 er skjematisk fremstilt, nesten som p\u00e5 et industrielt fargekart.<\/p>\n<p>Fargen er ikke en bakgrunnseffekt til behag som bare kan oversees. De sterke fargene blir en spr\u00e5kl\u00f8s st\u00f8rrelse som treffer deg umiddelbart p\u00e5 et f\u00f8lelsesmessig plan, som en falsk naturkraft som lyser ut fra maleriet.<\/p>\n<p>Tarjei Bodin Larsen tester og forbereder seg omstendelig, han leter etter det \u00abperfekte\u00bb og mener det ligger et potensiale i bestrebelsen etter perfeksjon. Arbeidene representerer likevel en umulig praksis, siden den menneskelig h\u00e5nd alltid f\u00f8rer med seg et rusk eller andre imperfeksjonistiske utslag. Enda mer umulig blir oppgaven fordi metoden Tarjei Bodin Larsen bruker medf\u00f8rer at det ikke finnes noen retusjeringsmuligheter. N\u00e5r teipen er tatt av, er det ingen retrett. Nettopp her ligger ogs\u00e5 spenningen.<\/p>\n<p>P\u00e5 denne m\u00e5ten \u2013 i likhet med tidligere arbeider \u2013 mener Tarjei Bodin Larsen at bildene lager seg selv ved at de i stor grad st\u00f8tter seg p\u00e5 metode, teknikk og materialene som styrende elementer, fremfor en bearbeiding av form og innhold i tradisjonell malerisk forstand. Tarjei Bodin Larsen \u00f8nsker \u00e5 stille seg som en industriell maskin mellom ideen om et perfekt maleri og den fysiske virkeligheten hvor st\u00f8v, forfall og kaos regjerer.<\/p>\n<p>Tarjei Bodin Larsen har konsekvent holdt fast ved maleriet siden akademitiden p\u00e5 1990-tallet og det finnes et flik av romantikk, i \u00e5 velge maleri som medium. Kan abstraksjon representere noe mer enn en konkret, geometrisk form i seg selv? Noe personlig, en f\u00f8lelse? Et sted?<\/p>\n<p>Utstillingen p\u00e5 Bomuldsfabriken Kunsthall best\u00e5r av to serier. Begge seriene baserer seg p\u00e5 et sterkt forenklet landscape eller seascape som Bodin Larsen har arbeidet med i de senere \u00e5rene. Verksserien i det f\u00f8rste rommet tar utgangspunkt i en premeditert mal hvor landskapet er delt av en hvit linje og danner to separate geometriske felt i stedet for et direkte m\u00f8te mellom to farger (horisontlinje). Maleriene er utf\u00f8rt p\u00e5 et n\u00e6rmest glatt polyesterlerret som fremhever kontrasten mot rullestrukturen i de uniforme fargefeltene. Motivet er ogs\u00e5 flyttet inn mot midten av formatet som kan gi et passepartoutaktig inntrykk av det omkringliggende lerretet og skaper en f\u00f8lelse av romlig perspektiv. De glatte lerretene \u00f8nsker n\u00e6rmest \u00e5 fjerne det fysiske fundamentet, som en projeksjon av farge p\u00e5 veggen. Men g\u00e5r man n\u00e6rme og ser, er fargen her absolutt fysisk virkelig med sin grove men jevne overflatestruktur.<\/p>\n<p>I verksserien i det innerste rommet m\u00f8tes to store fargefelt som gir betrakteren en f\u00f8lelse av \u00e5 v\u00e6re omsluttet av farge. Maleriene er utf\u00f8rt p\u00e5 tradisjonelt linlerret, men fargefeltene er bygget opp av lag p\u00e5 lag med gesso og farge, og er utf\u00f8rt med fin pensel for \u00e5 f\u00e5 en myk og glatt overflate. Disse flatene har ogs\u00e5 subtile spor av penselstr\u00f8k \u2013 noe som er helt nytt i Bodin Larsens praksis \u2013 og som potensielt kan lede ham inn p\u00e5 et helt nytt spor i unders\u00f8kelse av maleriets begrensninger og muligheter.<\/p>\n<p>Utstillingen har f\u00e5tt tilskudd fra Kulturdirektoratet og Billedkunstnernes Vederlagsfond.<\/p>\n<p>Bomuldsfabriken Kunsthall er en del av Kulturnettverket i Arendal kommune og mottar tilskudd fra Kultur- og likestillingsdepartementet og Agder fylkeskommune.<\/p>\n","protected":false},"featured_media":140,"template":"","meta":{"_acf_changed":true},"label":[],"class_list":["post-491","utstilling","type-utstilling","status-publish","has-post-thumbnail","hentry"],"acf":[],"yoast_head":"<!-- This site is optimized with the Yoast SEO plugin v27.5 - https:\/\/yoast.com\/product\/yoast-seo-wordpress\/ -->\n<title>Utstilling med Tarjei Bodin Larsen - Bomuldsfabriken<\/title>\n<meta name=\"robots\" content=\"index, follow, max-snippet:-1, max-image-preview:large, max-video-preview:-1\" \/>\n<link rel=\"canonical\" href=\"https:\/\/bomuldsfabriken.no\/en\/utstilling\/utstillingsapning-tarjei-bodin-larsen-16-mars-kl-1400\/\" \/>\n<meta property=\"og:locale\" content=\"en_GB\" \/>\n<meta property=\"og:type\" content=\"article\" \/>\n<meta property=\"og:title\" content=\"Utstilling med Tarjei Bodin Larsen - Bomuldsfabriken\" \/>\n<meta property=\"og:description\" content=\"Tarjei Bodin Larsen16.03.24 \u2013 19.05.24Bomuldsfabriken Kunsthall, 3 etg.\u00a0 \/\/\/\/\/\/\/\/\/\/\/\/\/\/\/\/\/\/\/\/\/\/\/\/\/\/\/\/\/\/\/\/\/\/\/\/\/\/\/\/\/\/\/\/\/\/\/\/\/\/\/\/\/\/\/\/\/\/\/\/\/\/\/\/\/\/\/\/\/\/\/\/\/\/ \u00abI knew a wise-guy who (&#8230;) said they [Abstract Expressionists] would be good painters if they\" \/>\n<meta property=\"og:url\" content=\"https:\/\/bomuldsfabriken.no\/en\/utstilling\/utstillingsapning-tarjei-bodin-larsen-16-mars-kl-1400\/\" \/>\n<meta property=\"og:site_name\" content=\"Bomuldsfabriken\" \/>\n<meta property=\"article:publisher\" content=\"https:\/\/www.facebook.com\/Bomuldsfabriken\/\" \/>\n<meta property=\"article:modified_time\" content=\"2026-02-11T08:40:35+00:00\" \/>\n<meta property=\"og:image\" content=\"https:\/\/bomuldsfabriken.no\/wp-content\/uploads\/2025\/06\/Tarjei-Bodin-Larsen-BF-2024-WEB-1.png\" \/>\n\t<meta property=\"og:image:width\" content=\"1280\" \/>\n\t<meta property=\"og:image:height\" content=\"800\" \/>\n\t<meta property=\"og:image:type\" content=\"image\/png\" \/>\n<meta name=\"twitter:card\" content=\"summary_large_image\" \/>\n<meta name=\"twitter:site\" content=\"@bomuldsfabriken\" \/>\n<meta name=\"twitter:label1\" content=\"Estimated reading time\" \/>\n\t<meta name=\"twitter:data1\" content=\"4 minutes\" \/>\n<script type=\"application\/ld+json\" class=\"yoast-schema-graph\">{\"@context\":\"https:\\\/\\\/schema.org\",\"@graph\":[{\"@type\":\"WebPage\",\"@id\":\"https:\\\/\\\/bomuldsfabriken.no\\\/utstilling\\\/utstillingsapning-tarjei-bodin-larsen-16-mars-kl-1400\\\/\",\"url\":\"https:\\\/\\\/bomuldsfabriken.no\\\/utstilling\\\/utstillingsapning-tarjei-bodin-larsen-16-mars-kl-1400\\\/\",\"name\":\"Utstilling med Tarjei Bodin Larsen - Bomuldsfabriken\",\"isPartOf\":{\"@id\":\"https:\\\/\\\/bomuldsfabriken.no\\\/#website\"},\"primaryImageOfPage\":{\"@id\":\"https:\\\/\\\/bomuldsfabriken.no\\\/utstilling\\\/utstillingsapning-tarjei-bodin-larsen-16-mars-kl-1400\\\/#primaryimage\"},\"image\":{\"@id\":\"https:\\\/\\\/bomuldsfabriken.no\\\/utstilling\\\/utstillingsapning-tarjei-bodin-larsen-16-mars-kl-1400\\\/#primaryimage\"},\"thumbnailUrl\":\"https:\\\/\\\/bomuldsfabriken.no\\\/wp-content\\\/uploads\\\/2025\\\/06\\\/Tarjei-Bodin-Larsen-BF-2024-WEB-1.png\",\"datePublished\":\"2024-03-11T13:46:37+00:00\",\"dateModified\":\"2026-02-11T08:40:35+00:00\",\"breadcrumb\":{\"@id\":\"https:\\\/\\\/bomuldsfabriken.no\\\/utstilling\\\/utstillingsapning-tarjei-bodin-larsen-16-mars-kl-1400\\\/#breadcrumb\"},\"inLanguage\":\"en-GB\",\"potentialAction\":[{\"@type\":\"ReadAction\",\"target\":[\"https:\\\/\\\/bomuldsfabriken.no\\\/utstilling\\\/utstillingsapning-tarjei-bodin-larsen-16-mars-kl-1400\\\/\"]}]},{\"@type\":\"ImageObject\",\"inLanguage\":\"en-GB\",\"@id\":\"https:\\\/\\\/bomuldsfabriken.no\\\/utstilling\\\/utstillingsapning-tarjei-bodin-larsen-16-mars-kl-1400\\\/#primaryimage\",\"url\":\"https:\\\/\\\/bomuldsfabriken.no\\\/wp-content\\\/uploads\\\/2025\\\/06\\\/Tarjei-Bodin-Larsen-BF-2024-WEB-1.png\",\"contentUrl\":\"https:\\\/\\\/bomuldsfabriken.no\\\/wp-content\\\/uploads\\\/2025\\\/06\\\/Tarjei-Bodin-Larsen-BF-2024-WEB-1.png\",\"width\":1280,\"height\":800},{\"@type\":\"BreadcrumbList\",\"@id\":\"https:\\\/\\\/bomuldsfabriken.no\\\/utstilling\\\/utstillingsapning-tarjei-bodin-larsen-16-mars-kl-1400\\\/#breadcrumb\",\"itemListElement\":[{\"@type\":\"ListItem\",\"position\":1,\"name\":\"Home\",\"item\":\"https:\\\/\\\/bomuldsfabriken.no\\\/\"},{\"@type\":\"ListItem\",\"position\":2,\"name\":\"Utstilling med Tarjei Bodin Larsen\"}]},{\"@type\":\"WebSite\",\"@id\":\"https:\\\/\\\/bomuldsfabriken.no\\\/#website\",\"url\":\"https:\\\/\\\/bomuldsfabriken.no\\\/\",\"name\":\"Bomuldsfabriken\",\"description\":\"Kunsthallen i Arendal \u2013 Bomuldsfabriken\",\"publisher\":{\"@id\":\"https:\\\/\\\/bomuldsfabriken.no\\\/#organization\"},\"potentialAction\":[{\"@type\":\"SearchAction\",\"target\":{\"@type\":\"EntryPoint\",\"urlTemplate\":\"https:\\\/\\\/bomuldsfabriken.no\\\/?s={search_term_string}\"},\"query-input\":{\"@type\":\"PropertyValueSpecification\",\"valueRequired\":true,\"valueName\":\"search_term_string\"}}],\"inLanguage\":\"en-GB\"},{\"@type\":\"Organization\",\"@id\":\"https:\\\/\\\/bomuldsfabriken.no\\\/#organization\",\"name\":\"Bomuldsfabriken\",\"url\":\"https:\\\/\\\/bomuldsfabriken.no\\\/\",\"logo\":{\"@type\":\"ImageObject\",\"inLanguage\":\"en-GB\",\"@id\":\"https:\\\/\\\/bomuldsfabriken.no\\\/#\\\/schema\\\/logo\\\/image\\\/\",\"url\":\"https:\\\/\\\/bomuldsfabriken.no\\\/wp-content\\\/uploads\\\/2025\\\/06\\\/bomlog.svg\",\"contentUrl\":\"https:\\\/\\\/bomuldsfabriken.no\\\/wp-content\\\/uploads\\\/2025\\\/06\\\/bomlog.svg\",\"caption\":\"Bomuldsfabriken\"},\"image\":{\"@id\":\"https:\\\/\\\/bomuldsfabriken.no\\\/#\\\/schema\\\/logo\\\/image\\\/\"},\"sameAs\":[\"https:\\\/\\\/www.facebook.com\\\/Bomuldsfabriken\\\/\",\"https:\\\/\\\/x.com\\\/bomuldsfabriken\",\"https:\\\/\\\/www.instagram.com\\\/bomuldsfabriken\"]}]}<\/script>\n<!-- \/ Yoast SEO plugin. -->","yoast_head_json":{"title":"Utstilling med Tarjei Bodin Larsen - Bomuldsfabriken","robots":{"index":"index","follow":"follow","max-snippet":"max-snippet:-1","max-image-preview":"max-image-preview:large","max-video-preview":"max-video-preview:-1"},"canonical":"https:\/\/bomuldsfabriken.no\/en\/utstilling\/utstillingsapning-tarjei-bodin-larsen-16-mars-kl-1400\/","og_locale":"en_GB","og_type":"article","og_title":"Utstilling med Tarjei Bodin Larsen - Bomuldsfabriken","og_description":"Tarjei Bodin Larsen16.03.24 \u2013 19.05.24Bomuldsfabriken Kunsthall, 3 etg.\u00a0 \/\/\/\/\/\/\/\/\/\/\/\/\/\/\/\/\/\/\/\/\/\/\/\/\/\/\/\/\/\/\/\/\/\/\/\/\/\/\/\/\/\/\/\/\/\/\/\/\/\/\/\/\/\/\/\/\/\/\/\/\/\/\/\/\/\/\/\/\/\/\/\/\/\/ \u00abI knew a wise-guy who (&#8230;) said they [Abstract Expressionists] would be good painters if they","og_url":"https:\/\/bomuldsfabriken.no\/en\/utstilling\/utstillingsapning-tarjei-bodin-larsen-16-mars-kl-1400\/","og_site_name":"Bomuldsfabriken","article_publisher":"https:\/\/www.facebook.com\/Bomuldsfabriken\/","article_modified_time":"2026-02-11T08:40:35+00:00","og_image":[{"width":1280,"height":800,"url":"https:\/\/bomuldsfabriken.no\/wp-content\/uploads\/2025\/06\/Tarjei-Bodin-Larsen-BF-2024-WEB-1.png","type":"image\/png"}],"twitter_card":"summary_large_image","twitter_site":"@bomuldsfabriken","twitter_misc":{"Estimated reading time":"4 minutes"},"schema":{"@context":"https:\/\/schema.org","@graph":[{"@type":"WebPage","@id":"https:\/\/bomuldsfabriken.no\/utstilling\/utstillingsapning-tarjei-bodin-larsen-16-mars-kl-1400\/","url":"https:\/\/bomuldsfabriken.no\/utstilling\/utstillingsapning-tarjei-bodin-larsen-16-mars-kl-1400\/","name":"Utstilling med Tarjei Bodin Larsen - Bomuldsfabriken","isPartOf":{"@id":"https:\/\/bomuldsfabriken.no\/#website"},"primaryImageOfPage":{"@id":"https:\/\/bomuldsfabriken.no\/utstilling\/utstillingsapning-tarjei-bodin-larsen-16-mars-kl-1400\/#primaryimage"},"image":{"@id":"https:\/\/bomuldsfabriken.no\/utstilling\/utstillingsapning-tarjei-bodin-larsen-16-mars-kl-1400\/#primaryimage"},"thumbnailUrl":"https:\/\/bomuldsfabriken.no\/wp-content\/uploads\/2025\/06\/Tarjei-Bodin-Larsen-BF-2024-WEB-1.png","datePublished":"2024-03-11T13:46:37+00:00","dateModified":"2026-02-11T08:40:35+00:00","breadcrumb":{"@id":"https:\/\/bomuldsfabriken.no\/utstilling\/utstillingsapning-tarjei-bodin-larsen-16-mars-kl-1400\/#breadcrumb"},"inLanguage":"en-GB","potentialAction":[{"@type":"ReadAction","target":["https:\/\/bomuldsfabriken.no\/utstilling\/utstillingsapning-tarjei-bodin-larsen-16-mars-kl-1400\/"]}]},{"@type":"ImageObject","inLanguage":"en-GB","@id":"https:\/\/bomuldsfabriken.no\/utstilling\/utstillingsapning-tarjei-bodin-larsen-16-mars-kl-1400\/#primaryimage","url":"https:\/\/bomuldsfabriken.no\/wp-content\/uploads\/2025\/06\/Tarjei-Bodin-Larsen-BF-2024-WEB-1.png","contentUrl":"https:\/\/bomuldsfabriken.no\/wp-content\/uploads\/2025\/06\/Tarjei-Bodin-Larsen-BF-2024-WEB-1.png","width":1280,"height":800},{"@type":"BreadcrumbList","@id":"https:\/\/bomuldsfabriken.no\/utstilling\/utstillingsapning-tarjei-bodin-larsen-16-mars-kl-1400\/#breadcrumb","itemListElement":[{"@type":"ListItem","position":1,"name":"Home","item":"https:\/\/bomuldsfabriken.no\/"},{"@type":"ListItem","position":2,"name":"Utstilling med Tarjei Bodin Larsen"}]},{"@type":"WebSite","@id":"https:\/\/bomuldsfabriken.no\/#website","url":"https:\/\/bomuldsfabriken.no\/","name":"Bomuldsfabriken","description":"Kunsthallen i Arendal \u2013 Bomuldsfabriken","publisher":{"@id":"https:\/\/bomuldsfabriken.no\/#organization"},"potentialAction":[{"@type":"SearchAction","target":{"@type":"EntryPoint","urlTemplate":"https:\/\/bomuldsfabriken.no\/?s={search_term_string}"},"query-input":{"@type":"PropertyValueSpecification","valueRequired":true,"valueName":"search_term_string"}}],"inLanguage":"en-GB"},{"@type":"Organization","@id":"https:\/\/bomuldsfabriken.no\/#organization","name":"Bomuldsfabriken","url":"https:\/\/bomuldsfabriken.no\/","logo":{"@type":"ImageObject","inLanguage":"en-GB","@id":"https:\/\/bomuldsfabriken.no\/#\/schema\/logo\/image\/","url":"https:\/\/bomuldsfabriken.no\/wp-content\/uploads\/2025\/06\/bomlog.svg","contentUrl":"https:\/\/bomuldsfabriken.no\/wp-content\/uploads\/2025\/06\/bomlog.svg","caption":"Bomuldsfabriken"},"image":{"@id":"https:\/\/bomuldsfabriken.no\/#\/schema\/logo\/image\/"},"sameAs":["https:\/\/www.facebook.com\/Bomuldsfabriken\/","https:\/\/x.com\/bomuldsfabriken","https:\/\/www.instagram.com\/bomuldsfabriken"]}]}},"_links":{"self":[{"href":"https:\/\/bomuldsfabriken.no\/en\/wp-json\/wp\/v2\/utstilling\/491","targetHints":{"allow":["GET"]}}],"collection":[{"href":"https:\/\/bomuldsfabriken.no\/en\/wp-json\/wp\/v2\/utstilling"}],"about":[{"href":"https:\/\/bomuldsfabriken.no\/en\/wp-json\/wp\/v2\/types\/utstilling"}],"wp:featuredmedia":[{"embeddable":true,"href":"https:\/\/bomuldsfabriken.no\/en\/wp-json\/wp\/v2\/media\/140"}],"wp:attachment":[{"href":"https:\/\/bomuldsfabriken.no\/en\/wp-json\/wp\/v2\/media?parent=491"}],"wp:term":[{"taxonomy":"label","embeddable":true,"href":"https:\/\/bomuldsfabriken.no\/en\/wp-json\/wp\/v2\/label?post=491"}],"curies":[{"name":"wp","href":"https:\/\/api.w.org\/{rel}","templated":true}]}}